{"id":2476,"date":"2022-06-21T11:31:49","date_gmt":"2022-06-21T11:31:49","guid":{"rendered":"https:\/\/www.missionsvalencia.eu\/cpivalencia\/?page_id=2476"},"modified":"2022-07-26T07:51:38","modified_gmt":"2022-07-26T07:51:38","slug":"challenge-8-social-implication","status":"publish","type":"page","link":"https:\/\/www.missionsvalencia.eu\/cpivalencia\/en\/challenge-8-social-implication\/","title":{"rendered":"Challenge 8: Social implication"},"content":{"rendered":"<p>[et_pb_section fb_built=\u00bb1&#8243; _builder_version=\u00bb4.16&#8243; _module_preset=\u00bbdefault\u00bb custom_padding=\u00bb32px||19px||false|false\u00bb global_colors_info=\u00bb{}\u00bb][et_pb_row _builder_version=\u00bb4.16&#8243; _module_preset=\u00bbdefault\u00bb custom_padding=\u00bb||6px|||\u00bb global_colors_info=\u00bb{}\u00bb][et_pb_column type=\u00bb4_4&#8243; _builder_version=\u00bb4.16&#8243; _module_preset=\u00bbdefault\u00bb global_colors_info=\u00bb{}\u00bb][et_pb_text _builder_version=\u00bb4.17.4&#8243; _module_preset=\u00bbdefault\u00bb header_font_size=\u00bb38px\u00bb global_colors_info=\u00bb{}\u00bb]<\/p>\n<h1>Challenge 8: Social implication<\/h1>\n<p>[\/et_pb_text][\/et_pb_column][\/et_pb_row][\/et_pb_section][et_pb_section fb_built=\u00bb1&#8243; specialty=\u00bbon\u00bb _builder_version=\u00bb4.16&#8243; _module_preset=\u00bbdefault\u00bb custom_padding=\u00bb7px||7px||true|\u00bb global_colors_info=\u00bb{}\u00bb][et_pb_column type=\u00bb1_2&#8243; specialty_columns=\u00bb2&#8243; _builder_version=\u00bb4.16&#8243; custom_padding=\u00bb|||\u00bb global_colors_info=\u00bb{}\u00bb custom_padding__hover=\u00bb|||\u00bb][et_pb_row_inner _builder_version=\u00bb4.16&#8243; _module_preset=\u00bbdefault\u00bb custom_padding=\u00bb||50px|||\u00bb global_colors_info=\u00bb{}\u00bb][et_pb_column_inner saved_specialty_column_type=\u00bb1_2&#8243; _builder_version=\u00bb4.5.7&#8243; _module_preset=\u00bbdefault\u00bb global_colors_info=\u00bb{}\u00bb][et_pb_text _builder_version=\u00bb4.17.4&#8243; _module_preset=\u00bbdefault\u00bb text_font=\u00bb|600|||||||\u00bb text_font_size=\u00bb21px\u00bb text_line_height=\u00bb1.3em\u00bb text_orientation=\u00bbjustified\u00bb text_font_size_tablet=\u00bb\u00bb text_font_size_phone=\u00bb\u00bb text_font_size_last_edited=\u00bbon|desktop\u00bb global_colors_info=\u00bb{}\u00bb]<\/p>\n<p>Maximising education, awareness, participation and involvement of the entire ecosystem of the city in the objectives of the Val\u00e8ncia 2030 Climate Mission.<\/p>\n<p>[\/et_pb_text][\/et_pb_column_inner][\/et_pb_row_inner][et_pb_row_inner column_structure=\u00bb1_2,1_2&#8243; _builder_version=\u00bb4.16&#8243; _module_preset=\u00bbdefault\u00bb custom_padding=\u00bb0px||15px|||\u00bb global_colors_info=\u00bb{}\u00bb][et_pb_column_inner type=\u00bb1_2&#8243; saved_specialty_column_type=\u00bb1_2&#8243; _builder_version=\u00bb4.5.7&#8243; _module_preset=\u00bbdefault\u00bb global_colors_info=\u00bb{}\u00bb][et_pb_button button_url=\u00bbhttps:\/\/www.missionsvalencia.eu\/cpivalencia\/wp-content\/uploads\/2022\/05\/ANEXO-I.-RETOS-CPM-08-IMPL.-SOC..pdf\u00bb url_new_window=\u00bbon\u00bb button_text=\u00bbChallenge description\u00bb button_alignment=\u00bbcenter\u00bb button_alignment_tablet=\u00bb\u00bb button_alignment_phone=\u00bb\u00bb button_alignment_last_edited=\u00bbon|desktop\u00bb _builder_version=\u00bb4.17.4&#8243; _module_preset=\u00bbdefault\u00bb custom_padding=\u00bb|60px||60px|false|true\u00bb custom_padding_tablet=\u00bb\u00bb custom_padding_phone=\u00bb\u00bb custom_padding_last_edited=\u00bbon|desktop\u00bb global_colors_info=\u00bb{}\u00bb][\/et_pb_button][\/et_pb_column_inner][et_pb_column_inner type=\u00bb1_2&#8243; saved_specialty_column_type=\u00bb1_2&#8243; _builder_version=\u00bb4.5.7&#8243; _module_preset=\u00bbdefault\u00bb global_colors_info=\u00bb{}\u00bb][et_pb_button button_url=\u00bbhttps:\/\/www.missionsvalencia.eu\/cpivalencia\/wp-content\/uploads\/2022\/06\/RETO-8-BASES-DE-LA-CONVOCATORIA-DE-CPM-IMPL.SOC_.pdf\u00bb url_new_window=\u00bbon\u00bb button_text=\u00bbBasis of the call\u00bb button_alignment=\u00bbcenter\u00bb button_text_tablet=\u00bbBasis of the call\u00bb button_text_phone=\u00bbBasis of the call\u00bb button_text_last_edited=\u00bbon|desktop\u00bb button_alignment_tablet=\u00bb\u00bb button_alignment_phone=\u00bb\u00bb button_alignment_last_edited=\u00bbon|desktop\u00bb _builder_version=\u00bb4.17.4&#8243; _module_preset=\u00bbdefault\u00bb custom_button=\u00bbon\u00bb custom_margin=\u00bb|||-25px||\u00bb custom_margin_tablet=\u00bb|||0px|false|false\u00bb custom_margin_phone=\u00bb|||0px|false|false\u00bb custom_margin_last_edited=\u00bbon|tablet\u00bb custom_padding=\u00bb|46px||46px|false|true\u00bb custom_padding_tablet=\u00bb|89px||89px|false|true\u00bb custom_padding_phone=\u00bb\u00bb custom_padding_last_edited=\u00bbon|desktop\u00bb global_colors_info=\u00bb{}\u00bb][\/et_pb_button][\/et_pb_column_inner][\/et_pb_row_inner][et_pb_row_inner _builder_version=\u00bb4.17.4&#8243; _module_preset=\u00bbdefault\u00bb custom_padding=\u00bb2px|||||\u00bb global_colors_info=\u00bb{}\u00bb][et_pb_column_inner saved_specialty_column_type=\u00bb1_2&#8243; _builder_version=\u00bb4.17.4&#8243; _module_preset=\u00bbdefault\u00bb global_colors_info=\u00bb{}\u00bb][et_pb_button button_url=\u00bbhttps:\/\/www.missionsvalencia.eu\/cpivalencia\/en\/preliminary-market-consultation-on-ideas-for-innovative-solutions\/\u00bb url_new_window=\u00bbon\u00bb button_text=\u00bbSuggest an idea for a solution\u00bb button_alignment=\u00bbcenter\u00bb button_alignment_tablet=\u00bb\u00bb button_alignment_phone=\u00bb\u00bb button_alignment_last_edited=\u00bbon|desktop\u00bb module_class=\u00bbboton_formulario_cpi\u00bb _builder_version=\u00bb4.17.4&#8243; _module_preset=\u00bbdefault\u00bb custom_button=\u00bbon\u00bb custom_padding=\u00bb|122px||122px|false|true\u00bb custom_padding_tablet=\u00bb\u00bb custom_padding_phone=\u00bb|65px||65px|false|true\u00bb custom_padding_last_edited=\u00bbon|desktop\u00bb hover_enabled=\u00bb0&#8243; global_colors_info=\u00bb{}\u00bb sticky_enabled=\u00bb0&#8243;][\/et_pb_button][\/et_pb_column_inner][\/et_pb_row_inner][\/et_pb_column][et_pb_column type=\u00bb1_2&#8243; _builder_version=\u00bb4.16&#8243; custom_padding=\u00bb|||\u00bb global_colors_info=\u00bb{}\u00bb custom_padding__hover=\u00bb|||\u00bb][et_pb_image src=\u00bbhttps:\/\/www.missionsvalencia.eu\/cpivalencia\/wp-content\/uploads\/2022\/06\/veerle-contant-8_BxFbehdkE-unsplash.jpg\u00bb title_text=\u00bbreto-8&#8243; _builder_version=\u00bb4.17.4&#8243; _module_preset=\u00bbdefault\u00bb global_colors_info=\u00bb{}\u00bb][\/et_pb_image][\/et_pb_column][\/et_pb_section][et_pb_section fb_built=\u00bb1&#8243; custom_padding_last_edited=\u00bbon|tablet\u00bb _builder_version=\u00bb4.17.4&#8243; _module_preset=\u00bbdefault\u00bb custom_padding=\u00bb7px||76px|||\u00bb custom_padding_tablet=\u00bb45px||||false|false\u00bb custom_padding_phone=\u00bb45px||||false|false\u00bb global_colors_info=\u00bb{}\u00bb][et_pb_row _builder_version=\u00bb4.16&#8243; _module_preset=\u00bbdefault\u00bb custom_padding=\u00bb15px|||||\u00bb global_colors_info=\u00bb{}\u00bb][et_pb_column type=\u00bb4_4&#8243; _builder_version=\u00bb4.16&#8243; _module_preset=\u00bbdefault\u00bb global_colors_info=\u00bb{}\u00bb][et_pb_text _builder_version=\u00bb4.17.4&#8243; _module_preset=\u00bbdefault\u00bb custom_margin=\u00bb||31px|||\u00bb global_colors_info=\u00bb{}\u00bb]<\/p>\n<h2>Specific objectives<\/h2>\n<p>[\/et_pb_text][et_pb_text _builder_version=\u00bb4.17.4&#8243; _module_preset=\u00bbdefault\u00bb ul_line_height=\u00bb1.7em\u00bb text_orientation=\u00bbjustified\u00bb global_colors_info=\u00bb{}\u00bb]<\/p>\n<ul>\n<li>Promote climate and sustainable awareness in the population, with actions at any educational level, and in support of any of the municipal communication and information media and supports.<\/li>\n<li>Facilitate and promote the consumption of local and Km0 products. In the case of agricultural products, with a particular focus on the production of the market garden of Valencia.<\/li>\n<li>Stimulate the transformation of the personal mobility model towards active mobility, increasing the use of public transport and shared mobility.<\/li>\n<li>Stimulate the planning of personal mobility and logistic services in order to achieve a decongestion of public roads during peak demand.<\/li>\n<li>Support smart energy management strategies and reduction of energy consumption at household and commercial level.<\/li>\n<li>Explore the potential of green energy digital token generation and trading systems as a way to stimulate the participation of citizens, communities and businesses in the generation mix.<\/li>\n<li>Support the deployment of energy communities.<\/li>\n<li>Actively monitor and manage indicators associated with personal and business carbon footprints.<\/li>\n<li>Maximise the application of the waste hierarchy concept in the City, promoting the prevention of waste generation, encouraging reuse, strengthening recycling and favouring its traceability.<\/li>\n<li>Encourage responsible consumption, including both information tools on the characteristics of products and services, as well as models to promote their use by companies and citizens.<\/li>\n<li>Encourage the deployment of private green roofs, walls and balconies.<br \/>Support personal response strategies to extreme weather events (heat waves, heavy rains).<\/li>\n<li>Encourage the successful and continuous use of gamification models that stimulate a sustainable personal lifestyle and a strengthening of the productive fabric towards sustainability.<\/li>\n<li>Explore new forms of citizen participation in support of the city&#8217;s climate mission.<\/li>\n<li>In general, to promote education, awareness, participation and involvement of citizens, public and private entities and civil society in the achievement of the systemic transformation of the City of Valencia according to the objectives of the Climate Mission Val\u00e8ncia 2030.<\/li>\n<\/ul>\n<p>[\/et_pb_text][\/et_pb_column][\/et_pb_row][\/et_pb_section]<\/p>\n","protected":false},"excerpt":{"rendered":"<p>Challenge 8: Social implicationMaximising education, awareness, participation and involvement of the entire ecosystem of the city in the objectives of the Val\u00e8ncia 2030 Climate Mission.Specific objectives Promote climate and sustainable awareness in the population, with actions at any educational level, and in support of any of the municipal communication and information media and supports. Facilitate [&hellip;]<\/p>\n","protected":false},"author":1,"featured_media":0,"parent":0,"menu_order":0,"comment_status":"closed","ping_status":"closed","template":"","meta":{"_et_pb_use_builder":"on","_et_pb_old_content":"","_et_gb_content_width":"","inline_featured_image":false},"yoast_head":"<!-- This site is optimized with the Yoast SEO plugin v19.3 - https:\/\/yoast.com\/wordpress\/plugins\/seo\/ -->\n<title>Challenge 8: Social implication - CPI Val&egrave;ncia<\/title>\n<meta name=\"robots\" content=\"index, follow, max-snippet:-1, max-image-preview:large, max-video-preview:-1\" \/>\n<link rel=\"canonical\" href=\"https:\/\/www.missionsvalencia.eu\/cpivalencia\/en\/challenge-8-social-implication\/\" \/>\n<meta property=\"og:locale\" content=\"es_ES\" \/>\n<meta property=\"og:type\" content=\"article\" \/>\n<meta property=\"og:title\" content=\"Challenge 8: Social implication - CPI Val&egrave;ncia\" \/>\n<meta property=\"og:description\" content=\"Challenge 8: Social implicationMaximising education, awareness, participation and involvement of the entire ecosystem of the city in the objectives of the Val\u00e8ncia 2030 Climate Mission.Specific objectives Promote climate and sustainable awareness in the population, with actions at any educational level, and in support of any of the municipal communication and information media and supports. Facilitate [&hellip;]\" \/>\n<meta property=\"og:url\" content=\"https:\/\/www.missionsvalencia.eu\/cpivalencia\/en\/challenge-8-social-implication\/\" \/>\n<meta property=\"og:site_name\" content=\"CPI Val&egrave;ncia\" \/>\n<meta property=\"article:publisher\" content=\"https:\/\/www.facebook.com\/LasNavesINN\" \/>\n<meta property=\"article:modified_time\" content=\"2022-07-26T07:51:38+00:00\" \/>\n<meta property=\"og:image\" content=\"https:\/\/www.missionsvalencia.eu\/cpivalencia\/wp-content\/uploads\/2021\/08\/CPI_vlc_logo_color.png\" \/>\n\t<meta property=\"og:image:width\" content=\"842\" \/>\n\t<meta property=\"og:image:height\" content=\"596\" \/>\n\t<meta property=\"og:image:type\" content=\"image\/png\" \/>\n<meta name=\"twitter:card\" content=\"summary_large_image\" \/>\n<meta name=\"twitter:site\" content=\"@lasnavesINN\" \/>\n<meta name=\"twitter:label1\" content=\"Tiempo de lectura\" \/>\n\t<meta name=\"twitter:data1\" content=\"3 minutos\" \/>\n<script type=\"application\/ld+json\" class=\"yoast-schema-graph\">{\"@context\":\"https:\/\/schema.org\",\"@graph\":[{\"@type\":\"Organization\",\"@id\":\"https:\/\/www.missionsvalencia.eu\/cpivalencia\/#organization\",\"name\":\"COMPRA P\u00daBLICA DE INNOVACI\u00d3N - CPI Val\u00e8ncia\",\"url\":\"https:\/\/www.missionsvalencia.eu\/cpivalencia\/\",\"sameAs\":[\"https:\/\/www.instagram.com\/LASNAVES\/\",\"https:\/\/www.facebook.com\/LasNavesINN\",\"https:\/\/twitter.com\/lasnavesINN\"],\"logo\":{\"@type\":\"ImageObject\",\"inLanguage\":\"es\",\"@id\":\"https:\/\/www.missionsvalencia.eu\/cpivalencia\/#\/schema\/logo\/image\/\",\"url\":\"https:\/\/www.missionsvalencia.eu\/cpivalencia\/wp-content\/uploads\/2021\/07\/CPI_vlc_logo_color.png\",\"contentUrl\":\"https:\/\/www.missionsvalencia.eu\/cpivalencia\/wp-content\/uploads\/2021\/07\/CPI_vlc_logo_color.png\",\"width\":842,\"height\":596,\"caption\":\"COMPRA P\u00daBLICA DE INNOVACI\u00d3N - CPI Val\u00e8ncia\"},\"image\":{\"@id\":\"https:\/\/www.missionsvalencia.eu\/cpivalencia\/#\/schema\/logo\/image\/\"}},{\"@type\":\"WebSite\",\"@id\":\"https:\/\/www.missionsvalencia.eu\/cpivalencia\/#website\",\"url\":\"https:\/\/www.missionsvalencia.eu\/cpivalencia\/\",\"name\":\"CPI Val&egrave;ncia\",\"description\":\"Compra P&uacute;blica de Innovaci&oacute;n dirigida a Val&egrave;ncia, una herramienta de innovaci&oacute;n.\",\"publisher\":{\"@id\":\"https:\/\/www.missionsvalencia.eu\/cpivalencia\/#organization\"},\"potentialAction\":[{\"@type\":\"SearchAction\",\"target\":{\"@type\":\"EntryPoint\",\"urlTemplate\":\"https:\/\/www.missionsvalencia.eu\/cpivalencia\/?s={search_term_string}\"},\"query-input\":\"required name=search_term_string\"}],\"inLanguage\":\"es\"},{\"@type\":\"WebPage\",\"@id\":\"https:\/\/www.missionsvalencia.eu\/cpivalencia\/en\/challenge-8-social-implication\/\",\"url\":\"https:\/\/www.missionsvalencia.eu\/cpivalencia\/en\/challenge-8-social-implication\/\",\"name\":\"Challenge 8: Social implication - CPI Val&egrave;ncia\",\"isPartOf\":{\"@id\":\"https:\/\/www.missionsvalencia.eu\/cpivalencia\/#website\"},\"datePublished\":\"2022-06-21T11:31:49+00:00\",\"dateModified\":\"2022-07-26T07:51:38+00:00\",\"breadcrumb\":{\"@id\":\"https:\/\/www.missionsvalencia.eu\/cpivalencia\/en\/challenge-8-social-implication\/#breadcrumb\"},\"inLanguage\":\"es\",\"potentialAction\":[{\"@type\":\"ReadAction\",\"target\":[\"https:\/\/www.missionsvalencia.eu\/cpivalencia\/en\/challenge-8-social-implication\/\"]}]},{\"@type\":\"BreadcrumbList\",\"@id\":\"https:\/\/www.missionsvalencia.eu\/cpivalencia\/en\/challenge-8-social-implication\/#breadcrumb\",\"itemListElement\":[{\"@type\":\"ListItem\",\"position\":1,\"name\":\"Portada\",\"item\":\"https:\/\/www.missionsvalencia.eu\/cpivalencia\/\"},{\"@type\":\"ListItem\",\"position\":2,\"name\":\"Challenge 8: Social implication\"}]}]}<\/script>\n<!-- \/ Yoast SEO plugin. -->","yoast_head_json":{"title":"Challenge 8: Social implication - CPI Val&egrave;ncia","robots":{"index":"index","follow":"follow","max-snippet":"max-snippet:-1","max-image-preview":"max-image-preview:large","max-video-preview":"max-video-preview:-1"},"canonical":"https:\/\/www.missionsvalencia.eu\/cpivalencia\/en\/challenge-8-social-implication\/","og_locale":"es_ES","og_type":"article","og_title":"Challenge 8: Social implication - CPI Val&egrave;ncia","og_description":"Challenge 8: Social implicationMaximising education, awareness, participation and involvement of the entire ecosystem of the city in the objectives of the Val\u00e8ncia 2030 Climate Mission.Specific objectives Promote climate and sustainable awareness in the population, with actions at any educational level, and in support of any of the municipal communication and information media and supports. Facilitate [&hellip;]","og_url":"https:\/\/www.missionsvalencia.eu\/cpivalencia\/en\/challenge-8-social-implication\/","og_site_name":"CPI Val&egrave;ncia","article_publisher":"https:\/\/www.facebook.com\/LasNavesINN","article_modified_time":"2022-07-26T07:51:38+00:00","og_image":[{"width":842,"height":596,"url":"https:\/\/www.missionsvalencia.eu\/cpivalencia\/wp-content\/uploads\/2021\/08\/CPI_vlc_logo_color.png","type":"image\/png"}],"twitter_card":"summary_large_image","twitter_site":"@lasnavesINN","twitter_misc":{"Tiempo de lectura":"3 minutos"},"schema":{"@context":"https:\/\/schema.org","@graph":[{"@type":"Organization","@id":"https:\/\/www.missionsvalencia.eu\/cpivalencia\/#organization","name":"COMPRA P\u00daBLICA DE INNOVACI\u00d3N - CPI Val\u00e8ncia","url":"https:\/\/www.missionsvalencia.eu\/cpivalencia\/","sameAs":["https:\/\/www.instagram.com\/LASNAVES\/","https:\/\/www.facebook.com\/LasNavesINN","https:\/\/twitter.com\/lasnavesINN"],"logo":{"@type":"ImageObject","inLanguage":"es","@id":"https:\/\/www.missionsvalencia.eu\/cpivalencia\/#\/schema\/logo\/image\/","url":"https:\/\/www.missionsvalencia.eu\/cpivalencia\/wp-content\/uploads\/2021\/07\/CPI_vlc_logo_color.png","contentUrl":"https:\/\/www.missionsvalencia.eu\/cpivalencia\/wp-content\/uploads\/2021\/07\/CPI_vlc_logo_color.png","width":842,"height":596,"caption":"COMPRA P\u00daBLICA DE INNOVACI\u00d3N - CPI Val\u00e8ncia"},"image":{"@id":"https:\/\/www.missionsvalencia.eu\/cpivalencia\/#\/schema\/logo\/image\/"}},{"@type":"WebSite","@id":"https:\/\/www.missionsvalencia.eu\/cpivalencia\/#website","url":"https:\/\/www.missionsvalencia.eu\/cpivalencia\/","name":"CPI Val&egrave;ncia","description":"Compra P&uacute;blica de Innovaci&oacute;n dirigida a Val&egrave;ncia, una herramienta de innovaci&oacute;n.","publisher":{"@id":"https:\/\/www.missionsvalencia.eu\/cpivalencia\/#organization"},"potentialAction":[{"@type":"SearchAction","target":{"@type":"EntryPoint","urlTemplate":"https:\/\/www.missionsvalencia.eu\/cpivalencia\/?s={search_term_string}"},"query-input":"required name=search_term_string"}],"inLanguage":"es"},{"@type":"WebPage","@id":"https:\/\/www.missionsvalencia.eu\/cpivalencia\/en\/challenge-8-social-implication\/","url":"https:\/\/www.missionsvalencia.eu\/cpivalencia\/en\/challenge-8-social-implication\/","name":"Challenge 8: Social implication - CPI Val&egrave;ncia","isPartOf":{"@id":"https:\/\/www.missionsvalencia.eu\/cpivalencia\/#website"},"datePublished":"2022-06-21T11:31:49+00:00","dateModified":"2022-07-26T07:51:38+00:00","breadcrumb":{"@id":"https:\/\/www.missionsvalencia.eu\/cpivalencia\/en\/challenge-8-social-implication\/#breadcrumb"},"inLanguage":"es","potentialAction":[{"@type":"ReadAction","target":["https:\/\/www.missionsvalencia.eu\/cpivalencia\/en\/challenge-8-social-implication\/"]}]},{"@type":"BreadcrumbList","@id":"https:\/\/www.missionsvalencia.eu\/cpivalencia\/en\/challenge-8-social-implication\/#breadcrumb","itemListElement":[{"@type":"ListItem","position":1,"name":"Portada","item":"https:\/\/www.missionsvalencia.eu\/cpivalencia\/"},{"@type":"ListItem","position":2,"name":"Challenge 8: Social implication"}]}]}},"_links":{"self":[{"href":"https:\/\/www.missionsvalencia.eu\/cpivalencia\/wp-json\/wp\/v2\/pages\/2476"}],"collection":[{"href":"https:\/\/www.missionsvalencia.eu\/cpivalencia\/wp-json\/wp\/v2\/pages"}],"about":[{"href":"https:\/\/www.missionsvalencia.eu\/cpivalencia\/wp-json\/wp\/v2\/types\/page"}],"author":[{"embeddable":true,"href":"https:\/\/www.missionsvalencia.eu\/cpivalencia\/wp-json\/wp\/v2\/users\/1"}],"replies":[{"embeddable":true,"href":"https:\/\/www.missionsvalencia.eu\/cpivalencia\/wp-json\/wp\/v2\/comments?post=2476"}],"version-history":[{"count":7,"href":"https:\/\/www.missionsvalencia.eu\/cpivalencia\/wp-json\/wp\/v2\/pages\/2476\/revisions"}],"predecessor-version":[{"id":2631,"href":"https:\/\/www.missionsvalencia.eu\/cpivalencia\/wp-json\/wp\/v2\/pages\/2476\/revisions\/2631"}],"wp:attachment":[{"href":"https:\/\/www.missionsvalencia.eu\/cpivalencia\/wp-json\/wp\/v2\/media?parent=2476"}],"curies":[{"name":"wp","href":"https:\/\/api.w.org\/{rel}","templated":true}]}}