{"id":2439,"date":"2022-06-17T12:16:09","date_gmt":"2022-06-17T12:16:09","guid":{"rendered":"https:\/\/www.missionsvalencia.eu\/cpivalencia\/?page_id=2439"},"modified":"2023-03-03T11:58:07","modified_gmt":"2023-03-03T11:58:07","slug":"preliminary-market-consultation","status":"publish","type":"page","link":"https:\/\/www.missionsvalencia.eu\/cpivalencia\/en\/preliminary-market-consultation\/","title":{"rendered":"Preliminary Market Consultation"},"content":{"rendered":"<p>[et_pb_section fb_built=\u00bb1&#8243; _builder_version=\u00bb4.16&#8243; _module_preset=\u00bbdefault\u00bb custom_padding=\u00bb23px||14px|||\u00bb global_colors_info=\u00bb{}\u00bb][et_pb_row disabled_on=\u00bboff|off|off\u00bb _builder_version=\u00bb4.17.4&#8243; _module_preset=\u00bbdefault\u00bb hover_enabled=\u00bb0&#8243; global_colors_info=\u00bb{}\u00bb sticky_enabled=\u00bb0&#8243;][et_pb_column type=\u00bb4_4&#8243; _builder_version=\u00bb4.17.4&#8243; _module_preset=\u00bbdefault\u00bb global_colors_info=\u00bb{}\u00bb][et_pb_menu menu_id=\u00bb89&#8243; menu_style=\u00bbcentered\u00bb active_link_color=\u00bb#222222&#8243; disabled_on=\u00bbon|on|off\u00bb module_id=\u00bbmenu-cpm\u00bb _builder_version=\u00bb4.17.4&#8243; _module_preset=\u00bbdefault\u00bb menu_font=\u00bbSpace Grotesk|600|||||||\u00bb menu_text_color=\u00bb#222222&#8243; menu_font_size=\u00bb23px\u00bb custom_margin_tablet=\u00bb\u00bb custom_margin_phone=\u00bb\u00bb custom_margin_last_edited=\u00bbon|desktop\u00bb custom_padding=\u00bb||||true|false\u00bb custom_padding_tablet=\u00bb25px||25px||true|false\u00bb custom_padding_phone=\u00bb25px||25px||true|false\u00bb custom_padding_last_edited=\u00bbon|desktop\u00bb menu_font_size_tablet=\u00bb20px\u00bb menu_font_size_phone=\u00bb20px\u00bb menu_font_size_last_edited=\u00bbon|desktop\u00bb border_radii=\u00bbon|18px|18px|18px|18px\u00bb border_width_bottom=\u00bb2px\u00bb box_shadow_blur_tablet=\u00bb\u00bb box_shadow_blur_phone=\u00bb\u00bb box_shadow_blur_last_edited=\u00bbon|desktop\u00bb locked=\u00bboff\u00bb global_colors_info=\u00bb{}\u00bb menu_text_color__hover_enabled=\u00bbon|desktop\u00bb menu_text_color__hover=\u00bb#f04650&#8243;][\/et_pb_menu][\/et_pb_column][\/et_pb_row][et_pb_row _builder_version=\u00bb4.16&#8243; _module_preset=\u00bbdefault\u00bb custom_padding=\u00bb||6px|||\u00bb global_colors_info=\u00bb{}\u00bb][et_pb_column type=\u00bb4_4&#8243; _builder_version=\u00bb4.16&#8243; _module_preset=\u00bbdefault\u00bb global_colors_info=\u00bb{}\u00bb][et_pb_text _builder_version=\u00bb4.17.4&#8243; _module_preset=\u00bbdefault\u00bb header_line_height=\u00bb1.3em\u00bb global_colors_info=\u00bb{}\u00bb]<\/p>\n<h1>Preliminary Market Consultation (PMC)<br \/>oriented to the Climate Mission Val\u00e8ncia 2030<\/h1>\n<p>[\/et_pb_text][\/et_pb_column][\/et_pb_row][et_pb_row column_structure=\u00bb1_2,1_2&#8243; _builder_version=\u00bb4.16&#8243; _module_preset=\u00bbdefault\u00bb custom_padding=\u00bb39px||36px|||\u00bb global_colors_info=\u00bb{}\u00bb][et_pb_column type=\u00bb1_2&#8243; _builder_version=\u00bb4.16&#8243; _module_preset=\u00bbdefault\u00bb global_colors_info=\u00bb{}\u00bb][et_pb_text _builder_version=\u00bb4.17.4&#8243; _module_preset=\u00bbdefault\u00bb text_line_height=\u00bb1.6em\u00bb text_orientation=\u00bbjustified\u00bb global_colors_info=\u00bb{}\u00bb]<\/p>\n<p>After the elaboration and presentation of our <a href=\"https:\/\/www.missionsvalencia.eu\/cpivalencia\/en\/early-demand-map\/\" target=\"_blank\" rel=\"noopener noreferrer\"><strong>Early Demand Map<\/strong><\/a> in July 2021, the result of the collaborative work of agents from all the innovation helixes of the city and the territory, we were facing an immense challenge: how to prioritise the<strong> 54 challenges and the 305 unmet public needs<\/strong> that could be solved through CPI procedures that were incorporated into the Map?<\/p>\n<p>The answer was complex, but obvious. <strong>Linking the Public Procurement of Innovation processes<\/strong> and, therefore, this work to address the city&#8217;s challenges with the first Mission approved: the Val\u00e8ncia 2030 Climate Mission, which aims to <strong>make Val\u00e8ncia a climate-neutral city by 2030<\/strong>, and to do so by and for the citizens, within the context of the European mission of 100 European Smart and climate-neutral cities by 2030.<\/p>\n<p>[\/et_pb_text][\/et_pb_column][et_pb_column type=\u00bb1_2&#8243; _builder_version=\u00bb4.16&#8243; _module_preset=\u00bbdefault\u00bb global_colors_info=\u00bb{}\u00bb][et_pb_image src=\u00bbhttps:\/\/www.missionsvalencia.eu\/cpivalencia\/wp-content\/uploads\/2022\/06\/sebastian-klein-HHg8ZNVU2Lc-unsplash.jpg\u00bb title_text=\u00bbsebastian-klein-HHg8ZNVU2Lc-unsplash\u00bb _builder_version=\u00bb4.16&#8243; _module_preset=\u00bbdefault\u00bb custom_margin=\u00bb7px||||false|false\u00bb custom_margin_tablet=\u00bb\u00bb custom_margin_phone=\u00bb\u00bb custom_margin_last_edited=\u00bbon|desktop\u00bb global_colors_info=\u00bb{}\u00bb][\/et_pb_image][\/et_pb_column][\/et_pb_row][et_pb_row column_structure=\u00bb1_4,1_4,1_4,1_4&#8243; use_custom_gutter=\u00bbon\u00bb gutter_width=\u00bb2&#8243; custom_padding_last_edited=\u00bbon|desktop\u00bb _builder_version=\u00bb4.16&#8243; _module_preset=\u00bbdefault\u00bb custom_margin=\u00bb|||||true\u00bb custom_margin_tablet=\u00bb\u00bb custom_margin_phone=\u00bb\u00bb custom_margin_last_edited=\u00bbon|desktop\u00bb custom_padding=\u00bb15px|0px|54px|0px|false|true\u00bb custom_padding_tablet=\u00bb\u00bb custom_padding_phone=\u00bb\u00bb global_colors_info=\u00bb{}\u00bb][et_pb_column type=\u00bb1_4&#8243; _builder_version=\u00bb4.16&#8243; _module_preset=\u00bbdefault\u00bb global_colors_info=\u00bb{}\u00bb][et_pb_image src=\u00bbhttps:\/\/www.missionsvalencia.eu\/cpivalencia\/wp-content\/uploads\/2022\/06\/chris-holgersson-iQKoSI25Lws-unsplash.jpg\u00bb title_text=\u00bbchris-holgersson-iQKoSI25Lws-unsplash\u00bb _builder_version=\u00bb4.16&#8243; _module_preset=\u00bbdefault\u00bb global_colors_info=\u00bb{}\u00bb][\/et_pb_image][\/et_pb_column][et_pb_column type=\u00bb1_4&#8243; _builder_version=\u00bb4.16&#8243; _module_preset=\u00bbdefault\u00bb global_colors_info=\u00bb{}\u00bb][et_pb_image src=\u00bbhttps:\/\/www.missionsvalencia.eu\/cpivalencia\/wp-content\/uploads\/2022\/06\/william-carletti-bXOv1gh4eL8-unsplash.jpg\u00bb title_text=\u00bbwilliam-carletti-bXOv1gh4eL8-unsplash\u00bb _builder_version=\u00bb4.16&#8243; _module_preset=\u00bbdefault\u00bb custom_padding=\u00bb||2px|||\u00bb global_colors_info=\u00bb{}\u00bb][\/et_pb_image][\/et_pb_column][et_pb_column type=\u00bb1_4&#8243; _builder_version=\u00bb4.16&#8243; _module_preset=\u00bbdefault\u00bb global_colors_info=\u00bb{}\u00bb][et_pb_image src=\u00bbhttps:\/\/www.missionsvalencia.eu\/cpivalencia\/wp-content\/uploads\/2022\/06\/al-elmes-lAB14K1gEjw-unsplash.jpg\u00bb title_text=\u00bbal-elmes-lAB14K1gEjw-unsplash\u00bb _builder_version=\u00bb4.16&#8243; _module_preset=\u00bbdefault\u00bb global_colors_info=\u00bb{}\u00bb][\/et_pb_image][\/et_pb_column][et_pb_column type=\u00bb1_4&#8243; _builder_version=\u00bb4.16&#8243; _module_preset=\u00bbdefault\u00bb global_colors_info=\u00bb{}\u00bb][et_pb_image src=\u00bbhttps:\/\/www.missionsvalencia.eu\/cpivalencia\/wp-content\/uploads\/2022\/06\/jonny-james-GNSkNOjAdlg-unsplash.jpg\u00bb title_text=\u00bbjonny-james-GNSkNOjAdlg-unsplash\u00bb _builder_version=\u00bb4.16&#8243; _module_preset=\u00bbdefault\u00bb global_colors_info=\u00bb{}\u00bb][\/et_pb_image][\/et_pb_column][\/et_pb_row][et_pb_row _builder_version=\u00bb4.16&#8243; _module_preset=\u00bbdefault\u00bb custom_padding=\u00bb0px|||||\u00bb global_colors_info=\u00bb{}\u00bb][et_pb_column type=\u00bb4_4&#8243; _builder_version=\u00bb4.16&#8243; _module_preset=\u00bbdefault\u00bb global_colors_info=\u00bb{}\u00bb][et_pb_text _builder_version=\u00bb4.17.4&#8243; _module_preset=\u00bbdefault\u00bb text_line_height=\u00bb1.6em\u00bb text_orientation=\u00bbjustified\u00bb custom_margin=\u00bb-4px|||||\u00bb global_colors_info=\u00bb{}\u00bb]<\/p>\n<p>The <strong>Early Demand Map Val\u00e8ncia 2030<\/strong> has a strong relationship with the objectives pursued by the Climate Mission, as all the Visions on which the Map reflects present challenges and unmet public needs that could advance the city towards its goal of climate neutrality using Public Procurement of Innovation as a tool. This close linkage has led to the decision to use the Val\u00e8ncia 2030 Climate Mission as the main prioritisation element and guide for transforming the Val\u00e8ncia 2030 Early Demand Map in the Preliminary Market Consultation processes that will be opened.<\/p>\n<p>The 8 simultaneous Preliminary Market Consultation processes open on <strong>22 June 2022 at 10:00h<\/strong> through a public event in the <strong>Auditorium of the UPV (Universitat Polit\u00e8cnica de Val\u00e8ncia)<\/strong>, with the aim of identifying innovative lines of work to achieve climate neutrality in the city by 2030. The event will detail all the information related to each of the challenges, as well as the operational details to participate in this Preliminary Market Consultation process.<\/p>\n<p>[\/et_pb_text][\/et_pb_column][\/et_pb_row][et_pb_row _builder_version=\u00bb4.17.4&#8243; _module_preset=\u00bbdefault\u00bb custom_padding=\u00bb9px||65px|||\u00bb global_colors_info=\u00bb{}\u00bb][et_pb_column type=\u00bb4_4&#8243; _builder_version=\u00bb4.17.4&#8243; _module_preset=\u00bbdefault\u00bb global_colors_info=\u00bb{}\u00bb][et_pb_video src=\u00bbhttps:\/\/youtu.be\/RZzIIPpBoOE\u00bb _builder_version=\u00bb4.17.4&#8243; _module_preset=\u00bbdefault\u00bb width=\u00bb60%\u00bb width_tablet=\u00bb60%\u00bb width_phone=\u00bb60%\u00bb width_last_edited=\u00bbon|desktop\u00bb module_alignment=\u00bbcenter\u00bb module_alignment_tablet=\u00bbcenter\u00bb module_alignment_phone=\u00bbcenter\u00bb module_alignment_last_edited=\u00bbon|desktop\u00bb global_colors_info=\u00bb{}\u00bb][\/et_pb_video][\/et_pb_column][\/et_pb_row][et_pb_row custom_padding_last_edited=\u00bbon|desktop\u00bb _builder_version=\u00bb4.16&#8243; _module_preset=\u00bbdefault\u00bb custom_padding=\u00bb4px||4px||true|false\u00bb custom_padding_tablet=\u00bb\u00bb custom_padding_phone=\u00bb\u00bb global_colors_info=\u00bb{}\u00bb][et_pb_column type=\u00bb4_4&#8243; _builder_version=\u00bb4.16&#8243; _module_preset=\u00bbdefault\u00bb global_colors_info=\u00bb{}\u00bb][et_pb_button button_url=\u00bb#retos\u00bb button_text=\u00bbGet to know the challenges of the Val\u00e8ncia 2030 Climate Mission!\u00bb button_alignment=\u00bbcenter\u00bb disabled_on=\u00bboff|off|off\u00bb module_class=\u00bbopen-toggle\u00bb _builder_version=\u00bb4.17.4&#8243; _module_preset=\u00bbdefault\u00bb custom_button=\u00bbon\u00bb button_text_size=\u00bb30px\u00bb button_text_color=\u00bb#ffffff\u00bb button_bg_color=\u00bb#0ab446&#8243; button_text_size_tablet=\u00bb20px\u00bb button_text_size_phone=\u00bb21px\u00bb button_text_size_last_edited=\u00bbon|tablet\u00bb global_colors_info=\u00bb{}\u00bb button_bg_color__hover_enabled=\u00bbon|hover\u00bb button_bg_color__hover=\u00bb#f04650&#8243; button_bg_enable_color__hover=\u00bbon\u00bb button_text_color__hover_enabled=\u00bbon|desktop\u00bb button_text_color__hover=\u00bb#ffffff\u00bb button_border_color__hover_enabled=\u00bbon|desktop\u00bb button_border_color__hover=\u00bbrgba(0,0,0,0)\u00bb][\/et_pb_button][\/et_pb_column][\/et_pb_row][et_pb_row _builder_version=\u00bb4.16&#8243; _module_preset=\u00bbdefault\u00bb custom_padding=\u00bb||18px|||\u00bb global_colors_info=\u00bb{}\u00bb][et_pb_column type=\u00bb4_4&#8243; _builder_version=\u00bb4.16&#8243; _module_preset=\u00bbdefault\u00bb global_colors_info=\u00bb{}\u00bb][et_pb_text _builder_version=\u00bb4.17.4&#8243; _module_preset=\u00bbdefault\u00bb global_colors_info=\u00bb{}\u00bb]<\/p>\n<p>The information will be updated on this website as progress is made in this procedure, covered by Article 115 of Law 9\/2017, of 8 November, on Public Sector Contracts. For any doubts regarding the overall functioning of the Preliminary Market Consultation or any technical aspect of any of the challenges, we invite you to use the <strong>online doubts form<\/strong> that we have enabled on this website. The answers to these doubts will be collected in the <strong>FAQs documents<\/strong> that you will also find on this website. Finally, we also make available to you the e-mail address <a href=\"mailto:cpi@lasnaves.com\" target=\"_blank\" rel=\"noopener noreferrer\"><strong>cpi@lasnaves.com<\/strong><\/a> for any further consideration.<\/p>\n<p>Finally, remember that you can count on the <strong>Bank of Innovative Ideas<\/strong> to contribute your innovative proposals in case they are not linked to any of the 8 challenges launched in this first Preliminary Market Consultation procedure.<\/p>\n<p>[\/et_pb_text][\/et_pb_column][\/et_pb_row][\/et_pb_section][et_pb_section fb_built=\u00bb1&#8243; module_id=\u00bbchallenges\u00bb _builder_version=\u00bb4.17.4&#8243; _module_preset=\u00bbdefault\u00bb custom_padding=\u00bb11px||17px||false|false\u00bb scroll_vertical_motion=\u00bb0|50|50|100|0.5|0|0&#8243; global_colors_info=\u00bb{}\u00bb][et_pb_row column_structure=\u00bb1_4,1_4,1_4,1_4&#8243; _builder_version=\u00bb4.17.4&#8243; _module_preset=\u00bbdefault\u00bb custom_padding=\u00bb||21px|||\u00bb scroll_vertical_motion_enable=\u00bbon\u00bb scroll_vertical_motion=\u00bb0|50|50|100|1|0|0&#8243; global_colors_info=\u00bb{}\u00bb][et_pb_column type=\u00bb1_4&#8243; _builder_version=\u00bb4.16&#8243; _module_preset=\u00bbdefault\u00bb global_colors_info=\u00bb{}\u00bb][et_pb_blurb title=\u00bbChallenge 1&#8243; url=\u00bbhttps:\/\/www.missionsvalencia.eu\/cpivalencia\/en\/challenge-1-sustainable-mobility\/\u00bb url_new_window=\u00bbon\u00bb image=\u00bbhttps:\/\/www.missionsvalencia.eu\/cpivalencia\/wp-content\/uploads\/2022\/04\/movilidad-sostenible.png\u00bb image_icon_width=\u00bb75%\u00bb _builder_version=\u00bb4.17.4&#8243; _module_preset=\u00bbdefault\u00bb header_text_align=\u00bbcenter\u00bb header_text_color=\u00bb#4eaa4a\u00bb header_line_height=\u00bb1.3em\u00bb body_font_size=\u00bb14px\u00bb body_line_height=\u00bb1.4em\u00bb text_orientation=\u00bbcenter\u00bb custom_margin=\u00bb||32px|||\u00bb image_max_width=\u00bb75%\u00bb global_colors_info=\u00bb{}\u00bb border_radii_image__hover_enabled=\u00bboff|desktop\u00bb border_radii_image__hover=\u00bbon||||\u00bb]<\/p>\n<h5>Sustainable mobility<\/h5>\n<p>[\/et_pb_blurb][et_pb_button button_url=\u00bbhttps:\/\/www.missionsvalencia.eu\/cpivalencia\/en\/challenge-1-sustainable-mobility\/\u00bb url_new_window=\u00bbon\u00bb button_text=\u00bbMore information\u00bb button_alignment=\u00bbcenter\u00bb _builder_version=\u00bb4.17.4&#8243; _module_preset=\u00bbdefault\u00bb custom_button=\u00bbon\u00bb button_text_size=\u00bb16px\u00bb button_bg_color=\u00bb#222222&#8243; button_border_width=\u00bb0px\u00bb custom_margin=\u00bb||19px|||\u00bb custom_padding=\u00bb|20px||20px|false|true\u00bb global_colors_info=\u00bb{}\u00bb button_bg_color__hover_enabled=\u00bbon|hover\u00bb button_bg_color__hover=\u00bb#0ab446&#8243; button_bg_enable_color__hover=\u00bbon\u00bb button_text_color__hover_enabled=\u00bbon|hover\u00bb button_text_color__hover=\u00bb#ffffff\u00bb][\/et_pb_button][\/et_pb_column][et_pb_column type=\u00bb1_4&#8243; _builder_version=\u00bb4.16&#8243; _module_preset=\u00bbdefault\u00bb global_colors_info=\u00bb{}\u00bb][et_pb_blurb title=\u00bbChallenge 2&#8243; url=\u00bbhttps:\/\/www.missionsvalencia.eu\/cpivalencia\/en\/challenge-2-energetic-model\/\u00bb url_new_window=\u00bbon\u00bb image=\u00bbhttps:\/\/www.missionsvalencia.eu\/cpivalencia\/wp-content\/uploads\/2022\/04\/modelo-energetico.png\u00bb image_icon_width=\u00bb75%\u00bb _builder_version=\u00bb4.17.4&#8243; _module_preset=\u00bbdefault\u00bb header_text_align=\u00bbcenter\u00bb header_text_color=\u00bb#4eaa4a\u00bb header_line_height=\u00bb1.3em\u00bb body_font_size=\u00bb14px\u00bb body_line_height=\u00bb1.4em\u00bb text_orientation=\u00bbcenter\u00bb custom_margin=\u00bb||32px|||\u00bb image_max_width=\u00bb75%\u00bb global_colors_info=\u00bb{}\u00bb border_radii_image__hover_enabled=\u00bboff|desktop\u00bb border_radii_image__hover=\u00bbon||||\u00bb]<\/p>\n<h5>Energetic model<\/h5>\n<p>[\/et_pb_blurb][et_pb_button button_url=\u00bbhttps:\/\/www.missionsvalencia.eu\/cpivalencia\/en\/challenge-2-energetic-model\/\u00bb url_new_window=\u00bbon\u00bb button_text=\u00bbMore information\u00bb button_alignment=\u00bbcenter\u00bb _builder_version=\u00bb4.17.4&#8243; _module_preset=\u00bbdefault\u00bb custom_button=\u00bbon\u00bb button_text_size=\u00bb16px\u00bb button_border_width=\u00bb0px\u00bb custom_margin=\u00bb||19px|||\u00bb custom_padding=\u00bb|20px||20px|false|true\u00bb global_colors_info=\u00bb{}\u00bb button_bg_color__hover_enabled=\u00bbon|hover\u00bb button_bg_color__hover=\u00bb#0ab446&#8243; button_bg_enable_color__hover=\u00bbon\u00bb button_text_color__hover_enabled=\u00bbon|hover\u00bb button_text_color__hover=\u00bb#ffffff\u00bb][\/et_pb_button][\/et_pb_column][et_pb_column type=\u00bb1_4&#8243; _builder_version=\u00bb4.16&#8243; _module_preset=\u00bbdefault\u00bb global_colors_info=\u00bb{}\u00bb][et_pb_blurb title=\u00bbChallenge 3&#8243; url=\u00bbhttps:\/\/www.missionsvalencia.eu\/cpivalencia\/en\/challenge-3-urbanism-and-sustainable-habitat\/\u00bb url_new_window=\u00bbon\u00bb image=\u00bbhttps:\/\/www.missionsvalencia.eu\/cpivalencia\/wp-content\/uploads\/2022\/04\/urbanismo-sostenible.png\u00bb image_icon_width=\u00bb75%\u00bb _builder_version=\u00bb4.17.4&#8243; _module_preset=\u00bbdefault\u00bb header_text_align=\u00bbcenter\u00bb header_text_color=\u00bb#4eaa4a\u00bb header_line_height=\u00bb1.3em\u00bb body_font_size=\u00bb14px\u00bb body_line_height=\u00bb1.4em\u00bb text_orientation=\u00bbcenter\u00bb custom_margin=\u00bb||-5px|||\u00bb image_max_width=\u00bb75%\u00bb global_colors_info=\u00bb{}\u00bb border_radii_image__hover_enabled=\u00bboff|desktop\u00bb border_radii_image__hover=\u00bbon||||\u00bb]<\/p>\n<h5>Urban planning and sustainable habitat<\/h5>\n<p>&nbsp;<\/p>\n<p>[\/et_pb_blurb][et_pb_button button_url=\u00bbhttps:\/\/www.missionsvalencia.eu\/cpivalencia\/en\/challenge-3-urbanism-and-sustainable-habitat\/\u00bb url_new_window=\u00bbon\u00bb button_text=\u00bbMore information\u00bb button_alignment=\u00bbcenter\u00bb _builder_version=\u00bb4.17.4&#8243; _module_preset=\u00bbdefault\u00bb custom_button=\u00bbon\u00bb button_text_size=\u00bb16px\u00bb button_border_width=\u00bb0px\u00bb custom_margin=\u00bb||19px|||\u00bb custom_margin_tablet=\u00bb17px||17px||false|false\u00bb custom_margin_phone=\u00bb\u00bb custom_margin_last_edited=\u00bbon|tablet\u00bb custom_padding=\u00bb|20px||20px|false|true\u00bb global_colors_info=\u00bb{}\u00bb button_text_color__hover_enabled=\u00bbon|hover\u00bb button_text_color__hover=\u00bb#ffffff\u00bb button_bg_color__hover_enabled=\u00bbon|hover\u00bb button_bg_color__hover=\u00bb#0ab446&#8243; button_bg_enable_color__hover=\u00bbon\u00bb][\/et_pb_button][\/et_pb_column][et_pb_column type=\u00bb1_4&#8243; _builder_version=\u00bb4.16&#8243; _module_preset=\u00bbdefault\u00bb global_colors_info=\u00bb{}\u00bb][et_pb_blurb title=\u00bbChallenge 4&#8243; url=\u00bbhttps:\/\/www.missionsvalencia.eu\/cpivalencia\/en\/challenge-4-valencian-circular-and-sustainable-economy\/\u00bb url_new_window=\u00bbon\u00bb image=\u00bbhttps:\/\/www.missionsvalencia.eu\/cpivalencia\/wp-content\/uploads\/2022\/04\/economia-circular.png\u00bb image_icon_width=\u00bb75%\u00bb _builder_version=\u00bb4.17.4&#8243; _module_preset=\u00bbdefault\u00bb header_text_align=\u00bbcenter\u00bb header_text_color=\u00bb#4eaa4a\u00bb header_line_height=\u00bb1.3em\u00bb body_font_size=\u00bb14px\u00bb body_line_height=\u00bb1.4em\u00bb text_orientation=\u00bbcenter\u00bb custom_margin=\u00bb||16px|||\u00bb image_max_width=\u00bb75%\u00bb global_colors_info=\u00bb{}\u00bb border_radii_image__hover_enabled=\u00bboff|desktop\u00bb border_radii_image__hover=\u00bbon||||\u00bb]<\/p>\n<h5>Valencian circular and sustainable economy<\/h5>\n<p>[\/et_pb_blurb][et_pb_button button_url=\u00bbhttps:\/\/www.missionsvalencia.eu\/cpivalencia\/en\/challenge-4-valencian-circular-and-sustainable-economy\/\u00bb url_new_window=\u00bbon\u00bb button_text=\u00bbMore information\u00bb button_alignment=\u00bbcenter\u00bb _builder_version=\u00bb4.17.4&#8243; _module_preset=\u00bbdefault\u00bb custom_button=\u00bbon\u00bb button_text_size=\u00bb16px\u00bb button_border_width=\u00bb0px\u00bb custom_margin=\u00bb||19px|||\u00bb custom_padding=\u00bb|20px||20px|false|true\u00bb global_colors_info=\u00bb{}\u00bb button_text_color__hover_enabled=\u00bbon|hover\u00bb button_text_color__hover=\u00bb#ffffff\u00bb button_bg_color__hover_enabled=\u00bbon|hover\u00bb button_bg_color__hover=\u00bb#0ab446&#8243; button_bg_enable_color__hover=\u00bbon\u00bb][\/et_pb_button][\/et_pb_column][\/et_pb_row][et_pb_row column_structure=\u00bb1_4,1_4,1_4,1_4&#8243; custom_padding_last_edited=\u00bbon|phone\u00bb _builder_version=\u00bb4.16&#8243; _module_preset=\u00bbdefault\u00bb custom_padding=\u00bb||42px|||\u00bb custom_padding_tablet=\u00bb\u00bb custom_padding_phone=\u00bb||0px||false|false\u00bb scroll_vertical_motion_enable=\u00bbon\u00bb scroll_vertical_motion=\u00bb0|50|50|100|1|0|0&#8243; global_colors_info=\u00bb{}\u00bb][et_pb_column type=\u00bb1_4&#8243; _builder_version=\u00bb4.16&#8243; _module_preset=\u00bbdefault\u00bb global_colors_info=\u00bb{}\u00bb][et_pb_blurb title=\u00bbChallenge 5&#8243; url=\u00bbhttps:\/\/www.missionsvalencia.eu\/cpivalencia\/en\/challenge-5-renaturalisation\/\u00bb url_new_window=\u00bbon\u00bb image=\u00bbhttps:\/\/www.missionsvalencia.eu\/cpivalencia\/wp-content\/uploads\/2022\/04\/Imagen-cpivlc5.png\u00bb image_icon_width=\u00bb75%\u00bb _builder_version=\u00bb4.17.4&#8243; _module_preset=\u00bbdefault\u00bb header_text_align=\u00bbcenter\u00bb header_text_color=\u00bb#4eaa4a\u00bb header_line_height=\u00bb1.3em\u00bb body_font_size=\u00bb14px\u00bb body_line_height=\u00bb1.4em\u00bb text_orientation=\u00bbcenter\u00bb custom_margin=\u00bb||32px|||\u00bb image_max_width=\u00bb75%\u00bb global_colors_info=\u00bb{}\u00bb border_radii_image__hover_enabled=\u00bboff|desktop\u00bb border_radii_image__hover=\u00bbon||||\u00bb]<\/p>\n<h5>Renaturalisation<\/h5>\n<p>[\/et_pb_blurb][et_pb_button button_url=\u00bbhttps:\/\/www.missionsvalencia.eu\/cpivalencia\/en\/challenge-5-renaturalisation\/\u00bb url_new_window=\u00bbon\u00bb button_text=\u00bbMore information\u00bb button_alignment=\u00bbcenter\u00bb _builder_version=\u00bb4.17.4&#8243; _module_preset=\u00bbdefault\u00bb custom_button=\u00bbon\u00bb button_text_size=\u00bb16px\u00bb button_border_width=\u00bb0px\u00bb custom_margin=\u00bb||19px|||\u00bb custom_padding=\u00bb|20px||20px|false|true\u00bb global_colors_info=\u00bb{}\u00bb button_bg_color__hover_enabled=\u00bbon|hover\u00bb button_bg_color__hover=\u00bb#0ab446&#8243; button_bg_enable_color__hover=\u00bbon\u00bb button_text_color__hover_enabled=\u00bbon|hover\u00bb button_text_color__hover=\u00bb#ffffff\u00bb][\/et_pb_button][\/et_pb_column][et_pb_column type=\u00bb1_4&#8243; _builder_version=\u00bb4.16&#8243; _module_preset=\u00bbdefault\u00bb global_colors_info=\u00bb{}\u00bb][et_pb_blurb title=\u00bbChallenge 6&#8243; url=\u00bbhttps:\/\/www.missionsvalencia.eu\/cpivalencia\/en\/challenge-6-resilience-and-adaptation\/\u00bb url_new_window=\u00bbon\u00bb image=\u00bbhttps:\/\/www.missionsvalencia.eu\/cpivalencia\/wp-content\/uploads\/2022\/04\/Imagen-cpivlc6.png\u00bb image_icon_width=\u00bb75%\u00bb _builder_version=\u00bb4.17.4&#8243; _module_preset=\u00bbdefault\u00bb header_text_align=\u00bbcenter\u00bb header_text_color=\u00bb#4eaa4a\u00bb header_line_height=\u00bb1.3em\u00bb body_font_size=\u00bb14px\u00bb body_line_height=\u00bb1.4em\u00bb text_orientation=\u00bbcenter\u00bb custom_margin=\u00bb||32px|||\u00bb image_max_width=\u00bb75%\u00bb global_colors_info=\u00bb{}\u00bb border_radii_image__hover_enabled=\u00bboff|desktop\u00bb border_radii_image__hover=\u00bbon||||\u00bb]<\/p>\n<h5>Resilience and adaptation<\/h5>\n<p>[\/et_pb_blurb][et_pb_button button_url=\u00bbhttps:\/\/www.missionsvalencia.eu\/cpivalencia\/en\/challenge-6-resilience-and-adaptation\/\u00bb url_new_window=\u00bbon\u00bb button_text=\u00bbMore information\u00bb button_alignment=\u00bbcenter\u00bb _builder_version=\u00bb4.17.4&#8243; _module_preset=\u00bbdefault\u00bb custom_button=\u00bbon\u00bb button_text_size=\u00bb16px\u00bb button_border_width=\u00bb0px\u00bb custom_margin=\u00bb||19px|||\u00bb custom_padding=\u00bb|20px||20px|false|true\u00bb global_colors_info=\u00bb{}\u00bb button_text_color__hover_enabled=\u00bbon|hover\u00bb button_text_color__hover=\u00bb#ffffff\u00bb button_bg_color__hover_enabled=\u00bbon|hover\u00bb button_bg_color__hover=\u00bb#0ab446&#8243; button_bg_enable_color__hover=\u00bbon\u00bb][\/et_pb_button][\/et_pb_column][et_pb_column type=\u00bb1_4&#8243; _builder_version=\u00bb4.16&#8243; _module_preset=\u00bbdefault\u00bb global_colors_info=\u00bb{}\u00bb][et_pb_blurb title=\u00bbChallenge 7&#8243; url=\u00bbhttps:\/\/www.missionsvalencia.eu\/cpivalencia\/en\/challenge-7-smart-governance\/\u00bb url_new_window=\u00bbon\u00bb image=\u00bbhttps:\/\/www.missionsvalencia.eu\/cpivalencia\/wp-content\/uploads\/2022\/04\/Imagen-cpivlc7.png\u00bb image_icon_width=\u00bb75%\u00bb _builder_version=\u00bb4.17.4&#8243; _module_preset=\u00bbdefault\u00bb header_text_align=\u00bbcenter\u00bb header_text_color=\u00bb#4eaa4a\u00bb header_line_height=\u00bb1.3em\u00bb body_font_size=\u00bb14px\u00bb body_line_height=\u00bb1.4em\u00bb text_orientation=\u00bbcenter\u00bb custom_margin=\u00bb||32px|||\u00bb image_max_width=\u00bb75%\u00bb global_colors_info=\u00bb{}\u00bb border_radii_image__hover_enabled=\u00bboff|desktop\u00bb border_radii_image__hover=\u00bbon||||\u00bb]<\/p>\n<h5>Smart governance<\/h5>\n<p>[\/et_pb_blurb][et_pb_button button_url=\u00bbhttps:\/\/www.missionsvalencia.eu\/cpivalencia\/en\/challenge-7-smart-governance\/\u00bb url_new_window=\u00bbon\u00bb button_text=\u00bbMore information\u00bb button_alignment=\u00bbcenter\u00bb _builder_version=\u00bb4.17.4&#8243; _module_preset=\u00bbdefault\u00bb custom_button=\u00bbon\u00bb button_text_size=\u00bb16px\u00bb button_border_width=\u00bb0px\u00bb custom_margin=\u00bb||19px|||\u00bb custom_padding=\u00bb|20px||20px|false|true\u00bb global_colors_info=\u00bb{}\u00bb button_bg_color__hover_enabled=\u00bbon|hover\u00bb button_bg_color__hover=\u00bb#0ab446&#8243; button_bg_enable_color__hover=\u00bbon\u00bb button_text_color__hover_enabled=\u00bbon|hover\u00bb button_text_color__hover=\u00bb#ffffff\u00bb][\/et_pb_button][\/et_pb_column][et_pb_column type=\u00bb1_4&#8243; _builder_version=\u00bb4.16&#8243; _module_preset=\u00bbdefault\u00bb global_colors_info=\u00bb{}\u00bb][et_pb_blurb title=\u00bbChallenge 8&#8243; url=\u00bbhttps:\/\/www.missionsvalencia.eu\/cpivalencia\/en\/challenge-8-social-implication\/\u00bb url_new_window=\u00bbon\u00bb image=\u00bbhttps:\/\/www.missionsvalencia.eu\/cpivalencia\/wp-content\/uploads\/2022\/04\/Imagen-cpivlc8.png\u00bb image_icon_width=\u00bb75%\u00bb _builder_version=\u00bb4.17.4&#8243; _module_preset=\u00bbdefault\u00bb header_text_align=\u00bbcenter\u00bb header_text_color=\u00bb#4eaa4a\u00bb header_line_height=\u00bb1.3em\u00bb body_font_size=\u00bb14px\u00bb body_line_height=\u00bb1.4em\u00bb text_orientation=\u00bbcenter\u00bb custom_margin=\u00bb||32px|||\u00bb image_max_width=\u00bb75%\u00bb global_colors_info=\u00bb{}\u00bb border_radii_image__hover_enabled=\u00bboff|desktop\u00bb border_radii_image__hover=\u00bbon||||\u00bb]<\/p>\n<h5>Social implication<\/h5>\n<p>[\/et_pb_blurb][et_pb_button button_url=\u00bbhttps:\/\/www.missionsvalencia.eu\/cpivalencia\/en\/challenge-8-social-implication\/\u00bb url_new_window=\u00bbon\u00bb button_text=\u00bbMore information\u00bb button_alignment=\u00bbcenter\u00bb _builder_version=\u00bb4.17.4&#8243; _module_preset=\u00bbdefault\u00bb custom_button=\u00bbon\u00bb button_text_size=\u00bb16px\u00bb button_border_width=\u00bb0px\u00bb custom_margin=\u00bb||19px|||\u00bb custom_padding=\u00bb|20px||20px|false|true\u00bb global_colors_info=\u00bb{}\u00bb button_text_color__hover_enabled=\u00bbon|hover\u00bb button_text_color__hover=\u00bb#ffffff\u00bb button_bg_color__hover_enabled=\u00bbon|hover\u00bb button_bg_color__hover=\u00bb#0ab446&#8243; button_bg_enable_color__hover=\u00bbon\u00bb][\/et_pb_button][\/et_pb_column][\/et_pb_row][et_pb_row column_structure=\u00bb1_2,1_2&#8243; _builder_version=\u00bb4.16&#8243; _module_preset=\u00bbdefault\u00bb global_colors_info=\u00bb{}\u00bb][et_pb_column type=\u00bb1_2&#8243; _builder_version=\u00bb4.16&#8243; _module_preset=\u00bbdefault\u00bb global_colors_info=\u00bb{}\u00bb][et_pb_button button_url=\u00bbhttps:\/\/www.missionsvalencia.eu\/cpivalencia\/en\/preliminary-market-consultation-query-form\/\u00bb url_new_window=\u00bbon\u00bb button_text=\u00bbClear up your doubts\u00bb button_alignment=\u00bbcenter\u00bb button_alignment_tablet=\u00bb\u00bb button_alignment_phone=\u00bb\u00bb button_alignment_last_edited=\u00bbon|phone\u00bb _builder_version=\u00bb4.17.4&#8243; _module_preset=\u00bbdefault\u00bb custom_button=\u00bbon\u00bb button_text_size=\u00bb30px\u00bb button_text_color=\u00bb#ffffff\u00bb button_bg_color=\u00bb#3c6ee6&#8243; button_border_width=\u00bb0px\u00bb button_use_icon=\u00bboff\u00bb custom_margin=\u00bb|59px|||false|false\u00bb custom_margin_tablet=\u00bb|0px|||false|false\u00bb custom_margin_phone=\u00bb|-4px|||false|false\u00bb custom_margin_last_edited=\u00bbon|desktop\u00bb custom_padding=\u00bb|74px||74px|false|true\u00bb custom_padding_tablet=\u00bb|74px||74px|false|true\u00bb custom_padding_phone=\u00bb|74px||74px|false|true\u00bb custom_padding_last_edited=\u00bbon|desktop\u00bb button_text_size_tablet=\u00bb\u00bb button_text_size_phone=\u00bb25px\u00bb button_text_size_last_edited=\u00bbon|desktop\u00bb global_colors_info=\u00bb{}\u00bb button_bg_color__hover_enabled=\u00bbon|hover\u00bb button_bg_color__hover=\u00bb#4e7be5&#8243; button_bg_enable_color__hover=\u00bbon\u00bb button_letter_spacing__hover_enabled=\u00bbon|hover\u00bb button_letter_spacing__hover=\u00bb1px\u00bb button_text_size__hover_enabled=\u00bbon|desktop\u00bb button_text_size__hover=\u00bb30px\u00bb][\/et_pb_button][\/et_pb_column][et_pb_column type=\u00bb1_2&#8243; _builder_version=\u00bb4.16&#8243; _module_preset=\u00bbdefault\u00bb global_colors_info=\u00bb{}\u00bb][et_pb_button button_url=\u00bbhttps:\/\/www.missionsvalencia.eu\/cpivalencia\/wp-content\/uploads\/2022\/07\/DOCUMENTO-PREGUNTAS-FRECUENTES-FAQS-VALENCIA-es-en_gb-R-C.pdf\u00bb url_new_window=\u00bbon\u00bb button_text=\u00bbFAQs\u00bb button_alignment=\u00bbcenter\u00bb button_alignment_tablet=\u00bbcenter\u00bb button_alignment_phone=\u00bbcenter\u00bb button_alignment_last_edited=\u00bbon|phone\u00bb _builder_version=\u00bb4.17.4&#8243; _module_preset=\u00bbdefault\u00bb custom_button=\u00bbon\u00bb button_text_size=\u00bb30px\u00bb button_text_color=\u00bb#ffffff\u00bb button_bg_color=\u00bb#f04650&#8243; button_border_width=\u00bb0px\u00bb button_use_icon=\u00bboff\u00bb custom_margin=\u00bb|||-80px|false|false\u00bb custom_margin_tablet=\u00bb|||0px|false|false\u00bb custom_margin_phone=\u00bb|||0px|false|false\u00bb custom_margin_last_edited=\u00bbon|desktop\u00bb custom_padding=\u00bb|120px||120px|false|true\u00bb custom_padding_tablet=\u00bb|149px||149px|false|true\u00bb custom_padding_phone=\u00bb\u00bb custom_padding_last_edited=\u00bbon|tablet\u00bb button_text_size_tablet=\u00bb\u00bb button_text_size_phone=\u00bb25px\u00bb button_text_size_last_edited=\u00bbon|phone\u00bb global_colors_info=\u00bb{}\u00bb button_bg_color__hover_enabled=\u00bbon|hover\u00bb button_bg_color__hover=\u00bb#ef5d67&#8243; button_bg_enable_color__hover=\u00bbon\u00bb button_letter_spacing__hover_enabled=\u00bbon|hover\u00bb button_letter_spacing__hover=\u00bb1px\u00bb][\/et_pb_button][\/et_pb_column][\/et_pb_row][\/et_pb_section][et_pb_section fb_built=\u00bb1&#8243; module_id=\u00bbpresentation\u00bb _builder_version=\u00bb4.17.4&#8243; _module_preset=\u00bbdefault\u00bb custom_padding=\u00bb17px||11px|||\u00bb global_colors_info=\u00bb{}\u00bb][et_pb_row _builder_version=\u00bb4.17.4&#8243; _module_preset=\u00bbdefault\u00bb custom_padding=\u00bb4px||28px|||\u00bb global_colors_info=\u00bb{}\u00bb][et_pb_column type=\u00bb4_4&#8243; _builder_version=\u00bb4.17.4&#8243; _module_preset=\u00bbdefault\u00bb global_colors_info=\u00bb{}\u00bb][et_pb_text _builder_version=\u00bb4.17.4&#8243; _module_preset=\u00bbdefault\u00bb global_colors_info=\u00bb{}\u00bb]<\/p>\n<h2>Presentation of the challenges of urban transformation of Valencia City Council[\/et_pb_text][\/et_pb_column][\/et_pb_row][et_pb_row _builder_version=\u00bb4.17.4&#8243; _module_preset=\u00bbdefault\u00bb custom_padding=\u00bb5px|||||\u00bb global_colors_info=\u00bb{}\u00bb][et_pb_column type=\u00bb4_4&#8243; _builder_version=\u00bb4.17.4&#8243; _module_preset=\u00bbdefault\u00bb global_colors_info=\u00bb{}\u00bb][et_pb_video src=\u00bbhttps:\/\/youtu.be\/TdJn8UApmJw\u00bb _builder_version=\u00bb4.17.4&#8243; _module_preset=\u00bbdefault\u00bb global_colors_info=\u00bb{}\u00bb][\/et_pb_video][\/et_pb_column][\/et_pb_row][\/et_pb_section][et_pb_section fb_built=\u00bb1&#8243; _builder_version=\u00bb4.17.4&#8243; _module_preset=\u00bbdefault\u00bb custom_padding=\u00bb6px||32px|||\u00bb global_colors_info=\u00bb{}\u00bb][et_pb_row _builder_version=\u00bb4.17.4&#8243; _module_preset=\u00bbdefault\u00bb custom_padding=\u00bb29px||27px|||\u00bb global_colors_info=\u00bb{}\u00bb][et_pb_column type=\u00bb4_4&#8243; _builder_version=\u00bb4.17.4&#8243; _module_preset=\u00bbdefault\u00bb global_colors_info=\u00bb{}\u00bb][et_pb_text _builder_version=\u00bb4.17.4&#8243; _module_preset=\u00bbdefault\u00bb global_colors_info=\u00bb{}\u00bb]<\/p>\n<h3>Clipping of the event&#8217;s coverage[\/et_pb_text][\/et_pb_column][\/et_pb_row][et_pb_row column_structure=\u00bb1_2,1_2&#8243; _builder_version=\u00bb4.17.4&#8243; _module_preset=\u00bbdefault\u00bb custom_padding=\u00bb6px|||||\u00bb global_colors_info=\u00bb{}\u00bb][et_pb_column type=\u00bb1_2&#8243; _builder_version=\u00bb4.17.4&#8243; _module_preset=\u00bbdefault\u00bb global_colors_info=\u00bb{}\u00bb][et_pb_text _builder_version=\u00bb4.17.4&#8243; _module_preset=\u00bbdefault\u00bb global_colors_info=\u00bb{}\u00bb]\u00b7 <a href=\"https:\/\/eur02.safelinks.protection.outlook.com\/?url=https%3A%2F%2Fvalenciaplaza.com%2Fvalencia-destinara-12-millones-compra-publica-innovacion-orientada-mision-climatica&amp;data=05%7C01%7Calejandra.garcia%40idom.com%7Cc06968a9e4114a62eb5708da5a8326ad%7Cb853f9774183428f855cffe7328b6f13%7C0%7C0%7C637921816607200895%7CUnknown%7CTWFpbGZsb3d8eyJWIjoiMC4wLjAwMDAiLCJQIjoiV2luMzIiLCJBTiI6Ik1haWwiLCJXVCI6Mn0%3D%7C3000%7C%7C%7C&amp;sdata=jEHez1lqLj3pWbtTUSX56s%2Bl7%2FDGrwY5oKOdwpeJRNU%3D&amp;reserved=0\">Valencia destinar\u00e1 12 millones en Compra P\u00fablica de Innovaci\u00f3n orientada a la Misi\u00f3n Clim\u00e1tica<\/a> (Valencia Plaza)<\/p>\n<p>\u00b7 <a href=\"https:\/\/eur02.safelinks.protection.outlook.com\/?url=https%3A%2F%2Fwww.valenciaextra.com%2Finnovacio%2Fvalencia-destinara-12-milions-euros-en-compra-publica-innovacio-orientada-missio-climatica_512240_102.html&amp;data=05%7C01%7Calejandra.garcia%40idom.com%7Cc06968a9e4114a62eb5708da5a8326ad%7Cb853f9774183428f855cffe7328b6f13%7C0%7C0%7C637921816607200895%7CUnknown%7CTWFpbGZsb3d8eyJWIjoiMC4wLjAwMDAiLCJQIjoiV2luMzIiLCJBTiI6Ik1haWwiLCJXVCI6Mn0%3D%7C3000%7C%7C%7C&amp;sdata=aMGHJeB24QEV1mKOFCzUZ0Vn4QDyJw1d3vp93UQzLiE%3D&amp;reserved=0\">Val\u00e8ncia destinar\u00e0 12 milions d&#8217;euros fins a 2026 en projectes de Compra P\u00fablica d&#8217;Innovaci\u00f3 orientats a la Missi\u00f3 Clim\u00e0tica Val\u00e8ncia 2030<\/a> (Val\u00e8ncia Extra)<\/p>\n<p>\u00b7 <a href=\"https:\/\/eur02.safelinks.protection.outlook.com\/?url=https%3A%2F%2Fwww.valenciaextra.com%2Fes%2Finnovacion%2Fvalencia-destinara-12-millones-euros-en-compra-publica-innovacion-orientada-mision-climatica_512240_102.html&amp;data=05%7C01%7Calejandra.garcia%40idom.com%7Cc06968a9e4114a62eb5708da5a8326ad%7Cb853f9774183428f855cffe7328b6f13%7C0%7C0%7C637921816607357129%7CUnknown%7CTWFpbGZsb3d8eyJWIjoiMC4wLjAwMDAiLCJQIjoiV2luMzIiLCJBTiI6Ik1haWwiLCJXVCI6Mn0%3D%7C3000%7C%7C%7C&amp;sdata=YWMfim08ljEZ2opmrCss5f6yxUgDA5baSyV0ao0ip%2F0%3D&amp;reserved=0\">Val\u00e8ncia destinar\u00e1 12 millones de euros hasta 2026 en proyectos de Compra P\u00fablica de Innovaci\u00f3n orientados a la Misi\u00f3n Clim\u00e1tica Val\u00e8ncia 2030<\/a> (Val\u00e8ncia Extra)<\/p>\n<p>\u00b7 <a href=\"https:\/\/eur02.safelinks.protection.outlook.com\/?url=https%3A%2F%2Fwww.elperiodic.com%2Fvalencia%2Fvalencia-destinara-millones-euros-compra-publica-innovacion-orientada-mision-climatica_833113&amp;data=05%7C01%7Calejandra.garcia%40idom.com%7Cc06968a9e4114a62eb5708da5a8326ad%7Cb853f9774183428f855cffe7328b6f13%7C0%7C0%7C637921816607357129%7CUnknown%7CTWFpbGZsb3d8eyJWIjoiMC4wLjAwMDAiLCJQIjoiV2luMzIiLCJBTiI6Ik1haWwiLCJXVCI6Mn0%3D%7C3000%7C%7C%7C&amp;sdata=QqWO1Nc%2B06TJyYCxZY3BDxyVzBLqkX2iUpZ3XPXGgBE%3D&amp;reserved=0\">Valencia destinar\u00e1 12 millones de euros en Compra P\u00fablica de Innovaci\u00f3n orientada a la Misi\u00f3n Clim\u00e1tica<\/a> (El Peri\u00f2dic)[\/et_pb_text][\/et_pb_column][et_pb_column type=\u00bb1_2&#8243; _builder_version=\u00bb4.17.4&#8243; _module_preset=\u00bbdefault\u00bb global_colors_info=\u00bb{}\u00bb][et_pb_text _builder_version=\u00bb4.17.4&#8243; _module_preset=\u00bbdefault\u00bb global_colors_info=\u00bb{}\u00bb]\u00b7 <a href=\"https:\/\/eur02.safelinks.protection.outlook.com\/?url=https%3A%2F%2Finnovacion.upv.es%2Fes%2Fla-upv-comprometida-con-la-compra-publica-de-innovacion-orientada-a-la-mision-climatica-valencia-2030%2F&amp;data=05%7C01%7Calejandra.garcia%40idom.com%7Cc06968a9e4114a62eb5708da5a8326ad%7Cb853f9774183428f855cffe7328b6f13%7C0%7C0%7C637921816607357129%7CUnknown%7CTWFpbGZsb3d8eyJWIjoiMC4wLjAwMDAiLCJQIjoiV2luMzIiLCJBTiI6Ik1haWwiLCJXVCI6Mn0%3D%7C3000%7C%7C%7C&amp;sdata=gytdA87n1Cm90UOd0Ts%2BFpuX1tvC2xRuiKoZK%2BoApgk%3D&amp;reserved=0\">La UPV comprometida con la Compra P\u00fablica de Innovaci\u00f3n orientada a la Misi\u00f3n Clim\u00e1tica Val\u00e8ncia 2030<\/a> (UPV)<\/p>\n<p>\u00b7 <a href=\"https:\/\/eur02.safelinks.protection.outlook.com\/?url=https%3A%2F%2Fwww.eysmunicipales.es%2Factualidad%2Fvalencia-destinara-12-millones-en-los-proximos-4-anos-a-proyectos-de-compra-publica-de-innovacion&amp;data=05%7C01%7Calejandra.garcia%40idom.com%7Cc06968a9e4114a62eb5708da5a8326ad%7Cb853f9774183428f855cffe7328b6f13%7C0%7C0%7C637921816607357129%7CUnknown%7CTWFpbGZsb3d8eyJWIjoiMC4wLjAwMDAiLCJQIjoiV2luMzIiLCJBTiI6Ik1haWwiLCJXVCI6Mn0%3D%7C3000%7C%7C%7C&amp;sdata=ASmrp4A%2FGSDYrm4h6oiAzvy%2F24jF6JUxYX42MN5cMLA%3D&amp;reserved=0\">Val\u00e8ncia destinar\u00e1 12 millones en los pr\u00f3ximos 4 a\u00f1os a proyectos de Compra P\u00fablica de Innovaci\u00f3n<\/a> (EyS Municipales)<\/p>\n<p>\u00b7 <a href=\"https:\/\/eur02.safelinks.protection.outlook.com\/?url=https%3A%2F%2Fceeivalencia.emprenemjunts.es%2F%3Fop%3D8%26n%3D28013&amp;data=05%7C01%7Calejandra.garcia%40idom.com%7Cc06968a9e4114a62eb5708da5a8326ad%7Cb853f9774183428f855cffe7328b6f13%7C0%7C0%7C637921816607357129%7CUnknown%7CTWFpbGZsb3d8eyJWIjoiMC4wLjAwMDAiLCJQIjoiV2luMzIiLCJBTiI6Ik1haWwiLCJXVCI6Mn0%3D%7C3000%7C%7C%7C&amp;sdata=SULLT%2BbF%2F%2BHPw7tS6S%2Fkqn9M05UofrAJA9CFri7OdEM%3D&amp;reserved=0\">Valencia destinar\u00e1 12 millones de euros en Compra P\u00fablica de Innovaci\u00f3n orientada a la Misi\u00f3n Clim\u00e1tica<\/a> (CEEI Valencia)<\/p>\n<p>\u00b7 <a href=\"https:\/\/eur02.safelinks.protection.outlook.com\/?url=http%3A%2F%2Fwww.upv.es%2Fnoticias-upv%2Fnoticia-13655-la-upv-comprom-es.html&amp;data=05%7C01%7Calejandra.garcia%40idom.com%7Cc06968a9e4114a62eb5708da5a8326ad%7Cb853f9774183428f855cffe7328b6f13%7C0%7C0%7C637921816607357129%7CUnknown%7CTWFpbGZsb3d8eyJWIjoiMC4wLjAwMDAiLCJQIjoiV2luMzIiLCJBTiI6Ik1haWwiLCJXVCI6Mn0%3D%7C3000%7C%7C%7C&amp;sdata=UyVTIttFr382TDjw25wrx39gVZWQ6XZMrlPEe%2FWdxjQ%3D&amp;reserved=0\">Misi\u00f3n Clim\u00e1tica Val\u00e8ncia 2030<\/a> (UPV)[\/et_pb_text][\/et_pb_column][\/et_pb_row][\/et_pb_section][et_pb_section fb_built=\u00bb1&#8243; disabled_on=\u00bboff|off|off\u00bb _builder_version=\u00bb4.17.4&#8243; _module_preset=\u00bbdefault\u00bb custom_padding=\u00bb27px||0px|||\u00bb top_divider_style=\u00bbcurve\u00bb top_divider_color=\u00bb#222222&#8243; top_divider_flip=\u00bbvertical|horizontal\u00bb locked=\u00bboff\u00bb global_colors_info=\u00bb{}\u00bb][\/et_pb_section][et_pb_section fb_built=\u00bb1&#8243; disabled_on=\u00bboff|off|off\u00bb module_id=\u00bbresults\u00bb _builder_version=\u00bb4.17.4&#8243; _module_preset=\u00bbdefault\u00bb custom_padding=\u00bb0px||64px|||\u00bb locked=\u00bboff\u00bb global_colors_info=\u00bb{}\u00bb][et_pb_row _builder_version=\u00bb4.16&#8243; _module_preset=\u00bbdefault\u00bb custom_padding=\u00bb||6px|||\u00bb global_colors_info=\u00bb{}\u00bb][et_pb_column type=\u00bb4_4&#8243; _builder_version=\u00bb4.16&#8243; _module_preset=\u00bbdefault\u00bb global_colors_info=\u00bb{}\u00bb][et_pb_text _builder_version=\u00bb4.17.4&#8243; _module_preset=\u00bbdefault\u00bb header_line_height=\u00bb1.3em\u00bb global_colors_info=\u00bb{}\u00bb]<\/p>\n<h1>Preliminary Market Consultation Results oriented to the Valencia 2030 Climate Mission<\/h1>\n<p>[\/et_pb_text][\/et_pb_column][\/et_pb_row][et_pb_row column_structure=\u00bb1_2,1_2&#8243; _builder_version=\u00bb4.16&#8243; _module_preset=\u00bbdefault\u00bb custom_padding=\u00bb39px||36px|||\u00bb global_colors_info=\u00bb{}\u00bb][et_pb_column type=\u00bb1_2&#8243; _builder_version=\u00bb4.16&#8243; _module_preset=\u00bbdefault\u00bb global_colors_info=\u00bb{}\u00bb][et_pb_text _builder_version=\u00bb4.17.4&#8243; _module_preset=\u00bbdefault\u00bb text_line_height=\u00bb1.6em\u00bb text_orientation=\u00bbjustified\u00bb global_colors_info=\u00bb{}\u00bb]<\/p>\n<p>After the opening in June 2022 of the 8 simultaneous processes of Preliminary Market Consultation oriented to the Val\u00e8ncia 2030 Climate Mission, for more than 6 months the Val\u00e8ncia City Council, based on the work carried out by ten Areas\/Delegations and eight public entities, has deployed an evaluation process of the 155 ideas and solutions provided by innovative agents from all over Spain, with special involvement from the Valencian innovative ecosystem.<\/p>\n<p>These results have finally been made public at the <strong>\u00abVal\u00e8ncia 2030 Climate Mission preliminary market consultation results communication event for the innovative ecosystem\u00bb<\/strong>, held on 27 January 2023 at Las Naves innovation centre.<\/p>\n<p>[\/et_pb_text][\/et_pb_column][et_pb_column type=\u00bb1_2&#8243; _builder_version=\u00bb4.16&#8243; _module_preset=\u00bbdefault\u00bb global_colors_info=\u00bb{}\u00bb][et_pb_image src=\u00bbhttps:\/\/www.missionsvalencia.eu\/cpivalencia\/wp-content\/uploads\/2023\/02\/52664578389_5a12080f99_k.jpg\u00bb title_text=\u00bb52664578389_5a12080f99_k\u00bb _builder_version=\u00bb4.17.4&#8243; _module_preset=\u00bbdefault\u00bb custom_margin=\u00bb7px||||false|false\u00bb custom_margin_tablet=\u00bb\u00bb custom_margin_phone=\u00bb\u00bb custom_margin_last_edited=\u00bbon|desktop\u00bb global_colors_info=\u00bb{}\u00bb][\/et_pb_image][\/et_pb_column][\/et_pb_row][et_pb_row column_structure=\u00bb1_4,1_4,1_4,1_4&#8243; use_custom_gutter=\u00bbon\u00bb gutter_width=\u00bb2&#8243; custom_padding_last_edited=\u00bbon|desktop\u00bb _builder_version=\u00bb4.16&#8243; _module_preset=\u00bbdefault\u00bb custom_margin=\u00bb|||||true\u00bb custom_margin_tablet=\u00bb\u00bb custom_margin_phone=\u00bb\u00bb custom_margin_last_edited=\u00bbon|desktop\u00bb custom_padding=\u00bb15px|0px|54px|0px|false|true\u00bb custom_padding_tablet=\u00bb\u00bb custom_padding_phone=\u00bb\u00bb global_colors_info=\u00bb{}\u00bb][et_pb_column type=\u00bb1_4&#8243; _builder_version=\u00bb4.16&#8243; _module_preset=\u00bbdefault\u00bb global_colors_info=\u00bb{}\u00bb][et_pb_image src=\u00bbhttps:\/\/www.missionsvalencia.eu\/cpivalencia\/wp-content\/uploads\/2023\/02\/52664728950_d98febe393_k.jpg\u00bb title_text=\u00bb52664728950_d98febe393_k\u00bb _builder_version=\u00bb4.17.4&#8243; _module_preset=\u00bbdefault\u00bb global_colors_info=\u00bb{}\u00bb][\/et_pb_image][\/et_pb_column][et_pb_column type=\u00bb1_4&#8243; _builder_version=\u00bb4.16&#8243; _module_preset=\u00bbdefault\u00bb global_colors_info=\u00bb{}\u00bb][et_pb_image src=\u00bbhttps:\/\/www.missionsvalencia.eu\/cpivalencia\/wp-content\/uploads\/2023\/02\/52664785943_c1470e41a5_k.jpg\u00bb title_text=\u00bb52664785943_c1470e41a5_k\u00bb _builder_version=\u00bb4.17.4&#8243; _module_preset=\u00bbdefault\u00bb custom_padding=\u00bb||2px|||\u00bb global_colors_info=\u00bb{}\u00bb][\/et_pb_image][\/et_pb_column][et_pb_column type=\u00bb1_4&#8243; _builder_version=\u00bb4.16&#8243; _module_preset=\u00bbdefault\u00bb global_colors_info=\u00bb{}\u00bb][et_pb_image src=\u00bbhttps:\/\/www.missionsvalencia.eu\/cpivalencia\/wp-content\/uploads\/2023\/02\/52664786253_8ca82a918c_k.jpg\u00bb title_text=\u00bb52664786253_8ca82a918c_k\u00bb _builder_version=\u00bb4.17.4&#8243; _module_preset=\u00bbdefault\u00bb global_colors_info=\u00bb{}\u00bb][\/et_pb_image][\/et_pb_column][et_pb_column type=\u00bb1_4&#8243; _builder_version=\u00bb4.16&#8243; _module_preset=\u00bbdefault\u00bb global_colors_info=\u00bb{}\u00bb][et_pb_image src=\u00bbhttps:\/\/www.missionsvalencia.eu\/cpivalencia\/wp-content\/uploads\/2023\/02\/52664582824_46fe1e7e73_k.jpg\u00bb title_text=\u00bb52664582824_46fe1e7e73_k\u00bb _builder_version=\u00bb4.17.4&#8243; _module_preset=\u00bbdefault\u00bb global_colors_info=\u00bb{}\u00bb][\/et_pb_image][\/et_pb_column][\/et_pb_row][et_pb_row _builder_version=\u00bb4.17.4&#8243; _module_preset=\u00bbdefault\u00bb custom_padding=\u00bb||69px|||\u00bb global_colors_info=\u00bb{}\u00bb][et_pb_column type=\u00bb4_4&#8243; _builder_version=\u00bb4.17.4&#8243; _module_preset=\u00bbdefault\u00bb global_colors_info=\u00bb{}\u00bb][et_pb_video src=\u00bbhttps:\/\/www.youtube.com\/watch?v=O1fNUezJRW4&#8243; _builder_version=\u00bb4.17.4&#8243; _module_preset=\u00bbdefault\u00bb global_colors_info=\u00bb{}\u00bb][\/et_pb_video][\/et_pb_column][\/et_pb_row][et_pb_row _builder_version=\u00bb4.17.4&#8243; _module_preset=\u00bbdefault\u00bb global_colors_info=\u00bb{}\u00bb][et_pb_column type=\u00bb4_4&#8243; _builder_version=\u00bb4.17.4&#8243; _module_preset=\u00bbdefault\u00bb global_colors_info=\u00bb{}\u00bb][et_pb_text _builder_version=\u00bb4.17.4&#8243; _module_preset=\u00bbdefault\u00bb global_colors_info=\u00bb{}\u00bb]<\/p>\n<p>According to the requirements of Article 115 of Law 9\/2017, of 8 November, on Public Sector Contracts, the detailed results of this process are set out in the following Report on the Conclusions of the Preliminary Market Consultation:<\/p>\n<p>[\/et_pb_text][\/et_pb_column][\/et_pb_row][et_pb_row _builder_version=\u00bb4.17.4&#8243; _module_preset=\u00bbdefault\u00bb custom_padding=\u00bb17px||17px||true|\u00bb locked=\u00bboff\u00bb global_colors_info=\u00bb{}\u00bb][et_pb_column type=\u00bb4_4&#8243; _builder_version=\u00bb4.17.4&#8243; _module_preset=\u00bbdefault\u00bb global_colors_info=\u00bb{}\u00bb][et_pb_text _builder_version=\u00bb4.17.4&#8243; _module_preset=\u00bbdefault\u00bb text_text_color=\u00bb#FFFFFF\u00bb text_font_size=\u00bb27px\u00bb background_color=\u00bb#f04650&#8243; text_orientation=\u00bbcenter\u00bb custom_margin=\u00bb|310px||310px|false|true\u00bb custom_margin_tablet=\u00bb|244px||244px|false|true\u00bb custom_margin_phone=\u00bb|244px||244px|false|true\u00bb custom_margin_last_edited=\u00bbon|desktop\u00bb custom_padding=\u00bb37px||37px||true|true\u00bb custom_padding_tablet=\u00bb45px||45px||true|true\u00bb custom_padding_phone=\u00bb45px||45px||true|true\u00bb custom_padding_last_edited=\u00bbon|desktop\u00bb link_option_url=\u00bbhttps:\/\/www.missionsvalencia.eu\/cpivalencia\/wp-content\/uploads\/2023\/02\/CPM2022VLC_InformeCierre_2023_Febrero.pdf\u00bb link_option_url_new_window=\u00bbon\u00bb text_font_size_tablet=\u00bb27px\u00bb text_font_size_phone=\u00bb27px\u00bb text_font_size_last_edited=\u00bbon|desktop\u00bb border_radii=\u00bbon|20px|20px|20px|20px\u00bb box_shadow_style=\u00bbpreset3&#8243; global_colors_info=\u00bb{}\u00bb custom_margin__hover_enabled=\u00bbon|hover\u00bb custom_margin__hover=\u00bb|302px||302px|false|true\u00bb custom_padding__hover_enabled=\u00bbon|hover\u00bb custom_padding__hover=\u00bb41px||41px||true|true\u00bb]<\/p>\n<p>Conclusions report<\/p>\n<p>[\/et_pb_text][\/et_pb_column][\/et_pb_row][et_pb_row column_structure=\u00bb1_2,1_2&#8243; _builder_version=\u00bb4.17.4&#8243; _module_preset=\u00bbdefault\u00bb custom_padding=\u00bb76px||82px|||\u00bb global_colors_info=\u00bb{}\u00bb][et_pb_column type=\u00bb1_2&#8243; _builder_version=\u00bb4.17.4&#8243; _module_preset=\u00bbdefault\u00bb global_colors_info=\u00bb{}\u00bb][dsm_perspective_image src=\u00bbhttps:\/\/www.missionsvalencia.eu\/cpivalencia\/wp-content\/uploads\/2023\/02\/Slide-mapa-imagen-scaled.jpg\u00bb title_text=\u00bbSlide mapa (imagen)\u00bb show_in_lightbox=\u00bbon\u00bb _builder_version=\u00bb4.17.4&#8243; _module_preset=\u00bbdefault\u00bb box_shadow_style=\u00bbpreset3&#8243; global_colors_info=\u00bb{}\u00bb][\/dsm_perspective_image][\/et_pb_column][et_pb_column type=\u00bb1_2&#8243; _builder_version=\u00bb4.17.4&#8243; _module_preset=\u00bbdefault\u00bb global_colors_info=\u00bb{}\u00bb][dsm_perspective_image src=\u00bbhttps:\/\/www.missionsvalencia.eu\/cpivalencia\/wp-content\/uploads\/2023\/02\/Imagen2.jpg\u00bb title_text=\u00bbImagen2&#8243; show_in_lightbox=\u00bbon\u00bb _builder_version=\u00bb4.17.4&#8243; _module_preset=\u00bbdefault\u00bb box_shadow_style=\u00bbpreset3&#8243; global_colors_info=\u00bb{}\u00bb][\/dsm_perspective_image][\/et_pb_column][\/et_pb_row][et_pb_row _builder_version=\u00bb4.17.4&#8243; _module_preset=\u00bbdefault\u00bb custom_padding=\u00bb||3px|||\u00bb global_colors_info=\u00bb{}\u00bb][et_pb_column type=\u00bb4_4&#8243; _builder_version=\u00bb4.17.4&#8243; _module_preset=\u00bbdefault\u00bb global_colors_info=\u00bb{}\u00bb][et_pb_text _builder_version=\u00bb4.17.4&#8243; _module_preset=\u00bbdefault\u00bb text_text_color=\u00bb#FFFFFF\u00bb text_font_size=\u00bb36px\u00bb background_color=\u00bb#0ab446&#8243; text_orientation=\u00bbcenter\u00bb custom_margin=\u00bb|0px||0px|false|true\u00bb custom_margin_tablet=\u00bb|203px||203px|false|true\u00bb custom_margin_phone=\u00bb|203px||203px|false|true\u00bb custom_margin_last_edited=\u00bbon|desktop\u00bb custom_padding=\u00bb31px||31px||true|false\u00bb custom_padding_tablet=\u00bb46px||46px||true|false\u00bb custom_padding_phone=\u00bb46px||46px||true|false\u00bb custom_padding_last_edited=\u00bbon|desktop\u00bb text_font_size_tablet=\u00bb36px\u00bb text_font_size_phone=\u00bb36px\u00bb text_font_size_last_edited=\u00bbon|desktop\u00bb text_orientation_tablet=\u00bbcenter\u00bb text_orientation_phone=\u00bbcenter\u00bb text_orientation_last_edited=\u00bbon|desktop\u00bb border_radii=\u00bbon|38px|38px|38px|38px\u00bb global_colors_info=\u00bb{}\u00bb]<\/p>\n<p>Get to know the results per challenge!<\/p>\n<p>[\/et_pb_text][\/et_pb_column][\/et_pb_row][et_pb_row column_structure=\u00bb1_4,1_4,1_4,1_4&#8243; module_id=\u00bbretos\u00bb _builder_version=\u00bb4.17.4&#8243; _module_preset=\u00bbdefault\u00bb custom_padding=\u00bb70px||21px|||\u00bb scroll_vertical_motion_enable=\u00bbon\u00bb scroll_vertical_motion=\u00bb0|50|50|100|1|0|0&#8243; global_colors_info=\u00bb{}\u00bb][et_pb_column type=\u00bb1_4&#8243; _builder_version=\u00bb4.16&#8243; _module_preset=\u00bbdefault\u00bb global_colors_info=\u00bb{}\u00bb][et_pb_blurb title=\u00bbChallenge 1&#8243; url=\u00bbhttps:\/\/www.missionsvalencia.eu\/cpivalencia\/en\/challenge-1-sustainable-mobility\/\u00bb url_new_window=\u00bbon\u00bb image=\u00bbhttps:\/\/www.missionsvalencia.eu\/cpivalencia\/wp-content\/uploads\/2022\/04\/movilidad-sostenible.png\u00bb image_icon_width=\u00bb75%\u00bb _builder_version=\u00bb4.17.4&#8243; _module_preset=\u00bbdefault\u00bb header_text_align=\u00bbcenter\u00bb header_text_color=\u00bb#4eaa4a\u00bb header_line_height=\u00bb1.3em\u00bb body_font_size=\u00bb14px\u00bb body_line_height=\u00bb1.4em\u00bb text_orientation=\u00bbcenter\u00bb custom_margin=\u00bb||32px|||\u00bb image_max_width=\u00bb75%\u00bb locked=\u00bboff\u00bb global_colors_info=\u00bb{}\u00bb border_radii_image__hover_enabled=\u00bboff|desktop\u00bb border_radii_image__hover=\u00bbon||||\u00bb]<\/p>\n<h5>Sustainable mobility<\/h5>\n<p>[\/et_pb_blurb][dsm_button button_one_text=\u00bbPMC results\u00bb button_one_image_popup=\u00bbon\u00bb button_one_image_src=\u00bbhttps:\/\/www.missionsvalencia.eu\/cpivalencia\/wp-content\/uploads\/2023\/02\/Analisis-Reto-1-scaled.jpg\u00bb button_alignment=\u00bbcenter\u00bb separator_gap_tablet=\u00bb\u00bb separator_gap_phone=\u00bb\u00bb separator_gap_last_edited=\u00bbon|desktop\u00bb _builder_version=\u00bb4.17.4&#8243; _module_preset=\u00bbdefault\u00bb separator_text_font_size=\u00bb10px\u00bb custom_button_one=\u00bbon\u00bb button_one_text_size=\u00bb16px\u00bb separator_text_font_size_tablet=\u00bb10px\u00bb separator_text_font_size_phone=\u00bb10px\u00bb separator_text_font_size_last_edited=\u00bbon|desktop\u00bb button_one_text_size_tablet=\u00bb16px\u00bb button_one_text_size_phone=\u00bb16px\u00bb button_one_text_size_last_edited=\u00bbon|desktop\u00bb global_colors_info=\u00bb{}\u00bb][\/dsm_button][\/et_pb_column][et_pb_column type=\u00bb1_4&#8243; _builder_version=\u00bb4.16&#8243; _module_preset=\u00bbdefault\u00bb global_colors_info=\u00bb{}\u00bb][et_pb_blurb title=\u00bbChallenge 2&#8243; url=\u00bbhttps:\/\/www.missionsvalencia.eu\/cpivalencia\/en\/challenge-2-energetic-model\/\u00bb url_new_window=\u00bbon\u00bb image=\u00bbhttps:\/\/www.missionsvalencia.eu\/cpivalencia\/wp-content\/uploads\/2022\/04\/modelo-energetico.png\u00bb image_icon_width=\u00bb75%\u00bb _builder_version=\u00bb4.17.4&#8243; _module_preset=\u00bbdefault\u00bb header_text_align=\u00bbcenter\u00bb header_text_color=\u00bb#4eaa4a\u00bb header_line_height=\u00bb1.3em\u00bb body_font_size=\u00bb14px\u00bb body_line_height=\u00bb1.4em\u00bb text_orientation=\u00bbcenter\u00bb custom_margin=\u00bb||32px|||\u00bb image_max_width=\u00bb75%\u00bb locked=\u00bboff\u00bb global_colors_info=\u00bb{}\u00bb border_radii_image__hover_enabled=\u00bboff|desktop\u00bb border_radii_image__hover=\u00bbon||||\u00bb]<\/p>\n<h5>Energetic model<\/h5>\n<p>[\/et_pb_blurb][dsm_button button_one_text=\u00bbPMC results\u00bb button_one_image_popup=\u00bbon\u00bb button_one_image_src=\u00bbhttps:\/\/www.missionsvalencia.eu\/cpivalencia\/wp-content\/uploads\/2023\/02\/Analisis-Reto-2-scaled.jpg\u00bb button_alignment=\u00bbcenter\u00bb separator_gap_tablet=\u00bb\u00bb separator_gap_phone=\u00bb\u00bb separator_gap_last_edited=\u00bbon|desktop\u00bb _builder_version=\u00bb4.17.4&#8243; _module_preset=\u00bbdefault\u00bb separator_text_font_size=\u00bb10px\u00bb custom_button_one=\u00bbon\u00bb button_one_text_size=\u00bb16px\u00bb separator_text_font_size_tablet=\u00bb10px\u00bb separator_text_font_size_phone=\u00bb10px\u00bb separator_text_font_size_last_edited=\u00bbon|desktop\u00bb button_one_text_size_tablet=\u00bb16px\u00bb button_one_text_size_phone=\u00bb16px\u00bb button_one_text_size_last_edited=\u00bbon|desktop\u00bb global_colors_info=\u00bb{}\u00bb][\/dsm_button][\/et_pb_column][et_pb_column type=\u00bb1_4&#8243; _builder_version=\u00bb4.16&#8243; _module_preset=\u00bbdefault\u00bb global_colors_info=\u00bb{}\u00bb][et_pb_blurb title=\u00bbChallenge 3&#8243; url=\u00bbhttps:\/\/www.missionsvalencia.eu\/cpivalencia\/en\/challenge-3-urbanism-and-sustainable-habitat\/\u00bb url_new_window=\u00bbon\u00bb image=\u00bbhttps:\/\/www.missionsvalencia.eu\/cpivalencia\/wp-content\/uploads\/2022\/04\/urbanismo-sostenible.png\u00bb image_icon_width=\u00bb75%\u00bb _builder_version=\u00bb4.17.4&#8243; _module_preset=\u00bbdefault\u00bb header_text_align=\u00bbcenter\u00bb header_text_color=\u00bb#4eaa4a\u00bb header_line_height=\u00bb1.3em\u00bb body_font_size=\u00bb14px\u00bb body_line_height=\u00bb1.4em\u00bb text_orientation=\u00bbcenter\u00bb custom_margin=\u00bb||-5px|||\u00bb image_max_width=\u00bb75%\u00bb locked=\u00bboff\u00bb global_colors_info=\u00bb{}\u00bb border_radii_image__hover_enabled=\u00bboff|desktop\u00bb border_radii_image__hover=\u00bbon||||\u00bb]<\/p>\n<h5>Urban planning and sustainable habitat<\/h5>\n<p>&nbsp;<\/p>\n<p>[\/et_pb_blurb][dsm_button button_one_text=\u00bbPMC results\u00bb button_one_image_popup=\u00bbon\u00bb button_one_image_src=\u00bbhttps:\/\/www.missionsvalencia.eu\/cpivalencia\/wp-content\/uploads\/2023\/02\/Analisis-Reto-3-scaled.jpg\u00bb button_alignment=\u00bbcenter\u00bb separator_gap_tablet=\u00bb\u00bb separator_gap_phone=\u00bb\u00bb separator_gap_last_edited=\u00bbon|desktop\u00bb _builder_version=\u00bb4.17.4&#8243; _module_preset=\u00bbdefault\u00bb separator_text_font_size=\u00bb10px\u00bb custom_button_one=\u00bbon\u00bb button_one_text_size=\u00bb16px\u00bb separator_text_font_size_tablet=\u00bb10px\u00bb separator_text_font_size_phone=\u00bb10px\u00bb separator_text_font_size_last_edited=\u00bbon|desktop\u00bb button_one_text_size_tablet=\u00bb16px\u00bb button_one_text_size_phone=\u00bb16px\u00bb button_one_text_size_last_edited=\u00bbon|desktop\u00bb global_colors_info=\u00bb{}\u00bb][\/dsm_button][\/et_pb_column][et_pb_column type=\u00bb1_4&#8243; _builder_version=\u00bb4.16&#8243; _module_preset=\u00bbdefault\u00bb global_colors_info=\u00bb{}\u00bb][et_pb_blurb title=\u00bbChallenge 4&#8243; url=\u00bbhttps:\/\/www.missionsvalencia.eu\/cpivalencia\/en\/challenge-4-valencian-circular-and-sustainable-economy\/\u00bb url_new_window=\u00bbon\u00bb image=\u00bbhttps:\/\/www.missionsvalencia.eu\/cpivalencia\/wp-content\/uploads\/2022\/04\/economia-circular.png\u00bb image_icon_width=\u00bb75%\u00bb _builder_version=\u00bb4.17.4&#8243; _module_preset=\u00bbdefault\u00bb header_text_align=\u00bbcenter\u00bb header_text_color=\u00bb#4eaa4a\u00bb header_line_height=\u00bb1.3em\u00bb body_font_size=\u00bb14px\u00bb body_line_height=\u00bb1.4em\u00bb text_orientation=\u00bbcenter\u00bb custom_margin=\u00bb||16px|||\u00bb image_max_width=\u00bb75%\u00bb locked=\u00bboff\u00bb global_colors_info=\u00bb{}\u00bb border_radii_image__hover_enabled=\u00bboff|desktop\u00bb border_radii_image__hover=\u00bbon||||\u00bb]<\/p>\n<h5>Valencian circular and sustainable economy<\/h5>\n<p>[\/et_pb_blurb][dsm_button button_one_text=\u00bbPMC results\u00bb button_one_image_popup=\u00bbon\u00bb button_one_image_src=\u00bbhttps:\/\/www.missionsvalencia.eu\/cpivalencia\/wp-content\/uploads\/2023\/02\/Analisis-Reto-4-scaled.jpg\u00bb button_alignment=\u00bbcenter\u00bb separator_gap_tablet=\u00bb\u00bb separator_gap_phone=\u00bb\u00bb separator_gap_last_edited=\u00bbon|desktop\u00bb _builder_version=\u00bb4.17.4&#8243; _module_preset=\u00bbdefault\u00bb separator_text_font_size=\u00bb10px\u00bb custom_button_one=\u00bbon\u00bb button_one_text_size=\u00bb16px\u00bb separator_text_font_size_tablet=\u00bb10px\u00bb separator_text_font_size_phone=\u00bb10px\u00bb separator_text_font_size_last_edited=\u00bbon|desktop\u00bb button_one_text_size_tablet=\u00bb16px\u00bb button_one_text_size_phone=\u00bb16px\u00bb button_one_text_size_last_edited=\u00bbon|desktop\u00bb global_colors_info=\u00bb{}\u00bb][\/dsm_button][\/et_pb_column][\/et_pb_row][et_pb_row column_structure=\u00bb1_4,1_4,1_4,1_4&#8243; custom_padding_last_edited=\u00bbon|phone\u00bb _builder_version=\u00bb4.16&#8243; _module_preset=\u00bbdefault\u00bb custom_padding=\u00bb||42px|||\u00bb custom_padding_tablet=\u00bb\u00bb custom_padding_phone=\u00bb||0px||false|false\u00bb scroll_vertical_motion_enable=\u00bbon\u00bb scroll_vertical_motion=\u00bb0|50|50|100|1|0|0&#8243; global_colors_info=\u00bb{}\u00bb][et_pb_column type=\u00bb1_4&#8243; _builder_version=\u00bb4.16&#8243; _module_preset=\u00bbdefault\u00bb global_colors_info=\u00bb{}\u00bb][et_pb_blurb title=\u00bbChallenge 5&#8243; url=\u00bbhttps:\/\/www.missionsvalencia.eu\/cpivalencia\/en\/challenge-5-renaturalisation\/\u00bb url_new_window=\u00bbon\u00bb image=\u00bbhttps:\/\/www.missionsvalencia.eu\/cpivalencia\/wp-content\/uploads\/2022\/04\/Imagen-cpivlc5.png\u00bb image_icon_width=\u00bb75%\u00bb _builder_version=\u00bb4.17.4&#8243; _module_preset=\u00bbdefault\u00bb header_text_align=\u00bbcenter\u00bb header_text_color=\u00bb#4eaa4a\u00bb header_line_height=\u00bb1.3em\u00bb body_font_size=\u00bb14px\u00bb body_line_height=\u00bb1.4em\u00bb text_orientation=\u00bbcenter\u00bb custom_margin=\u00bb||32px|||\u00bb image_max_width=\u00bb75%\u00bb locked=\u00bboff\u00bb global_colors_info=\u00bb{}\u00bb border_radii_image__hover_enabled=\u00bboff|desktop\u00bb border_radii_image__hover=\u00bbon||||\u00bb]<\/p>\n<h5>Renaturalisation<\/h5>\n<p>[\/et_pb_blurb][dsm_button button_one_text=\u00bbPMC results\u00bb button_one_image_popup=\u00bbon\u00bb button_one_image_src=\u00bbhttps:\/\/www.missionsvalencia.eu\/cpivalencia\/wp-content\/uploads\/2023\/02\/Analisis-Reto-5-scaled.jpg\u00bb button_alignment=\u00bbcenter\u00bb separator_gap_tablet=\u00bb\u00bb separator_gap_phone=\u00bb\u00bb separator_gap_last_edited=\u00bbon|desktop\u00bb _builder_version=\u00bb4.17.4&#8243; _module_preset=\u00bbdefault\u00bb separator_text_font_size=\u00bb10px\u00bb custom_button_one=\u00bbon\u00bb button_one_text_size=\u00bb16px\u00bb separator_text_font_size_tablet=\u00bb10px\u00bb separator_text_font_size_phone=\u00bb10px\u00bb separator_text_font_size_last_edited=\u00bbon|desktop\u00bb button_one_text_size_tablet=\u00bb16px\u00bb button_one_text_size_phone=\u00bb16px\u00bb button_one_text_size_last_edited=\u00bbon|desktop\u00bb global_colors_info=\u00bb{}\u00bb][\/dsm_button][\/et_pb_column][et_pb_column type=\u00bb1_4&#8243; _builder_version=\u00bb4.16&#8243; _module_preset=\u00bbdefault\u00bb global_colors_info=\u00bb{}\u00bb][et_pb_blurb title=\u00bbChallenge 6&#8243; url=\u00bbhttps:\/\/www.missionsvalencia.eu\/cpivalencia\/en\/challenge-6-resilience-and-adaptation\/\u00bb url_new_window=\u00bbon\u00bb image=\u00bbhttps:\/\/www.missionsvalencia.eu\/cpivalencia\/wp-content\/uploads\/2022\/04\/Imagen-cpivlc6.png\u00bb image_icon_width=\u00bb75%\u00bb _builder_version=\u00bb4.17.4&#8243; _module_preset=\u00bbdefault\u00bb header_text_align=\u00bbcenter\u00bb header_text_color=\u00bb#4eaa4a\u00bb header_line_height=\u00bb1.3em\u00bb body_font_size=\u00bb14px\u00bb body_line_height=\u00bb1.4em\u00bb text_orientation=\u00bbcenter\u00bb custom_margin=\u00bb||32px|||\u00bb image_max_width=\u00bb75%\u00bb locked=\u00bboff\u00bb global_colors_info=\u00bb{}\u00bb border_radii_image__hover_enabled=\u00bboff|desktop\u00bb border_radii_image__hover=\u00bbon||||\u00bb]<\/p>\n<h5>Resilience and adaptation<\/h5>\n<p>[\/et_pb_blurb][dsm_button button_one_text=\u00bbPMC results\u00bb button_one_image_popup=\u00bbon\u00bb button_one_image_src=\u00bbhttps:\/\/www.missionsvalencia.eu\/cpivalencia\/wp-content\/uploads\/2023\/02\/Analisis-Reto-6-scaled.jpg\u00bb button_alignment=\u00bbcenter\u00bb separator_gap_tablet=\u00bb\u00bb separator_gap_phone=\u00bb\u00bb separator_gap_last_edited=\u00bbon|desktop\u00bb _builder_version=\u00bb4.17.4&#8243; _module_preset=\u00bbdefault\u00bb separator_text_font_size=\u00bb10px\u00bb custom_button_one=\u00bbon\u00bb button_one_text_size=\u00bb16px\u00bb separator_text_font_size_tablet=\u00bb10px\u00bb separator_text_font_size_phone=\u00bb10px\u00bb separator_text_font_size_last_edited=\u00bbon|desktop\u00bb button_one_text_size_tablet=\u00bb16px\u00bb button_one_text_size_phone=\u00bb16px\u00bb button_one_text_size_last_edited=\u00bbon|desktop\u00bb global_colors_info=\u00bb{}\u00bb][\/dsm_button][\/et_pb_column][et_pb_column type=\u00bb1_4&#8243; _builder_version=\u00bb4.16&#8243; _module_preset=\u00bbdefault\u00bb global_colors_info=\u00bb{}\u00bb][et_pb_blurb title=\u00bbChallenge 7&#8243; url=\u00bbhttps:\/\/www.missionsvalencia.eu\/cpivalencia\/en\/challenge-7-smart-governance\/\u00bb url_new_window=\u00bbon\u00bb image=\u00bbhttps:\/\/www.missionsvalencia.eu\/cpivalencia\/wp-content\/uploads\/2022\/04\/Imagen-cpivlc7.png\u00bb image_icon_width=\u00bb75%\u00bb _builder_version=\u00bb4.17.4&#8243; _module_preset=\u00bbdefault\u00bb header_text_align=\u00bbcenter\u00bb header_text_color=\u00bb#4eaa4a\u00bb header_line_height=\u00bb1.3em\u00bb body_font_size=\u00bb14px\u00bb body_line_height=\u00bb1.4em\u00bb text_orientation=\u00bbcenter\u00bb custom_margin=\u00bb||32px|||\u00bb image_max_width=\u00bb75%\u00bb locked=\u00bboff\u00bb global_colors_info=\u00bb{}\u00bb border_radii_image__hover_enabled=\u00bboff|desktop\u00bb border_radii_image__hover=\u00bbon||||\u00bb]<\/p>\n<h5>Smart governance<\/h5>\n<p>[\/et_pb_blurb][dsm_button button_one_text=\u00bbPMC results\u00bb button_one_image_popup=\u00bbon\u00bb button_one_image_src=\u00bbhttps:\/\/www.missionsvalencia.eu\/cpivalencia\/wp-content\/uploads\/2023\/02\/Analisis-Reto-7-scaled.jpg\u00bb button_alignment=\u00bbcenter\u00bb separator_gap_tablet=\u00bb\u00bb separator_gap_phone=\u00bb\u00bb separator_gap_last_edited=\u00bbon|desktop\u00bb _builder_version=\u00bb4.17.4&#8243; _module_preset=\u00bbdefault\u00bb separator_text_font_size=\u00bb10px\u00bb custom_button_one=\u00bbon\u00bb button_one_text_size=\u00bb16px\u00bb separator_text_font_size_tablet=\u00bb10px\u00bb separator_text_font_size_phone=\u00bb10px\u00bb separator_text_font_size_last_edited=\u00bbon|desktop\u00bb button_one_text_size_tablet=\u00bb16px\u00bb button_one_text_size_phone=\u00bb16px\u00bb button_one_text_size_last_edited=\u00bbon|desktop\u00bb global_colors_info=\u00bb{}\u00bb][\/dsm_button][\/et_pb_column][et_pb_column type=\u00bb1_4&#8243; _builder_version=\u00bb4.16&#8243; _module_preset=\u00bbdefault\u00bb global_colors_info=\u00bb{}\u00bb][et_pb_blurb title=\u00bbChallenge 8&#8243; url=\u00bbhttps:\/\/www.missionsvalencia.eu\/cpivalencia\/en\/challenge-8-social-implication\/\u00bb url_new_window=\u00bbon\u00bb image=\u00bbhttps:\/\/www.missionsvalencia.eu\/cpivalencia\/wp-content\/uploads\/2022\/04\/Imagen-cpivlc8.png\u00bb image_icon_width=\u00bb75%\u00bb _builder_version=\u00bb4.17.4&#8243; _module_preset=\u00bbdefault\u00bb header_text_align=\u00bbcenter\u00bb header_text_color=\u00bb#4eaa4a\u00bb header_line_height=\u00bb1.3em\u00bb body_font_size=\u00bb14px\u00bb body_line_height=\u00bb1.4em\u00bb text_orientation=\u00bbcenter\u00bb custom_margin=\u00bb||32px|||\u00bb image_max_width=\u00bb75%\u00bb locked=\u00bboff\u00bb global_colors_info=\u00bb{}\u00bb border_radii_image__hover_enabled=\u00bboff|desktop\u00bb border_radii_image__hover=\u00bbon||||\u00bb]<\/p>\n<h5>Social implication<\/h5>\n<p>[\/et_pb_blurb][dsm_button button_one_text=\u00bbPMC results\u00bb button_one_image_popup=\u00bbon\u00bb button_one_image_src=\u00bbhttps:\/\/www.missionsvalencia.eu\/cpivalencia\/wp-content\/uploads\/2023\/02\/Analisis-Reto-8-scaled.jpg\u00bb button_alignment=\u00bbcenter\u00bb separator_gap_tablet=\u00bb\u00bb separator_gap_phone=\u00bb\u00bb separator_gap_last_edited=\u00bbon|desktop\u00bb _builder_version=\u00bb4.17.4&#8243; _module_preset=\u00bbdefault\u00bb separator_text_font_size=\u00bb10px\u00bb custom_button_one=\u00bbon\u00bb button_one_text_size=\u00bb16px\u00bb separator_text_font_size_tablet=\u00bb10px\u00bb separator_text_font_size_phone=\u00bb10px\u00bb separator_text_font_size_last_edited=\u00bbon|desktop\u00bb button_one_text_size_tablet=\u00bb16px\u00bb button_one_text_size_phone=\u00bb16px\u00bb button_one_text_size_last_edited=\u00bbon|desktop\u00bb global_colors_info=\u00bb{}\u00bb][\/dsm_button][\/et_pb_column][\/et_pb_row][et_pb_row _builder_version=\u00bb4.17.4&#8243; _module_preset=\u00bbdefault\u00bb custom_padding=\u00bb64px|||||\u00bb global_colors_info=\u00bb{}\u00bb][et_pb_column type=\u00bb4_4&#8243; _builder_version=\u00bb4.17.4&#8243; _module_preset=\u00bbdefault\u00bb global_colors_info=\u00bb{}\u00bb][et_pb_text _builder_version=\u00bb4.17.4&#8243; _module_preset=\u00bbdefault\u00bb global_colors_info=\u00bb{}\u00bb]<\/p>\n<h2>Clipping of the event<\/h2>\n<p>[\/et_pb_text][dsm_icon_list list_space_between=\u00bb15px\u00bb list_space_between_tablet=\u00bb15px\u00bb list_space_between_phone=\u00bb15px\u00bb list_space_between_last_edited=\u00bbon|desktop\u00bb _builder_version=\u00bb4.17.4&#8243; _module_preset=\u00bbdefault\u00bb text_font_size=\u00bb16px\u00bb text_font_size_tablet=\u00bb16px\u00bb text_font_size_phone=\u00bb16px\u00bb text_font_size_last_edited=\u00bbon|desktop\u00bb global_colors_info=\u00bb{}\u00bb icon_background_color__hover_enabled=\u00bbon|desktop\u00bb][dsm_icon_list_child text=\u00bbPresentation of the Results of the Preliminary Consultation on Public Procurement of Innovation (Las Naves) (Spanish)\u00bb font_icon=\u00bb&#xe02b;||divi||400&#8243; icon_color=\u00bb#ffffff\u00bb icon_background_color=\u00bb#222222&#8243; icon_padding=\u00bb8px\u00bb icon_font_size=\u00bb19px\u00bb url=\u00bbhttps:\/\/innovacion.upv.es\/es\/presentacion-resultados-consulta-preliminar-de-compra-publica-de-innovacion\/\u00bb url_new_window=\u00bbon\u00bb text_indent=\u00bb11px\u00bb icon_padding_tablet=\u00bb8px\u00bb icon_padding_phone=\u00bb8px\u00bb icon_padding_last_edited=\u00bbon|desktop\u00bb icon_font_size_tablet=\u00bb19px\u00bb icon_font_size_phone=\u00bb19px\u00bb icon_font_size_last_edited=\u00bbon|desktop\u00bb text_indent_tablet=\u00bb11px\u00bb text_indent_phone=\u00bb11px\u00bb text_indent_last_edited=\u00bbon|desktop\u00bb _builder_version=\u00bb4.17.4&#8243; _module_preset=\u00bbdefault\u00bb background_enable_color=\u00bboff\u00bb custom_margin=\u00bb||||false|false\u00bb custom_margin_tablet=\u00bb||||false|false\u00bb custom_margin_phone=\u00bb||||false|false\u00bb custom_margin_last_edited=\u00bbon|desktop\u00bb custom_padding=\u00bb||||false|false\u00bb custom_padding_tablet=\u00bb||||false|false\u00bb custom_padding_phone=\u00bb||||false|false\u00bb custom_padding_last_edited=\u00bbon|desktop\u00bb border_radii_icon=\u00bbon|194px|194px|194px|194px\u00bb box_shadow_style_icon=\u00bbpreset3&#8243; box_shadow_vertical_icon=\u00bb8px\u00bb box_shadow_blur_icon=\u00bb9px\u00bb box_shadow_spread_icon=\u00bb-4px\u00bb box_shadow_vertical_icon_tablet=\u00bb8px\u00bb box_shadow_vertical_icon_phone=\u00bb8px\u00bb box_shadow_vertical_icon_last_edited=\u00bbon|desktop\u00bb global_colors_info=\u00bb{}\u00bb icon_background_color__hover_enabled=\u00bbon|hover\u00bb icon_background_color__hover=\u00bb#353535&#8243;][\/dsm_icon_list_child][dsm_icon_list_child text=\u00bbVal\u00e8ncia unveils the results of the PMC and presents the 6 areas of interest for future Public Procurement of Innovation tendering processes (UPV Innovaci\u00f3n) (Spanish)\u00bb font_icon=\u00bb&#xe02b;||divi||400&#8243; icon_color=\u00bb#ffffff\u00bb icon_background_color=\u00bb#222222&#8243; icon_padding=\u00bb8px\u00bb icon_font_size=\u00bb19px\u00bb url=\u00bbhttps:\/\/www.lasnaves.com\/valencia-presenta-los-resultados-de-la-cpm-y-adelanta-los-6-ambitos-de-interes-de-los-futuros-procesos-de-licitacion-de-compra-publica-de-innovacion\/?lang=es\u00bb url_new_window=\u00bbon\u00bb text_indent=\u00bb11px\u00bb icon_padding_tablet=\u00bb8px\u00bb icon_padding_phone=\u00bb8px\u00bb icon_padding_last_edited=\u00bbon|desktop\u00bb icon_font_size_tablet=\u00bb19px\u00bb icon_font_size_phone=\u00bb19px\u00bb icon_font_size_last_edited=\u00bbon|desktop\u00bb text_indent_tablet=\u00bb11px\u00bb text_indent_phone=\u00bb11px\u00bb text_indent_last_edited=\u00bbon|desktop\u00bb _builder_version=\u00bb4.17.4&#8243; _module_preset=\u00bbdefault\u00bb background_enable_color=\u00bboff\u00bb custom_margin=\u00bb||||false|false\u00bb custom_margin_tablet=\u00bb||||false|false\u00bb custom_margin_phone=\u00bb||||false|false\u00bb custom_margin_last_edited=\u00bbon|desktop\u00bb custom_padding=\u00bb||||false|false\u00bb custom_padding_tablet=\u00bb||||false|false\u00bb custom_padding_phone=\u00bb||||false|false\u00bb custom_padding_last_edited=\u00bbon|desktop\u00bb border_radii_icon=\u00bbon|194px|194px|194px|194px\u00bb box_shadow_style_icon=\u00bbpreset3&#8243; box_shadow_vertical_icon=\u00bb8px\u00bb box_shadow_blur_icon=\u00bb9px\u00bb box_shadow_spread_icon=\u00bb-4px\u00bb box_shadow_vertical_icon_tablet=\u00bb8px\u00bb box_shadow_vertical_icon_phone=\u00bb8px\u00bb box_shadow_vertical_icon_last_edited=\u00bbon|desktop\u00bb global_colors_info=\u00bb{}\u00bb icon_background_color__hover_enabled=\u00bbon|hover\u00bb icon_background_color__hover=\u00bb#353535&#8243;][\/dsm_icon_list_child][\/dsm_icon_list][\/et_pb_column][\/et_pb_row][\/et_pb_section][et_pb_section fb_built=\u00bb1&#8243; _builder_version=\u00bb4.16&#8243; _module_preset=\u00bbdefault\u00bb background_color_gradient_direction=\u00bb113deg\u00bb background_image=\u00bbhttps:\/\/www.missionsvalencia.eu\/cpivalencia\/wp-content\/uploads\/2022\/04\/VLC-Fondo-1.svg\u00bb parallax=\u00bbon\u00bb parallax_method=\u00bboff\u00bb module_alignment=\u00bbcenter\u00bb custom_padding=\u00bb65px||65px||true|\u00bb background_last_edited=\u00bbon|phone\u00bb global_colors_info=\u00bb{}\u00bb][et_pb_row _builder_version=\u00bb4.16&#8243; _module_preset=\u00bbdefault\u00bb global_colors_info=\u00bb{}\u00bb][et_pb_column type=\u00bb4_4&#8243; _builder_version=\u00bb4.16&#8243; _module_preset=\u00bbdefault\u00bb global_colors_info=\u00bb{}\u00bb][et_pb_text _builder_version=\u00bb4.17.4&#8243; _module_preset=\u00bbdefault\u00bb header_text_align=\u00bbcenter\u00bb header_text_color=\u00bb#f2f2f2&#8243; header_font_size=\u00bb40px\u00bb text_font_size_tablet=\u00bb\u00bb text_font_size_phone=\u00bb17px\u00bb text_font_size_last_edited=\u00bbon|phone\u00bb header_font_size_tablet=\u00bb\u00bb header_font_size_phone=\u00bb29px\u00bb header_font_size_last_edited=\u00bbon|phone\u00bb global_colors_info=\u00bb{}\u00bb]<\/p>\n<h2 style=\"text-align: center; color: #f2f2f2; font-size: 40px;\">What are Preliminary Market Consultations?<\/h2>\n<p>[\/et_pb_text][et_pb_text _builder_version=\u00bb4.17.4&#8243; _module_preset=\u00bbdefault\u00bb text_text_color=\u00bb#f2f2f2&#8243; text_orientation=\u00bbcenter\u00bb text_font_size_tablet=\u00bb\u00bb text_font_size_phone=\u00bb16px\u00bb text_font_size_last_edited=\u00bbon|phone\u00bb global_colors_info=\u00bb{}\u00bb]<\/p>\n<p>They are public consultations aimed at economic operators, academia, researchers or any other interested agent in order to gather information on how to address the challenges posed in the framework of the Public Procurement of Innovation processes with the aim of knowing the degree of maturity of the solutions and thus correctly prepare the possible PPI tenders arising from this process.<\/p>\n<p>This is an open and transparent procedure whose participation does not preclude subsequent intervention in procurement procedures that may arise.<\/p>\n<p>[\/et_pb_text][\/et_pb_column][\/et_pb_row][\/et_pb_section]<\/p>\n","protected":false},"excerpt":{"rendered":"<p>Preliminary Market Consultation (PMC)oriented to the Climate Mission Val\u00e8ncia 2030After the elaboration and presentation of our Early Demand Map in July 2021, the result of the collaborative work of agents from all the innovation helixes of the city and the territory, we were facing an immense challenge: how to prioritise the 54 challenges and the [&hellip;]<\/p>\n","protected":false},"author":1,"featured_media":0,"parent":0,"menu_order":0,"comment_status":"closed","ping_status":"closed","template":"","meta":{"_et_pb_use_builder":"on","_et_pb_old_content":"","_et_gb_content_width":"","inline_featured_image":false},"yoast_head":"<!-- This site is optimized with the Yoast SEO plugin v19.3 - https:\/\/yoast.com\/wordpress\/plugins\/seo\/ -->\n<title>Preliminary Market Consultation - CPI Val&egrave;ncia<\/title>\n<meta name=\"robots\" content=\"index, follow, max-snippet:-1, max-image-preview:large, max-video-preview:-1\" \/>\n<link rel=\"canonical\" href=\"https:\/\/www.missionsvalencia.eu\/cpivalencia\/en\/preliminary-market-consultation\/\" \/>\n<meta property=\"og:locale\" content=\"es_ES\" \/>\n<meta property=\"og:type\" content=\"article\" \/>\n<meta property=\"og:title\" content=\"Preliminary Market Consultation - CPI Val&egrave;ncia\" \/>\n<meta property=\"og:description\" content=\"Preliminary Market Consultation (PMC)oriented to the Climate Mission Val\u00e8ncia 2030After the elaboration and presentation of our Early Demand Map in July 2021, the result of the collaborative work of agents from all the innovation helixes of the city and the territory, we were facing an immense challenge: how to prioritise the 54 challenges and the [&hellip;]\" \/>\n<meta property=\"og:url\" content=\"https:\/\/www.missionsvalencia.eu\/cpivalencia\/en\/preliminary-market-consultation\/\" \/>\n<meta property=\"og:site_name\" content=\"CPI Val&egrave;ncia\" \/>\n<meta property=\"article:publisher\" content=\"https:\/\/www.facebook.com\/LasNavesINN\" \/>\n<meta property=\"article:modified_time\" content=\"2023-03-03T11:58:07+00:00\" \/>\n<meta property=\"og:image\" content=\"https:\/\/www.missionsvalencia.eu\/cpivalencia\/wp-content\/uploads\/2021\/08\/CPI_vlc_logo_color.png\" \/>\n\t<meta property=\"og:image:width\" content=\"842\" \/>\n\t<meta property=\"og:image:height\" content=\"596\" \/>\n\t<meta property=\"og:image:type\" content=\"image\/png\" \/>\n<meta name=\"twitter:card\" content=\"summary_large_image\" \/>\n<meta name=\"twitter:site\" content=\"@lasnavesINN\" \/>\n<meta name=\"twitter:label1\" content=\"Tiempo de lectura\" \/>\n\t<meta name=\"twitter:data1\" content=\"6 minutos\" \/>\n<script type=\"application\/ld+json\" class=\"yoast-schema-graph\">{\"@context\":\"https:\/\/schema.org\",\"@graph\":[{\"@type\":\"Organization\",\"@id\":\"https:\/\/www.missionsvalencia.eu\/cpivalencia\/#organization\",\"name\":\"COMPRA P\u00daBLICA DE INNOVACI\u00d3N - CPI Val\u00e8ncia\",\"url\":\"https:\/\/www.missionsvalencia.eu\/cpivalencia\/\",\"sameAs\":[\"https:\/\/www.instagram.com\/LASNAVES\/\",\"https:\/\/www.facebook.com\/LasNavesINN\",\"https:\/\/twitter.com\/lasnavesINN\"],\"logo\":{\"@type\":\"ImageObject\",\"inLanguage\":\"es\",\"@id\":\"https:\/\/www.missionsvalencia.eu\/cpivalencia\/#\/schema\/logo\/image\/\",\"url\":\"https:\/\/www.missionsvalencia.eu\/cpivalencia\/wp-content\/uploads\/2021\/07\/CPI_vlc_logo_color.png\",\"contentUrl\":\"https:\/\/www.missionsvalencia.eu\/cpivalencia\/wp-content\/uploads\/2021\/07\/CPI_vlc_logo_color.png\",\"width\":842,\"height\":596,\"caption\":\"COMPRA P\u00daBLICA DE INNOVACI\u00d3N - CPI Val\u00e8ncia\"},\"image\":{\"@id\":\"https:\/\/www.missionsvalencia.eu\/cpivalencia\/#\/schema\/logo\/image\/\"}},{\"@type\":\"WebSite\",\"@id\":\"https:\/\/www.missionsvalencia.eu\/cpivalencia\/#website\",\"url\":\"https:\/\/www.missionsvalencia.eu\/cpivalencia\/\",\"name\":\"CPI Val&egrave;ncia\",\"description\":\"Compra P&uacute;blica de Innovaci&oacute;n dirigida a Val&egrave;ncia, una herramienta de innovaci&oacute;n.\",\"publisher\":{\"@id\":\"https:\/\/www.missionsvalencia.eu\/cpivalencia\/#organization\"},\"potentialAction\":[{\"@type\":\"SearchAction\",\"target\":{\"@type\":\"EntryPoint\",\"urlTemplate\":\"https:\/\/www.missionsvalencia.eu\/cpivalencia\/?s={search_term_string}\"},\"query-input\":\"required name=search_term_string\"}],\"inLanguage\":\"es\"},{\"@type\":\"WebPage\",\"@id\":\"https:\/\/www.missionsvalencia.eu\/cpivalencia\/en\/preliminary-market-consultation\/\",\"url\":\"https:\/\/www.missionsvalencia.eu\/cpivalencia\/en\/preliminary-market-consultation\/\",\"name\":\"Preliminary Market Consultation - CPI Val&egrave;ncia\",\"isPartOf\":{\"@id\":\"https:\/\/www.missionsvalencia.eu\/cpivalencia\/#website\"},\"datePublished\":\"2022-06-17T12:16:09+00:00\",\"dateModified\":\"2023-03-03T11:58:07+00:00\",\"breadcrumb\":{\"@id\":\"https:\/\/www.missionsvalencia.eu\/cpivalencia\/en\/preliminary-market-consultation\/#breadcrumb\"},\"inLanguage\":\"es\",\"potentialAction\":[{\"@type\":\"ReadAction\",\"target\":[\"https:\/\/www.missionsvalencia.eu\/cpivalencia\/en\/preliminary-market-consultation\/\"]}]},{\"@type\":\"BreadcrumbList\",\"@id\":\"https:\/\/www.missionsvalencia.eu\/cpivalencia\/en\/preliminary-market-consultation\/#breadcrumb\",\"itemListElement\":[{\"@type\":\"ListItem\",\"position\":1,\"name\":\"Portada\",\"item\":\"https:\/\/www.missionsvalencia.eu\/cpivalencia\/\"},{\"@type\":\"ListItem\",\"position\":2,\"name\":\"Preliminary Market Consultation\"}]}]}<\/script>\n<!-- \/ Yoast SEO plugin. -->","yoast_head_json":{"title":"Preliminary Market Consultation - CPI Val&egrave;ncia","robots":{"index":"index","follow":"follow","max-snippet":"max-snippet:-1","max-image-preview":"max-image-preview:large","max-video-preview":"max-video-preview:-1"},"canonical":"https:\/\/www.missionsvalencia.eu\/cpivalencia\/en\/preliminary-market-consultation\/","og_locale":"es_ES","og_type":"article","og_title":"Preliminary Market Consultation - CPI Val&egrave;ncia","og_description":"Preliminary Market Consultation (PMC)oriented to the Climate Mission Val\u00e8ncia 2030After the elaboration and presentation of our Early Demand Map in July 2021, the result of the collaborative work of agents from all the innovation helixes of the city and the territory, we were facing an immense challenge: how to prioritise the 54 challenges and the [&hellip;]","og_url":"https:\/\/www.missionsvalencia.eu\/cpivalencia\/en\/preliminary-market-consultation\/","og_site_name":"CPI Val&egrave;ncia","article_publisher":"https:\/\/www.facebook.com\/LasNavesINN","article_modified_time":"2023-03-03T11:58:07+00:00","og_image":[{"width":842,"height":596,"url":"https:\/\/www.missionsvalencia.eu\/cpivalencia\/wp-content\/uploads\/2021\/08\/CPI_vlc_logo_color.png","type":"image\/png"}],"twitter_card":"summary_large_image","twitter_site":"@lasnavesINN","twitter_misc":{"Tiempo de lectura":"6 minutos"},"schema":{"@context":"https:\/\/schema.org","@graph":[{"@type":"Organization","@id":"https:\/\/www.missionsvalencia.eu\/cpivalencia\/#organization","name":"COMPRA P\u00daBLICA DE INNOVACI\u00d3N - CPI Val\u00e8ncia","url":"https:\/\/www.missionsvalencia.eu\/cpivalencia\/","sameAs":["https:\/\/www.instagram.com\/LASNAVES\/","https:\/\/www.facebook.com\/LasNavesINN","https:\/\/twitter.com\/lasnavesINN"],"logo":{"@type":"ImageObject","inLanguage":"es","@id":"https:\/\/www.missionsvalencia.eu\/cpivalencia\/#\/schema\/logo\/image\/","url":"https:\/\/www.missionsvalencia.eu\/cpivalencia\/wp-content\/uploads\/2021\/07\/CPI_vlc_logo_color.png","contentUrl":"https:\/\/www.missionsvalencia.eu\/cpivalencia\/wp-content\/uploads\/2021\/07\/CPI_vlc_logo_color.png","width":842,"height":596,"caption":"COMPRA P\u00daBLICA DE INNOVACI\u00d3N - CPI Val\u00e8ncia"},"image":{"@id":"https:\/\/www.missionsvalencia.eu\/cpivalencia\/#\/schema\/logo\/image\/"}},{"@type":"WebSite","@id":"https:\/\/www.missionsvalencia.eu\/cpivalencia\/#website","url":"https:\/\/www.missionsvalencia.eu\/cpivalencia\/","name":"CPI Val&egrave;ncia","description":"Compra P&uacute;blica de Innovaci&oacute;n dirigida a Val&egrave;ncia, una herramienta de innovaci&oacute;n.","publisher":{"@id":"https:\/\/www.missionsvalencia.eu\/cpivalencia\/#organization"},"potentialAction":[{"@type":"SearchAction","target":{"@type":"EntryPoint","urlTemplate":"https:\/\/www.missionsvalencia.eu\/cpivalencia\/?s={search_term_string}"},"query-input":"required name=search_term_string"}],"inLanguage":"es"},{"@type":"WebPage","@id":"https:\/\/www.missionsvalencia.eu\/cpivalencia\/en\/preliminary-market-consultation\/","url":"https:\/\/www.missionsvalencia.eu\/cpivalencia\/en\/preliminary-market-consultation\/","name":"Preliminary Market Consultation - CPI Val&egrave;ncia","isPartOf":{"@id":"https:\/\/www.missionsvalencia.eu\/cpivalencia\/#website"},"datePublished":"2022-06-17T12:16:09+00:00","dateModified":"2023-03-03T11:58:07+00:00","breadcrumb":{"@id":"https:\/\/www.missionsvalencia.eu\/cpivalencia\/en\/preliminary-market-consultation\/#breadcrumb"},"inLanguage":"es","potentialAction":[{"@type":"ReadAction","target":["https:\/\/www.missionsvalencia.eu\/cpivalencia\/en\/preliminary-market-consultation\/"]}]},{"@type":"BreadcrumbList","@id":"https:\/\/www.missionsvalencia.eu\/cpivalencia\/en\/preliminary-market-consultation\/#breadcrumb","itemListElement":[{"@type":"ListItem","position":1,"name":"Portada","item":"https:\/\/www.missionsvalencia.eu\/cpivalencia\/"},{"@type":"ListItem","position":2,"name":"Preliminary Market Consultation"}]}]}},"_links":{"self":[{"href":"https:\/\/www.missionsvalencia.eu\/cpivalencia\/wp-json\/wp\/v2\/pages\/2439"}],"collection":[{"href":"https:\/\/www.missionsvalencia.eu\/cpivalencia\/wp-json\/wp\/v2\/pages"}],"about":[{"href":"https:\/\/www.missionsvalencia.eu\/cpivalencia\/wp-json\/wp\/v2\/types\/page"}],"author":[{"embeddable":true,"href":"https:\/\/www.missionsvalencia.eu\/cpivalencia\/wp-json\/wp\/v2\/users\/1"}],"replies":[{"embeddable":true,"href":"https:\/\/www.missionsvalencia.eu\/cpivalencia\/wp-json\/wp\/v2\/comments?post=2439"}],"version-history":[{"count":15,"href":"https:\/\/www.missionsvalencia.eu\/cpivalencia\/wp-json\/wp\/v2\/pages\/2439\/revisions"}],"predecessor-version":[{"id":2729,"href":"https:\/\/www.missionsvalencia.eu\/cpivalencia\/wp-json\/wp\/v2\/pages\/2439\/revisions\/2729"}],"wp:attachment":[{"href":"https:\/\/www.missionsvalencia.eu\/cpivalencia\/wp-json\/wp\/v2\/media?parent=2439"}],"curies":[{"name":"wp","href":"https:\/\/api.w.org\/{rel}","templated":true}]}}