{"id":2249,"date":"2022-06-08T06:59:21","date_gmt":"2022-06-08T06:59:21","guid":{"rendered":"https:\/\/www.missionsvalencia.eu\/cpivalencia\/?page_id=2249"},"modified":"2022-07-12T11:44:25","modified_gmt":"2022-07-12T11:44:25","slug":"reto-4-economia-valenciana-circular-y-sostenible","status":"publish","type":"page","link":"https:\/\/www.missionsvalencia.eu\/cpivalencia\/reto-4-economia-valenciana-circular-y-sostenible\/","title":{"rendered":"Reto 4: Econom\u00eda valenciana circular y sostenible"},"content":{"rendered":"<p>[et_pb_section fb_built=\u00bb1&#8243; _builder_version=\u00bb4.16&#8243; _module_preset=\u00bbdefault\u00bb custom_padding=\u00bb32px||19px||false|false\u00bb global_colors_info=\u00bb{}\u00bb][et_pb_row _builder_version=\u00bb4.16&#8243; _module_preset=\u00bbdefault\u00bb custom_padding=\u00bb||6px|||\u00bb global_colors_info=\u00bb{}\u00bb][et_pb_column type=\u00bb4_4&#8243; _builder_version=\u00bb4.16&#8243; _module_preset=\u00bbdefault\u00bb global_colors_info=\u00bb{}\u00bb][et_pb_text _builder_version=\u00bb4.16&#8243; _module_preset=\u00bbdefault\u00bb header_font_size=\u00bb38px\u00bb global_colors_info=\u00bb{}\u00bb]<\/p>\n<h1>Reto 4: Econom\u00eda valenciana circular y sostenible<\/h1>\n<p>[\/et_pb_text][\/et_pb_column][\/et_pb_row][\/et_pb_section][et_pb_section fb_built=\u00bb1&#8243; specialty=\u00bbon\u00bb _builder_version=\u00bb4.16&#8243; _module_preset=\u00bbdefault\u00bb custom_padding=\u00bb7px||7px||true|\u00bb global_colors_info=\u00bb{}\u00bb][et_pb_column type=\u00bb1_2&#8243; specialty_columns=\u00bb2&#8243; _builder_version=\u00bb4.16&#8243; custom_padding=\u00bb|||\u00bb global_colors_info=\u00bb{}\u00bb custom_padding__hover=\u00bb|||\u00bb][et_pb_row_inner _builder_version=\u00bb4.16&#8243; _module_preset=\u00bbdefault\u00bb custom_padding=\u00bb||31px|||\u00bb global_colors_info=\u00bb{}\u00bb][et_pb_column_inner saved_specialty_column_type=\u00bb1_2&#8243; _builder_version=\u00bb4.5.7&#8243; _module_preset=\u00bbdefault\u00bb global_colors_info=\u00bb{}\u00bb][et_pb_text _builder_version=\u00bb4.16&#8243; _module_preset=\u00bbdefault\u00bb text_font=\u00bb|600|||||||\u00bb text_font_size=\u00bb21px\u00bb text_line_height=\u00bb1.3em\u00bb text_orientation=\u00bbjustified\u00bb text_font_size_tablet=\u00bb\u00bb text_font_size_phone=\u00bb\u00bb text_font_size_last_edited=\u00bbon|desktop\u00bb global_colors_info=\u00bb{}\u00bb]<\/p>\n<p><span>Minimizaci\u00f3n de los residuos de la ciudad hacia un escenario de cero desechos y neutralidad clim\u00e1tica. Transformaci\u00f3n ecol\u00f3gica de la econom\u00eda y cultura de la ciudad.<\/span><\/p>\n<p>[\/et_pb_text][\/et_pb_column_inner][\/et_pb_row_inner][et_pb_row_inner _builder_version=\u00bb4.17.4&#8243; _module_preset=\u00bbdefault\u00bb custom_padding=\u00bb0px|||||\u00bb global_colors_info=\u00bb{}\u00bb][et_pb_column_inner saved_specialty_column_type=\u00bb1_2&#8243; _builder_version=\u00bb4.17.4&#8243; _module_preset=\u00bbdefault\u00bb global_colors_info=\u00bb{}\u00bb][et_pb_button button_url=\u00bbhttps:\/\/www.missionsvalencia.eu\/cpivalencia\/wp-content\/uploads\/2022\/06\/CPM_VLC_RETO-4.pdf\u00bb url_new_window=\u00bbon\u00bb button_text=\u00bbPresentaci\u00f3n del reto\u00bb button_alignment=\u00bbcenter\u00bb _builder_version=\u00bb4.17.4&#8243; _module_preset=\u00bbdefault\u00bb custom_margin=\u00bb||-14px|||\u00bb custom_padding=\u00bb16px|164px|16px|164px|true|true\u00bb custom_padding_tablet=\u00bb16px|164px|16px|164px|true|true\u00bb custom_padding_phone=\u00bb16px|164px|16px|164px|true|true\u00bb custom_padding_last_edited=\u00bbon|desktop\u00bb global_colors_info=\u00bb{}\u00bb][\/et_pb_button][\/et_pb_column_inner][\/et_pb_row_inner][et_pb_row_inner column_structure=\u00bb1_2,1_2&#8243; _builder_version=\u00bb4.16&#8243; _module_preset=\u00bbdefault\u00bb custom_padding=\u00bb1px||15px|||\u00bb global_colors_info=\u00bb{}\u00bb][et_pb_column_inner type=\u00bb1_2&#8243; saved_specialty_column_type=\u00bb1_2&#8243; _builder_version=\u00bb4.5.7&#8243; _module_preset=\u00bbdefault\u00bb global_colors_info=\u00bb{}\u00bb][et_pb_button button_url=\u00bbhttps:\/\/www.missionsvalencia.eu\/cpivalencia\/wp-content\/uploads\/2022\/05\/ANEXO-I.-RETOS-CPM-04-ECON.-CIRC..pdf\u00bb url_new_window=\u00bbon\u00bb button_text=\u00bbDescripci\u00f3n del reto\u00bb button_alignment=\u00bbcenter\u00bb button_alignment_tablet=\u00bb\u00bb button_alignment_phone=\u00bb\u00bb button_alignment_last_edited=\u00bbon|desktop\u00bb _builder_version=\u00bb4.16&#8243; _module_preset=\u00bbdefault\u00bb custom_padding=\u00bb|60px||60px|false|true\u00bb custom_padding_tablet=\u00bb\u00bb custom_padding_phone=\u00bb\u00bb custom_padding_last_edited=\u00bbon|desktop\u00bb global_colors_info=\u00bb{}\u00bb][\/et_pb_button][\/et_pb_column_inner][et_pb_column_inner type=\u00bb1_2&#8243; saved_specialty_column_type=\u00bb1_2&#8243; _builder_version=\u00bb4.5.7&#8243; _module_preset=\u00bbdefault\u00bb global_colors_info=\u00bb{}\u00bb][et_pb_button button_url=\u00bbhttps:\/\/www.missionsvalencia.eu\/cpivalencia\/wp-content\/uploads\/2022\/06\/RETO-4.-BASES-DE-LA-CONVOCATORIA-DE-CPM-ECON.CIRC_.pdf\u00bb url_new_window=\u00bbon\u00bb button_text=\u00bbBases de la convocatoria\u00bb button_alignment=\u00bbcenter\u00bb button_text_tablet=\u00bb\u00bb button_text_phone=\u00bb\u00bb button_text_last_edited=\u00bbon|desktop\u00bb button_alignment_tablet=\u00bb\u00bb button_alignment_phone=\u00bb\u00bb button_alignment_last_edited=\u00bbon|desktop\u00bb _builder_version=\u00bb4.17.4&#8243; _module_preset=\u00bbdefault\u00bb custom_margin=\u00bb|||-25px||\u00bb custom_padding=\u00bb|17px||17px|false|true\u00bb custom_padding_tablet=\u00bb\u00bb custom_padding_phone=\u00bb\u00bb custom_padding_last_edited=\u00bbon|desktop\u00bb global_colors_info=\u00bb{}\u00bb][\/et_pb_button][\/et_pb_column_inner][\/et_pb_row_inner][et_pb_row_inner _builder_version=\u00bb4.17.4&#8243; _module_preset=\u00bbdefault\u00bb custom_padding=\u00bb6px|||||\u00bb global_colors_info=\u00bb{}\u00bb][et_pb_column_inner saved_specialty_column_type=\u00bb1_2&#8243; _builder_version=\u00bb4.17.4&#8243; _module_preset=\u00bbdefault\u00bb global_colors_info=\u00bb{}\u00bb][et_pb_button button_url=\u00bbhttps:\/\/www.missionsvalencia.eu\/cpivalencia\/consulta-preliminar-del-mercado-de-ideas-de-soluciones-innovadoras\/?reto=Reto%204%20ECONOMIA%20VALENCIANA%20CIRCULAR%20Y%20SOSTENIBLE\u00bb url_new_window=\u00bbon\u00bb button_text=\u00bbProp\u00f3n una idea de soluci\u00f3n\u00bb button_alignment=\u00bbcenter\u00bb button_alignment_tablet=\u00bb\u00bb button_alignment_phone=\u00bb\u00bb button_alignment_last_edited=\u00bbon|desktop\u00bb module_class=\u00bbboton_formulario_cpi\u00bb _builder_version=\u00bb4.17.4&#8243; _module_preset=\u00bbdefault\u00bb custom_padding=\u00bb17px|131px|17px|131px|true|true\u00bb custom_padding_tablet=\u00bb\u00bb custom_padding_phone=\u00bb\u00bb custom_padding_last_edited=\u00bbon|desktop\u00bb global_colors_info=\u00bb{}\u00bb][\/et_pb_button][\/et_pb_column_inner][\/et_pb_row_inner][\/et_pb_column][et_pb_column type=\u00bb1_2&#8243; _builder_version=\u00bb4.16&#8243; custom_padding=\u00bb|||\u00bb global_colors_info=\u00bb{}\u00bb custom_padding__hover=\u00bb|||\u00bb][et_pb_video src=\u00bbhttps:\/\/www.youtube.com\/watch?v=dpJcyg-jE5M\u00bb _builder_version=\u00bb4.17.4&#8243; _module_preset=\u00bbdefault\u00bb hover_enabled=\u00bb0&#8243; sticky_enabled=\u00bb0&#8243;][\/et_pb_video][\/et_pb_column][\/et_pb_section][et_pb_section fb_built=\u00bb1&#8243; _builder_version=\u00bb4.16&#8243; _module_preset=\u00bbdefault\u00bb custom_padding=\u00bb7px||76px|||\u00bb global_colors_info=\u00bb{}\u00bb][et_pb_row _builder_version=\u00bb4.16&#8243; _module_preset=\u00bbdefault\u00bb custom_padding=\u00bb15px|||||\u00bb global_colors_info=\u00bb{}\u00bb][et_pb_column type=\u00bb4_4&#8243; _builder_version=\u00bb4.16&#8243; _module_preset=\u00bbdefault\u00bb global_colors_info=\u00bb{}\u00bb][et_pb_text _builder_version=\u00bb4.16&#8243; _module_preset=\u00bbdefault\u00bb custom_margin=\u00bb||31px|||\u00bb global_colors_info=\u00bb{}\u00bb]<\/p>\n<h2>Objetivos espec\u00edficos<\/h2>\n<p>[\/et_pb_text][et_pb_text _builder_version=\u00bb4.16&#8243; _module_preset=\u00bbdefault\u00bb ul_line_height=\u00bb1.7em\u00bb text_orientation=\u00bbjustified\u00bb global_colors_info=\u00bb{}\u00bb]<\/p>\n<ul>\n<li>Maximizar la aplicaci\u00f3n en la Ciudad del concepto de jerarqu\u00eda de los residuos, promoviendo la prevenci\u00f3n de su generaci\u00f3n, fomentando la reutilizaci\u00f3n, fortaleciendo el reciclado y favoreciendo su trazabilidad.<\/li>\n<li>Maximizar la aplicaci\u00f3n del concepto del ecodise\u00f1o en infraestructuras, equipamientos y servicios de gesti\u00f3n municipal, tanto en las nuevas adquisiciones, como en las intervenciones de renovaci\u00f3n y mejora. Y esto, a fin de minimizar su huella de carbono, minimizar la introducci\u00f3n de sustancias nocivas en sus procesos constructivos, productivos y en su composici\u00f3n, maximizar el origen renovable de los materiales utilizados, facilitar su reparabilidad, prolongar su vida \u00fatil y posibilitar su valorizaci\u00f3n al final de \u00e9sta.<\/li>\n<li>Maximizar la aplicaci\u00f3n del concepto del ecodise\u00f1o en la organizaci\u00f3n e implementaci\u00f3n de las actividades culturales y deportivas significativas de la ciudad, con un foco espec\u00edfico, pero no excluyente, en las relacionadas con la fiesta de las Fallas y con los eventos culturales y deportivos de participaci\u00f3n masiva, manteniendo o fortaleciendo siempre el valor intangible actual de nuestro patrimonio cultural. Y esto, a fin de minimizar su huella de carbono, minimizar el uso de productos nocivos en sus procesos y materiales, maximizar el origen renovable de los productos utilizados, y posibilitar, en su caso, el reciclado.<\/li>\n<li>Fomentar el consumo responsable, incluyendo tanto herramientas de informaci\u00f3n sobre las caracter\u00edsticas de los productos y servicios, como modelos de fomento de su utilizaci\u00f3n por las empresas y la ciudadan\u00eda.<\/li>\n<li>Hacer m\u00e1s eficientes los flujos en las cadenas de valor alimentarias en la Ciudad, minimizando el desperdicio de alimentos, incluso mediante soluciones y tecnolog\u00edas que fomenten una mayor eficiencia en su gesti\u00f3n a nivel comunitario y dom\u00e9stico.<\/li>\n<li>Optimizar la valorizaci\u00f3n selectiva de residuos alimentarios de origen dom\u00e9stico, y de la restauraci\u00f3n, con alto potencial intr\u00ednseco de generaci\u00f3n de materias primas secundarias o de producci\u00f3n de vectores energ\u00e9ticos.<\/li>\n<li>Hacer m\u00e1s eficientes, de manera espec\u00edfica, los flujos en las cadenas de valor relacionadas con la operativa de los mercados municipales y los comedores escolares, a fin de reducir el desperdicio de alimentos, fomentar el consumo local, optimizar la valorizaci\u00f3n de los residuos generados, y asegurar la circularidad de todos los materiales y equipos relacionados con su log\u00edstica.<\/li>\n<li>Maximizar la recuperaci\u00f3n de los materiales y productos contenidos en los residuos de la ciudad, s\u00f3lidos y l\u00edquidos (de cualquier origen) para su reutilizaci\u00f3n como materias primas y recursos de valor, garantizando la salud de las personas y la protecci\u00f3n del medio ambiente y con un objetivo de Cero Residuos y neutralidad clim\u00e1tica. Incluso contemplando cambios de paradigma en los modelos de gesti\u00f3n.<\/li>\n<li>Contribuir a impulsar la circularidad de los flujos de consumo en las industrias de la construcci\u00f3n y de la moda, con cualquier tipo de soluci\u00f3n que fomente la reutilizaci\u00f3n de productos y componentes y la recuperaci\u00f3n de materias primas.<\/li>\n<li>Maximizar la valorizaci\u00f3n energ\u00e9tica de aquellos materiales contenidos en los residuos de la ciudad y su entorno, s\u00f3lidos y l\u00edquidos (de cualquier origen) que no sean recuperables como materias primas, mediante estrategias de valorizaci\u00f3n directa y de producci\u00f3n de vectores energ\u00e9ticos para el transporte y la movilidad. Y esto, a fin de explorar e impulsar la transici\u00f3n de las plantas de tratamiento de residuos s\u00f3lidos y l\u00edquidos de la ciudad hacia un modelo de biorrefineria, garantizando la salud de las personas y la protecci\u00f3n del medio ambiente, y con un objetivo de Cero Residuos y de reducci\u00f3n de emisiones de CO2.<\/li>\n<li>Conectar las estrategias de valorizaci\u00f3n de residuos urbanos l\u00edquidos con acciones de renaturalizaci\u00f3n a fin de maximizar su potencial como recurso h\u00eddrico no convencional, optimizando, al mismo tiempo, el aprovechamiento de los nutrientes incluidos en su fracci\u00f3n org\u00e1nica, garantizando la salud de las personas y la protecci\u00f3n del medio ambiente.<\/li>\n<li>Cualquier otra soluci\u00f3n o tecnolog\u00eda innovadora que tenga un potencial de contribuci\u00f3n significativa sobre el objetivo de transformar el modelo de consumo de la Ciudad hacia la circularidad en cualquiera de los \u00e1mbitos relacionados con su din\u00e1mica urbana.<\/li>\n<\/ul>\n<p>[\/et_pb_text][\/et_pb_column][\/et_pb_row][\/et_pb_section]<\/p>\n","protected":false},"excerpt":{"rendered":"<p>Reto 4: Econom\u00eda valenciana circular y sostenibleMinimizaci\u00f3n de los residuos de la ciudad hacia un escenario de cero desechos y neutralidad clim\u00e1tica. Transformaci\u00f3n ecol\u00f3gica de la econom\u00eda y cultura de la ciudad.Objetivos espec\u00edficos Maximizar la aplicaci\u00f3n en la Ciudad del concepto de jerarqu\u00eda de los residuos, promoviendo la prevenci\u00f3n de su generaci\u00f3n, fomentando la reutilizaci\u00f3n, [&hellip;]<\/p>\n","protected":false},"author":1,"featured_media":0,"parent":0,"menu_order":0,"comment_status":"closed","ping_status":"closed","template":"","meta":{"_et_pb_use_builder":"on","_et_pb_old_content":"","_et_gb_content_width":"","inline_featured_image":false},"yoast_head":"<!-- This site is optimized with the Yoast SEO plugin v19.3 - https:\/\/yoast.com\/wordpress\/plugins\/seo\/ -->\n<title>Reto 4: Econom\u00eda valenciana circular y sostenible - CPI Val&egrave;ncia<\/title>\n<meta name=\"robots\" content=\"index, follow, max-snippet:-1, max-image-preview:large, max-video-preview:-1\" \/>\n<link rel=\"canonical\" href=\"https:\/\/www.missionsvalencia.eu\/cpivalencia\/reto-4-economia-valenciana-circular-y-sostenible\/\" \/>\n<meta property=\"og:locale\" content=\"es_ES\" \/>\n<meta property=\"og:type\" content=\"article\" \/>\n<meta property=\"og:title\" content=\"Reto 4: Econom\u00eda valenciana circular y sostenible - CPI Val&egrave;ncia\" \/>\n<meta property=\"og:description\" content=\"Reto 4: Econom\u00eda valenciana circular y sostenibleMinimizaci\u00f3n de los residuos de la ciudad hacia un escenario de cero desechos y neutralidad clim\u00e1tica. Transformaci\u00f3n ecol\u00f3gica de la econom\u00eda y cultura de la ciudad.Objetivos espec\u00edficos Maximizar la aplicaci\u00f3n en la Ciudad del concepto de jerarqu\u00eda de los residuos, promoviendo la prevenci\u00f3n de su generaci\u00f3n, fomentando la reutilizaci\u00f3n, [&hellip;]\" \/>\n<meta property=\"og:url\" content=\"https:\/\/www.missionsvalencia.eu\/cpivalencia\/reto-4-economia-valenciana-circular-y-sostenible\/\" \/>\n<meta property=\"og:site_name\" content=\"CPI Val&egrave;ncia\" \/>\n<meta property=\"article:publisher\" content=\"https:\/\/www.facebook.com\/LasNavesINN\" \/>\n<meta property=\"article:modified_time\" content=\"2022-07-12T11:44:25+00:00\" \/>\n<meta property=\"og:image\" content=\"https:\/\/www.missionsvalencia.eu\/cpivalencia\/wp-content\/uploads\/2021\/08\/CPI_vlc_logo_color.png\" \/>\n\t<meta property=\"og:image:width\" content=\"842\" \/>\n\t<meta property=\"og:image:height\" content=\"596\" \/>\n\t<meta property=\"og:image:type\" content=\"image\/png\" \/>\n<meta name=\"twitter:card\" content=\"summary_large_image\" \/>\n<meta name=\"twitter:site\" content=\"@lasnavesINN\" \/>\n<script type=\"application\/ld+json\" class=\"yoast-schema-graph\">{\"@context\":\"https:\/\/schema.org\",\"@graph\":[{\"@type\":\"Organization\",\"@id\":\"https:\/\/www.missionsvalencia.eu\/cpivalencia\/#organization\",\"name\":\"COMPRA P\u00daBLICA DE INNOVACI\u00d3N - CPI Val\u00e8ncia\",\"url\":\"https:\/\/www.missionsvalencia.eu\/cpivalencia\/\",\"sameAs\":[\"https:\/\/www.instagram.com\/LASNAVES\/\",\"https:\/\/www.facebook.com\/LasNavesINN\",\"https:\/\/twitter.com\/lasnavesINN\"],\"logo\":{\"@type\":\"ImageObject\",\"inLanguage\":\"es\",\"@id\":\"https:\/\/www.missionsvalencia.eu\/cpivalencia\/#\/schema\/logo\/image\/\",\"url\":\"https:\/\/www.missionsvalencia.eu\/cpivalencia\/wp-content\/uploads\/2021\/07\/CPI_vlc_logo_color.png\",\"contentUrl\":\"https:\/\/www.missionsvalencia.eu\/cpivalencia\/wp-content\/uploads\/2021\/07\/CPI_vlc_logo_color.png\",\"width\":842,\"height\":596,\"caption\":\"COMPRA P\u00daBLICA DE INNOVACI\u00d3N - CPI Val\u00e8ncia\"},\"image\":{\"@id\":\"https:\/\/www.missionsvalencia.eu\/cpivalencia\/#\/schema\/logo\/image\/\"}},{\"@type\":\"WebSite\",\"@id\":\"https:\/\/www.missionsvalencia.eu\/cpivalencia\/#website\",\"url\":\"https:\/\/www.missionsvalencia.eu\/cpivalencia\/\",\"name\":\"CPI Val&egrave;ncia\",\"description\":\"Compra P&uacute;blica de Innovaci&oacute;n dirigida a Val&egrave;ncia, una herramienta de innovaci&oacute;n.\",\"publisher\":{\"@id\":\"https:\/\/www.missionsvalencia.eu\/cpivalencia\/#organization\"},\"potentialAction\":[{\"@type\":\"SearchAction\",\"target\":{\"@type\":\"EntryPoint\",\"urlTemplate\":\"https:\/\/www.missionsvalencia.eu\/cpivalencia\/?s={search_term_string}\"},\"query-input\":\"required name=search_term_string\"}],\"inLanguage\":\"es\"},{\"@type\":\"WebPage\",\"@id\":\"https:\/\/www.missionsvalencia.eu\/cpivalencia\/reto-4-economia-valenciana-circular-y-sostenible\/\",\"url\":\"https:\/\/www.missionsvalencia.eu\/cpivalencia\/reto-4-economia-valenciana-circular-y-sostenible\/\",\"name\":\"Reto 4: Econom\u00eda valenciana circular y sostenible - CPI Val&egrave;ncia\",\"isPartOf\":{\"@id\":\"https:\/\/www.missionsvalencia.eu\/cpivalencia\/#website\"},\"datePublished\":\"2022-06-08T06:59:21+00:00\",\"dateModified\":\"2022-07-12T11:44:25+00:00\",\"breadcrumb\":{\"@id\":\"https:\/\/www.missionsvalencia.eu\/cpivalencia\/reto-4-economia-valenciana-circular-y-sostenible\/#breadcrumb\"},\"inLanguage\":\"es\",\"potentialAction\":[{\"@type\":\"ReadAction\",\"target\":[\"https:\/\/www.missionsvalencia.eu\/cpivalencia\/reto-4-economia-valenciana-circular-y-sostenible\/\"]}]},{\"@type\":\"BreadcrumbList\",\"@id\":\"https:\/\/www.missionsvalencia.eu\/cpivalencia\/reto-4-economia-valenciana-circular-y-sostenible\/#breadcrumb\",\"itemListElement\":[{\"@type\":\"ListItem\",\"position\":1,\"name\":\"Portada\",\"item\":\"https:\/\/www.missionsvalencia.eu\/cpivalencia\/\"},{\"@type\":\"ListItem\",\"position\":2,\"name\":\"Reto 4: Econom\u00eda valenciana circular y sostenible\"}]}]}<\/script>\n<!-- \/ Yoast SEO plugin. -->","yoast_head_json":{"title":"Reto 4: Econom\u00eda valenciana circular y sostenible - CPI Val&egrave;ncia","robots":{"index":"index","follow":"follow","max-snippet":"max-snippet:-1","max-image-preview":"max-image-preview:large","max-video-preview":"max-video-preview:-1"},"canonical":"https:\/\/www.missionsvalencia.eu\/cpivalencia\/reto-4-economia-valenciana-circular-y-sostenible\/","og_locale":"es_ES","og_type":"article","og_title":"Reto 4: Econom\u00eda valenciana circular y sostenible - CPI Val&egrave;ncia","og_description":"Reto 4: Econom\u00eda valenciana circular y sostenibleMinimizaci\u00f3n de los residuos de la ciudad hacia un escenario de cero desechos y neutralidad clim\u00e1tica. Transformaci\u00f3n ecol\u00f3gica de la econom\u00eda y cultura de la ciudad.Objetivos espec\u00edficos Maximizar la aplicaci\u00f3n en la Ciudad del concepto de jerarqu\u00eda de los residuos, promoviendo la prevenci\u00f3n de su generaci\u00f3n, fomentando la reutilizaci\u00f3n, [&hellip;]","og_url":"https:\/\/www.missionsvalencia.eu\/cpivalencia\/reto-4-economia-valenciana-circular-y-sostenible\/","og_site_name":"CPI Val&egrave;ncia","article_publisher":"https:\/\/www.facebook.com\/LasNavesINN","article_modified_time":"2022-07-12T11:44:25+00:00","og_image":[{"width":842,"height":596,"url":"https:\/\/www.missionsvalencia.eu\/cpivalencia\/wp-content\/uploads\/2021\/08\/CPI_vlc_logo_color.png","type":"image\/png"}],"twitter_card":"summary_large_image","twitter_site":"@lasnavesINN","schema":{"@context":"https:\/\/schema.org","@graph":[{"@type":"Organization","@id":"https:\/\/www.missionsvalencia.eu\/cpivalencia\/#organization","name":"COMPRA P\u00daBLICA DE INNOVACI\u00d3N - CPI Val\u00e8ncia","url":"https:\/\/www.missionsvalencia.eu\/cpivalencia\/","sameAs":["https:\/\/www.instagram.com\/LASNAVES\/","https:\/\/www.facebook.com\/LasNavesINN","https:\/\/twitter.com\/lasnavesINN"],"logo":{"@type":"ImageObject","inLanguage":"es","@id":"https:\/\/www.missionsvalencia.eu\/cpivalencia\/#\/schema\/logo\/image\/","url":"https:\/\/www.missionsvalencia.eu\/cpivalencia\/wp-content\/uploads\/2021\/07\/CPI_vlc_logo_color.png","contentUrl":"https:\/\/www.missionsvalencia.eu\/cpivalencia\/wp-content\/uploads\/2021\/07\/CPI_vlc_logo_color.png","width":842,"height":596,"caption":"COMPRA P\u00daBLICA DE INNOVACI\u00d3N - CPI Val\u00e8ncia"},"image":{"@id":"https:\/\/www.missionsvalencia.eu\/cpivalencia\/#\/schema\/logo\/image\/"}},{"@type":"WebSite","@id":"https:\/\/www.missionsvalencia.eu\/cpivalencia\/#website","url":"https:\/\/www.missionsvalencia.eu\/cpivalencia\/","name":"CPI Val&egrave;ncia","description":"Compra P&uacute;blica de Innovaci&oacute;n dirigida a Val&egrave;ncia, una herramienta de innovaci&oacute;n.","publisher":{"@id":"https:\/\/www.missionsvalencia.eu\/cpivalencia\/#organization"},"potentialAction":[{"@type":"SearchAction","target":{"@type":"EntryPoint","urlTemplate":"https:\/\/www.missionsvalencia.eu\/cpivalencia\/?s={search_term_string}"},"query-input":"required name=search_term_string"}],"inLanguage":"es"},{"@type":"WebPage","@id":"https:\/\/www.missionsvalencia.eu\/cpivalencia\/reto-4-economia-valenciana-circular-y-sostenible\/","url":"https:\/\/www.missionsvalencia.eu\/cpivalencia\/reto-4-economia-valenciana-circular-y-sostenible\/","name":"Reto 4: Econom\u00eda valenciana circular y sostenible - CPI Val&egrave;ncia","isPartOf":{"@id":"https:\/\/www.missionsvalencia.eu\/cpivalencia\/#website"},"datePublished":"2022-06-08T06:59:21+00:00","dateModified":"2022-07-12T11:44:25+00:00","breadcrumb":{"@id":"https:\/\/www.missionsvalencia.eu\/cpivalencia\/reto-4-economia-valenciana-circular-y-sostenible\/#breadcrumb"},"inLanguage":"es","potentialAction":[{"@type":"ReadAction","target":["https:\/\/www.missionsvalencia.eu\/cpivalencia\/reto-4-economia-valenciana-circular-y-sostenible\/"]}]},{"@type":"BreadcrumbList","@id":"https:\/\/www.missionsvalencia.eu\/cpivalencia\/reto-4-economia-valenciana-circular-y-sostenible\/#breadcrumb","itemListElement":[{"@type":"ListItem","position":1,"name":"Portada","item":"https:\/\/www.missionsvalencia.eu\/cpivalencia\/"},{"@type":"ListItem","position":2,"name":"Reto 4: Econom\u00eda valenciana circular y sostenible"}]}]}},"_links":{"self":[{"href":"https:\/\/www.missionsvalencia.eu\/cpivalencia\/wp-json\/wp\/v2\/pages\/2249"}],"collection":[{"href":"https:\/\/www.missionsvalencia.eu\/cpivalencia\/wp-json\/wp\/v2\/pages"}],"about":[{"href":"https:\/\/www.missionsvalencia.eu\/cpivalencia\/wp-json\/wp\/v2\/types\/page"}],"author":[{"embeddable":true,"href":"https:\/\/www.missionsvalencia.eu\/cpivalencia\/wp-json\/wp\/v2\/users\/1"}],"replies":[{"embeddable":true,"href":"https:\/\/www.missionsvalencia.eu\/cpivalencia\/wp-json\/wp\/v2\/comments?post=2249"}],"version-history":[{"count":11,"href":"https:\/\/www.missionsvalencia.eu\/cpivalencia\/wp-json\/wp\/v2\/pages\/2249\/revisions"}],"predecessor-version":[{"id":2559,"href":"https:\/\/www.missionsvalencia.eu\/cpivalencia\/wp-json\/wp\/v2\/pages\/2249\/revisions\/2559"}],"wp:attachment":[{"href":"https:\/\/www.missionsvalencia.eu\/cpivalencia\/wp-json\/wp\/v2\/media?parent=2249"}],"curies":[{"name":"wp","href":"https:\/\/api.w.org\/{rel}","templated":true}]}}