{"id":2247,"date":"2022-06-08T06:58:48","date_gmt":"2022-06-08T06:58:48","guid":{"rendered":"https:\/\/www.missionsvalencia.eu\/cpivalencia\/?page_id=2247"},"modified":"2022-07-12T11:43:02","modified_gmt":"2022-07-12T11:43:02","slug":"reto-3-urbanismo-y-habitat-sostenible","status":"publish","type":"page","link":"https:\/\/www.missionsvalencia.eu\/cpivalencia\/reto-3-urbanismo-y-habitat-sostenible\/","title":{"rendered":"Reto 3: Urbanismo y h\u00e1bitat sostenible"},"content":{"rendered":"<p>[et_pb_section fb_built=\u00bb1&#8243; _builder_version=\u00bb4.16&#8243; _module_preset=\u00bbdefault\u00bb custom_padding=\u00bb32px||19px||false|false\u00bb global_colors_info=\u00bb{}\u00bb][et_pb_row _builder_version=\u00bb4.16&#8243; _module_preset=\u00bbdefault\u00bb custom_padding=\u00bb||6px|||\u00bb global_colors_info=\u00bb{}\u00bb][et_pb_column type=\u00bb4_4&#8243; _builder_version=\u00bb4.16&#8243; _module_preset=\u00bbdefault\u00bb global_colors_info=\u00bb{}\u00bb][et_pb_text _builder_version=\u00bb4.16&#8243; _module_preset=\u00bbdefault\u00bb header_font_size=\u00bb38px\u00bb global_colors_info=\u00bb{}\u00bb]<\/p>\n<h1>Reto 3: Urbanismo y h\u00e1bitat sostenible<\/h1>\n<p>[\/et_pb_text][\/et_pb_column][\/et_pb_row][\/et_pb_section][et_pb_section fb_built=\u00bb1&#8243; specialty=\u00bbon\u00bb _builder_version=\u00bb4.16&#8243; _module_preset=\u00bbdefault\u00bb custom_padding=\u00bb7px||7px||true|\u00bb global_colors_info=\u00bb{}\u00bb][et_pb_column type=\u00bb1_2&#8243; specialty_columns=\u00bb2&#8243; _builder_version=\u00bb4.16&#8243; custom_padding=\u00bb|||\u00bb global_colors_info=\u00bb{}\u00bb custom_padding__hover=\u00bb|||\u00bb][et_pb_row_inner _builder_version=\u00bb4.16&#8243; _module_preset=\u00bbdefault\u00bb custom_padding=\u00bb||21px|||\u00bb global_colors_info=\u00bb{}\u00bb][et_pb_column_inner saved_specialty_column_type=\u00bb1_2&#8243; _builder_version=\u00bb4.5.7&#8243; _module_preset=\u00bbdefault\u00bb global_colors_info=\u00bb{}\u00bb][et_pb_text _builder_version=\u00bb4.16&#8243; _module_preset=\u00bbdefault\u00bb text_font=\u00bb|600|||||||\u00bb text_font_size=\u00bb21px\u00bb text_line_height=\u00bb1.3em\u00bb text_orientation=\u00bbjustified\u00bb text_font_size_tablet=\u00bb\u00bb text_font_size_phone=\u00bb\u00bb text_font_size_last_edited=\u00bbon|desktop\u00bb global_colors_info=\u00bb{}\u00bb]<\/p>\n<p><span>Adaptaci\u00f3n y renovaci\u00f3n de las infraestructuras, equipamiento, edificios y viviendas, p\u00fablicos y privados, a fin de optimizar su eficiencia energ\u00e9tica y emisiones de la ciudad.<\/span><\/p>\n<p>[\/et_pb_text][\/et_pb_column_inner][\/et_pb_row_inner][et_pb_row_inner _builder_version=\u00bb4.17.4&#8243; _module_preset=\u00bbdefault\u00bb custom_padding=\u00bb0px|||||\u00bb global_colors_info=\u00bb{}\u00bb][et_pb_column_inner saved_specialty_column_type=\u00bb1_2&#8243; _builder_version=\u00bb4.17.4&#8243; _module_preset=\u00bbdefault\u00bb global_colors_info=\u00bb{}\u00bb][et_pb_button button_url=\u00bbhttps:\/\/www.missionsvalencia.eu\/cpivalencia\/wp-content\/uploads\/2022\/06\/CPM_VLC_RETO-3.pdf\u00bb url_new_window=\u00bbon\u00bb button_text=\u00bbPresentaci\u00f3n del reto\u00bb button_alignment=\u00bbcenter\u00bb _builder_version=\u00bb4.17.4&#8243; _module_preset=\u00bbdefault\u00bb custom_margin=\u00bb16px||-10px|||\u00bb custom_padding=\u00bb16px|164px|16px|164px|true|true\u00bb custom_padding_tablet=\u00bb16px|164px|16px|164px|true|true\u00bb custom_padding_phone=\u00bb16px|164px|16px|164px|true|true\u00bb custom_padding_last_edited=\u00bbon|desktop\u00bb global_colors_info=\u00bb{}\u00bb][\/et_pb_button][\/et_pb_column_inner][\/et_pb_row_inner][et_pb_row_inner column_structure=\u00bb1_2,1_2&#8243; _builder_version=\u00bb4.16&#8243; _module_preset=\u00bbdefault\u00bb custom_padding=\u00bb3px||15px|||\u00bb global_colors_info=\u00bb{}\u00bb][et_pb_column_inner type=\u00bb1_2&#8243; saved_specialty_column_type=\u00bb1_2&#8243; _builder_version=\u00bb4.5.7&#8243; _module_preset=\u00bbdefault\u00bb global_colors_info=\u00bb{}\u00bb][et_pb_button button_url=\u00bbhttps:\/\/www.missionsvalencia.eu\/cpivalencia\/wp-content\/uploads\/2022\/05\/ANEXO-I.-RETOS-CPM-03-URB.-Y-HAB.-SOST..pdf\u00bb url_new_window=\u00bbon\u00bb button_text=\u00bbDescripci\u00f3n del reto\u00bb button_alignment=\u00bbcenter\u00bb button_alignment_tablet=\u00bb\u00bb button_alignment_phone=\u00bb\u00bb button_alignment_last_edited=\u00bbon|desktop\u00bb _builder_version=\u00bb4.16&#8243; _module_preset=\u00bbdefault\u00bb custom_padding=\u00bb|60px||60px|false|true\u00bb custom_padding_tablet=\u00bb\u00bb custom_padding_phone=\u00bb\u00bb custom_padding_last_edited=\u00bbon|desktop\u00bb global_colors_info=\u00bb{}\u00bb][\/et_pb_button][\/et_pb_column_inner][et_pb_column_inner type=\u00bb1_2&#8243; saved_specialty_column_type=\u00bb1_2&#8243; _builder_version=\u00bb4.5.7&#8243; _module_preset=\u00bbdefault\u00bb global_colors_info=\u00bb{}\u00bb][et_pb_button button_url=\u00bbhttps:\/\/www.missionsvalencia.eu\/cpivalencia\/wp-content\/uploads\/2022\/06\/RETO-3-BASES-DE-LA-CONVOCATORIA-DE-CPM-URB.-Y-HAB.pdf\u00bb url_new_window=\u00bbon\u00bb button_text=\u00bbBases de la convocatoria\u00bb button_alignment=\u00bbcenter\u00bb button_text_tablet=\u00bb\u00bb button_text_phone=\u00bb\u00bb button_text_last_edited=\u00bbon|desktop\u00bb button_alignment_tablet=\u00bb\u00bb button_alignment_phone=\u00bb\u00bb button_alignment_last_edited=\u00bbon|desktop\u00bb _builder_version=\u00bb4.17.4&#8243; _module_preset=\u00bbdefault\u00bb custom_margin=\u00bb|||-25px||\u00bb custom_padding=\u00bb|17px||17px|false|true\u00bb custom_padding_tablet=\u00bb\u00bb custom_padding_phone=\u00bb\u00bb custom_padding_last_edited=\u00bbon|desktop\u00bb global_colors_info=\u00bb{}\u00bb][\/et_pb_button][\/et_pb_column_inner][\/et_pb_row_inner][et_pb_row_inner _builder_version=\u00bb4.17.4&#8243; _module_preset=\u00bbdefault\u00bb custom_padding=\u00bb6px|||||\u00bb global_colors_info=\u00bb{}\u00bb][et_pb_column_inner saved_specialty_column_type=\u00bb1_2&#8243; _builder_version=\u00bb4.17.4&#8243; _module_preset=\u00bbdefault\u00bb global_colors_info=\u00bb{}\u00bb][et_pb_button button_url=\u00bbhttps:\/\/www.missionsvalencia.eu\/cpivalencia\/consulta-preliminar-del-mercado-de-ideas-de-soluciones-innovadoras\/?reto=Reto%203%20URBANISMO%20Y%20HABITAT%20SOSTENIBLE\u00bb url_new_window=\u00bbon\u00bb button_text=\u00bbProp\u00f3n una idea de soluci\u00f3n\u00bb button_alignment=\u00bbcenter\u00bb button_alignment_tablet=\u00bb\u00bb button_alignment_phone=\u00bb\u00bb button_alignment_last_edited=\u00bbon|desktop\u00bb module_class=\u00bbboton_formulario_cpi\u00bb _builder_version=\u00bb4.17.4&#8243; _module_preset=\u00bbdefault\u00bb custom_padding=\u00bb18px|131px|18px|131px|true|true\u00bb custom_padding_tablet=\u00bb\u00bb custom_padding_phone=\u00bb\u00bb custom_padding_last_edited=\u00bbon|desktop\u00bb global_colors_info=\u00bb{}\u00bb][\/et_pb_button][\/et_pb_column_inner][\/et_pb_row_inner][\/et_pb_column][et_pb_column type=\u00bb1_2&#8243; _builder_version=\u00bb4.16&#8243; custom_padding=\u00bb|||\u00bb global_colors_info=\u00bb{}\u00bb custom_padding__hover=\u00bb|||\u00bb][et_pb_video src=\u00bbhttps:\/\/www.youtube.com\/watch?v=u28g95sUDPY\u00bb _builder_version=\u00bb4.17.4&#8243; _module_preset=\u00bbdefault\u00bb hover_enabled=\u00bb0&#8243; sticky_enabled=\u00bb0&#8243;][\/et_pb_video][\/et_pb_column][\/et_pb_section][et_pb_section fb_built=\u00bb1&#8243; _builder_version=\u00bb4.16&#8243; _module_preset=\u00bbdefault\u00bb custom_padding=\u00bb7px||76px|||\u00bb global_colors_info=\u00bb{}\u00bb][et_pb_row _builder_version=\u00bb4.16&#8243; _module_preset=\u00bbdefault\u00bb custom_padding=\u00bb15px|||||\u00bb global_colors_info=\u00bb{}\u00bb][et_pb_column type=\u00bb4_4&#8243; _builder_version=\u00bb4.16&#8243; _module_preset=\u00bbdefault\u00bb global_colors_info=\u00bb{}\u00bb][et_pb_text _builder_version=\u00bb4.16&#8243; _module_preset=\u00bbdefault\u00bb custom_margin=\u00bb||31px|||\u00bb global_colors_info=\u00bb{}\u00bb]<\/p>\n<h2>Objetivos espec\u00edficos<\/h2>\n<p>[\/et_pb_text][et_pb_text _builder_version=\u00bb4.16&#8243; _module_preset=\u00bbdefault\u00bb ul_line_height=\u00bb1.7em\u00bb text_orientation=\u00bbjustified\u00bb global_colors_info=\u00bb{}\u00bb]<\/p>\n<ul>\n<li>Desplegar sistemas inteligentes de gesti\u00f3n de la energ\u00eda y respuesta de la demanda para domicilios, comercios e infraestructuras p\u00fablicas.<\/li>\n<li>Explorar el potencial de los gemelos digitales para la gesti\u00f3n energ\u00e9tica municipal, incluso integrando los consumos de los espacios p\u00fablicos y privados.<\/li>\n<li>Intensificar el uso de las redes y microrredes de distrito ligadas a comunidades energ\u00e9ticas. Incluso con sistemas de gesti\u00f3n digitalizada.<\/li>\n<li>Implantar sistemas de mejora de envolventes, sistemas de aislamiento t\u00e9rmico exterior e interior (principalmente los fabricados con un modelo de econom\u00eda circular) y sistemas de aislamiento con conducci\u00f3n t\u00e9rmica inteligente pasiva de calor.<\/li>\n<li>Impulsar la mejora de aislamiento energ\u00e9tico de edificios y viviendas de la ciudad de manera masiva, a trav\u00e9s de soluciones t\u00e9cnicas estandarizadas y modelos de negocio que permitan la agrupaci\u00f3n de demanda y la actuaci\u00f3n conjunta a gran escala.<\/li>\n<li>Implantar sistemas de aislamiento basados en biomasa vegetal de origen local.<\/li>\n<li>Implantar e impulsar la adopci\u00f3n de recubrimientos con propiedades reflectivas y emisivas mejoradas.<\/li>\n<li>Explorar el potencial de los materiales de recubrimiento y revestimiento con capacidad de absorci\u00f3n de CO2.<\/li>\n<li>Desplegar soluciones constructivas basadas en cerramientos con propiedades t\u00e9rmicas mejoradas.<\/li>\n<li>Impulsar la adopci\u00f3n de sistemas de recuperaci\u00f3n del calor residual dom\u00e9stico (individuales y comunitarios) de aguas grises, electrodom\u00e9sticos, y sistemas centralizados de energ\u00eda t\u00e9rmica, en combinaci\u00f3n con transformadores de calor basados en el principio de la bomba de calor. Incluso sistemas de recuperaci\u00f3n de calor de aguas grises de colectores urbanos.<\/li>\n<li>Implantar sistemas de recuperaci\u00f3n del calor industrial y comercial (grandes centros de proceso de datos, lavander\u00edas, cocinas de bares y restaurantes, mataderos, centros de distribuci\u00f3n log\u00edstica\u2026 etc.) hibridados con bombas de calor de media y alta temperatura y equipos de refrigeraci\u00f3n.<\/li>\n<li>Desplegar sistemas de climatizaci\u00f3n basados en bombas de calor de alta eficiencia en sustituci\u00f3n de los sistemas de generaci\u00f3n de calor convencionales.<\/li>\n<li>Desplegar sistemas de climatizaci\u00f3n y ACS basados en bombas de calor centralizadas de alta eficiencia y dise\u00f1o modular en sustituci\u00f3n de los sistemas de generaci\u00f3n convencionales basados en combustibles f\u00f3siles. Incluso soluciones hibridadas con sistemas convencionales e integradas con sistemas de generaci\u00f3n de energ\u00eda renovable local y almacenamiento de energ\u00eda con un control inteligente de producci\u00f3n de fr\u00edo, calor y ACS.<\/li>\n<li>Explorar el potencial de las soluciones de climatizaci\u00f3n basadas en la geotermia, incluso trabajando con las aguas subterr\u00e1neas de la ciudad y su red de agua de baja presi\u00f3n.<\/li>\n<li>Implantar e impulsar la adopci\u00f3n de soluciones alineadas con los objetivos de la Nueva Bauhaus Europea en las nuevas edificaciones y planes urban\u00edsticos.<\/li>\n<li>Explorar el uso de sistemas de medici\u00f3n ambiental del espacio p\u00fablico reequilibrando infraestructuras verdes y azules.<\/li>\n<li>En general, impulsar la mejora de la eficiencia energ\u00e9tica y la reducci\u00f3n de emisiones en edificios, espacios, infraestructuras e instalaciones, p\u00fablicos y privados, en la Ciudad.<\/li>\n<\/ul>\n<p>[\/et_pb_text][\/et_pb_column][\/et_pb_row][\/et_pb_section]<\/p>\n","protected":false},"excerpt":{"rendered":"<p>Reto 3: Urbanismo y h\u00e1bitat sostenibleAdaptaci\u00f3n y renovaci\u00f3n de las infraestructuras, equipamiento, edificios y viviendas, p\u00fablicos y privados, a fin de optimizar su eficiencia energ\u00e9tica y emisiones de la ciudad.Objetivos espec\u00edficos Desplegar sistemas inteligentes de gesti\u00f3n de la energ\u00eda y respuesta de la demanda para domicilios, comercios e infraestructuras p\u00fablicas. Explorar el potencial de los [&hellip;]<\/p>\n","protected":false},"author":1,"featured_media":0,"parent":0,"menu_order":0,"comment_status":"closed","ping_status":"closed","template":"","meta":{"_et_pb_use_builder":"on","_et_pb_old_content":"","_et_gb_content_width":"","inline_featured_image":false},"yoast_head":"<!-- This site is optimized with the Yoast SEO plugin v19.3 - https:\/\/yoast.com\/wordpress\/plugins\/seo\/ -->\n<title>Reto 3: Urbanismo y h\u00e1bitat sostenible - CPI Val&egrave;ncia<\/title>\n<meta name=\"robots\" content=\"index, follow, max-snippet:-1, max-image-preview:large, max-video-preview:-1\" \/>\n<link rel=\"canonical\" href=\"https:\/\/www.missionsvalencia.eu\/cpivalencia\/reto-3-urbanismo-y-habitat-sostenible\/\" \/>\n<meta property=\"og:locale\" content=\"es_ES\" \/>\n<meta property=\"og:type\" content=\"article\" \/>\n<meta property=\"og:title\" content=\"Reto 3: Urbanismo y h\u00e1bitat sostenible - CPI Val&egrave;ncia\" \/>\n<meta property=\"og:description\" content=\"Reto 3: Urbanismo y h\u00e1bitat sostenibleAdaptaci\u00f3n y renovaci\u00f3n de las infraestructuras, equipamiento, edificios y viviendas, p\u00fablicos y privados, a fin de optimizar su eficiencia energ\u00e9tica y emisiones de la ciudad.Objetivos espec\u00edficos Desplegar sistemas inteligentes de gesti\u00f3n de la energ\u00eda y respuesta de la demanda para domicilios, comercios e infraestructuras p\u00fablicas. Explorar el potencial de los [&hellip;]\" \/>\n<meta property=\"og:url\" content=\"https:\/\/www.missionsvalencia.eu\/cpivalencia\/reto-3-urbanismo-y-habitat-sostenible\/\" \/>\n<meta property=\"og:site_name\" content=\"CPI Val&egrave;ncia\" \/>\n<meta property=\"article:publisher\" content=\"https:\/\/www.facebook.com\/LasNavesINN\" \/>\n<meta property=\"article:modified_time\" content=\"2022-07-12T11:43:02+00:00\" \/>\n<meta property=\"og:image\" content=\"https:\/\/www.missionsvalencia.eu\/cpivalencia\/wp-content\/uploads\/2021\/08\/CPI_vlc_logo_color.png\" \/>\n\t<meta property=\"og:image:width\" content=\"842\" \/>\n\t<meta property=\"og:image:height\" content=\"596\" \/>\n\t<meta property=\"og:image:type\" content=\"image\/png\" \/>\n<meta name=\"twitter:card\" content=\"summary_large_image\" \/>\n<meta name=\"twitter:site\" content=\"@lasnavesINN\" \/>\n<script type=\"application\/ld+json\" class=\"yoast-schema-graph\">{\"@context\":\"https:\/\/schema.org\",\"@graph\":[{\"@type\":\"Organization\",\"@id\":\"https:\/\/www.missionsvalencia.eu\/cpivalencia\/#organization\",\"name\":\"COMPRA P\u00daBLICA DE INNOVACI\u00d3N - CPI Val\u00e8ncia\",\"url\":\"https:\/\/www.missionsvalencia.eu\/cpivalencia\/\",\"sameAs\":[\"https:\/\/www.instagram.com\/LASNAVES\/\",\"https:\/\/www.facebook.com\/LasNavesINN\",\"https:\/\/twitter.com\/lasnavesINN\"],\"logo\":{\"@type\":\"ImageObject\",\"inLanguage\":\"es\",\"@id\":\"https:\/\/www.missionsvalencia.eu\/cpivalencia\/#\/schema\/logo\/image\/\",\"url\":\"https:\/\/www.missionsvalencia.eu\/cpivalencia\/wp-content\/uploads\/2021\/07\/CPI_vlc_logo_color.png\",\"contentUrl\":\"https:\/\/www.missionsvalencia.eu\/cpivalencia\/wp-content\/uploads\/2021\/07\/CPI_vlc_logo_color.png\",\"width\":842,\"height\":596,\"caption\":\"COMPRA P\u00daBLICA DE INNOVACI\u00d3N - CPI Val\u00e8ncia\"},\"image\":{\"@id\":\"https:\/\/www.missionsvalencia.eu\/cpivalencia\/#\/schema\/logo\/image\/\"}},{\"@type\":\"WebSite\",\"@id\":\"https:\/\/www.missionsvalencia.eu\/cpivalencia\/#website\",\"url\":\"https:\/\/www.missionsvalencia.eu\/cpivalencia\/\",\"name\":\"CPI Val&egrave;ncia\",\"description\":\"Compra P&uacute;blica de Innovaci&oacute;n dirigida a Val&egrave;ncia, una herramienta de innovaci&oacute;n.\",\"publisher\":{\"@id\":\"https:\/\/www.missionsvalencia.eu\/cpivalencia\/#organization\"},\"potentialAction\":[{\"@type\":\"SearchAction\",\"target\":{\"@type\":\"EntryPoint\",\"urlTemplate\":\"https:\/\/www.missionsvalencia.eu\/cpivalencia\/?s={search_term_string}\"},\"query-input\":\"required name=search_term_string\"}],\"inLanguage\":\"es\"},{\"@type\":\"WebPage\",\"@id\":\"https:\/\/www.missionsvalencia.eu\/cpivalencia\/reto-3-urbanismo-y-habitat-sostenible\/\",\"url\":\"https:\/\/www.missionsvalencia.eu\/cpivalencia\/reto-3-urbanismo-y-habitat-sostenible\/\",\"name\":\"Reto 3: Urbanismo y h\u00e1bitat sostenible - CPI Val&egrave;ncia\",\"isPartOf\":{\"@id\":\"https:\/\/www.missionsvalencia.eu\/cpivalencia\/#website\"},\"datePublished\":\"2022-06-08T06:58:48+00:00\",\"dateModified\":\"2022-07-12T11:43:02+00:00\",\"breadcrumb\":{\"@id\":\"https:\/\/www.missionsvalencia.eu\/cpivalencia\/reto-3-urbanismo-y-habitat-sostenible\/#breadcrumb\"},\"inLanguage\":\"es\",\"potentialAction\":[{\"@type\":\"ReadAction\",\"target\":[\"https:\/\/www.missionsvalencia.eu\/cpivalencia\/reto-3-urbanismo-y-habitat-sostenible\/\"]}]},{\"@type\":\"BreadcrumbList\",\"@id\":\"https:\/\/www.missionsvalencia.eu\/cpivalencia\/reto-3-urbanismo-y-habitat-sostenible\/#breadcrumb\",\"itemListElement\":[{\"@type\":\"ListItem\",\"position\":1,\"name\":\"Portada\",\"item\":\"https:\/\/www.missionsvalencia.eu\/cpivalencia\/\"},{\"@type\":\"ListItem\",\"position\":2,\"name\":\"Reto 3: Urbanismo y h\u00e1bitat sostenible\"}]}]}<\/script>\n<!-- \/ Yoast SEO plugin. -->","yoast_head_json":{"title":"Reto 3: Urbanismo y h\u00e1bitat sostenible - CPI Val&egrave;ncia","robots":{"index":"index","follow":"follow","max-snippet":"max-snippet:-1","max-image-preview":"max-image-preview:large","max-video-preview":"max-video-preview:-1"},"canonical":"https:\/\/www.missionsvalencia.eu\/cpivalencia\/reto-3-urbanismo-y-habitat-sostenible\/","og_locale":"es_ES","og_type":"article","og_title":"Reto 3: Urbanismo y h\u00e1bitat sostenible - CPI Val&egrave;ncia","og_description":"Reto 3: Urbanismo y h\u00e1bitat sostenibleAdaptaci\u00f3n y renovaci\u00f3n de las infraestructuras, equipamiento, edificios y viviendas, p\u00fablicos y privados, a fin de optimizar su eficiencia energ\u00e9tica y emisiones de la ciudad.Objetivos espec\u00edficos Desplegar sistemas inteligentes de gesti\u00f3n de la energ\u00eda y respuesta de la demanda para domicilios, comercios e infraestructuras p\u00fablicas. Explorar el potencial de los [&hellip;]","og_url":"https:\/\/www.missionsvalencia.eu\/cpivalencia\/reto-3-urbanismo-y-habitat-sostenible\/","og_site_name":"CPI Val&egrave;ncia","article_publisher":"https:\/\/www.facebook.com\/LasNavesINN","article_modified_time":"2022-07-12T11:43:02+00:00","og_image":[{"width":842,"height":596,"url":"https:\/\/www.missionsvalencia.eu\/cpivalencia\/wp-content\/uploads\/2021\/08\/CPI_vlc_logo_color.png","type":"image\/png"}],"twitter_card":"summary_large_image","twitter_site":"@lasnavesINN","schema":{"@context":"https:\/\/schema.org","@graph":[{"@type":"Organization","@id":"https:\/\/www.missionsvalencia.eu\/cpivalencia\/#organization","name":"COMPRA P\u00daBLICA DE INNOVACI\u00d3N - CPI Val\u00e8ncia","url":"https:\/\/www.missionsvalencia.eu\/cpivalencia\/","sameAs":["https:\/\/www.instagram.com\/LASNAVES\/","https:\/\/www.facebook.com\/LasNavesINN","https:\/\/twitter.com\/lasnavesINN"],"logo":{"@type":"ImageObject","inLanguage":"es","@id":"https:\/\/www.missionsvalencia.eu\/cpivalencia\/#\/schema\/logo\/image\/","url":"https:\/\/www.missionsvalencia.eu\/cpivalencia\/wp-content\/uploads\/2021\/07\/CPI_vlc_logo_color.png","contentUrl":"https:\/\/www.missionsvalencia.eu\/cpivalencia\/wp-content\/uploads\/2021\/07\/CPI_vlc_logo_color.png","width":842,"height":596,"caption":"COMPRA P\u00daBLICA DE INNOVACI\u00d3N - CPI Val\u00e8ncia"},"image":{"@id":"https:\/\/www.missionsvalencia.eu\/cpivalencia\/#\/schema\/logo\/image\/"}},{"@type":"WebSite","@id":"https:\/\/www.missionsvalencia.eu\/cpivalencia\/#website","url":"https:\/\/www.missionsvalencia.eu\/cpivalencia\/","name":"CPI Val&egrave;ncia","description":"Compra P&uacute;blica de Innovaci&oacute;n dirigida a Val&egrave;ncia, una herramienta de innovaci&oacute;n.","publisher":{"@id":"https:\/\/www.missionsvalencia.eu\/cpivalencia\/#organization"},"potentialAction":[{"@type":"SearchAction","target":{"@type":"EntryPoint","urlTemplate":"https:\/\/www.missionsvalencia.eu\/cpivalencia\/?s={search_term_string}"},"query-input":"required name=search_term_string"}],"inLanguage":"es"},{"@type":"WebPage","@id":"https:\/\/www.missionsvalencia.eu\/cpivalencia\/reto-3-urbanismo-y-habitat-sostenible\/","url":"https:\/\/www.missionsvalencia.eu\/cpivalencia\/reto-3-urbanismo-y-habitat-sostenible\/","name":"Reto 3: Urbanismo y h\u00e1bitat sostenible - CPI Val&egrave;ncia","isPartOf":{"@id":"https:\/\/www.missionsvalencia.eu\/cpivalencia\/#website"},"datePublished":"2022-06-08T06:58:48+00:00","dateModified":"2022-07-12T11:43:02+00:00","breadcrumb":{"@id":"https:\/\/www.missionsvalencia.eu\/cpivalencia\/reto-3-urbanismo-y-habitat-sostenible\/#breadcrumb"},"inLanguage":"es","potentialAction":[{"@type":"ReadAction","target":["https:\/\/www.missionsvalencia.eu\/cpivalencia\/reto-3-urbanismo-y-habitat-sostenible\/"]}]},{"@type":"BreadcrumbList","@id":"https:\/\/www.missionsvalencia.eu\/cpivalencia\/reto-3-urbanismo-y-habitat-sostenible\/#breadcrumb","itemListElement":[{"@type":"ListItem","position":1,"name":"Portada","item":"https:\/\/www.missionsvalencia.eu\/cpivalencia\/"},{"@type":"ListItem","position":2,"name":"Reto 3: Urbanismo y h\u00e1bitat sostenible"}]}]}},"_links":{"self":[{"href":"https:\/\/www.missionsvalencia.eu\/cpivalencia\/wp-json\/wp\/v2\/pages\/2247"}],"collection":[{"href":"https:\/\/www.missionsvalencia.eu\/cpivalencia\/wp-json\/wp\/v2\/pages"}],"about":[{"href":"https:\/\/www.missionsvalencia.eu\/cpivalencia\/wp-json\/wp\/v2\/types\/page"}],"author":[{"embeddable":true,"href":"https:\/\/www.missionsvalencia.eu\/cpivalencia\/wp-json\/wp\/v2\/users\/1"}],"replies":[{"embeddable":true,"href":"https:\/\/www.missionsvalencia.eu\/cpivalencia\/wp-json\/wp\/v2\/comments?post=2247"}],"version-history":[{"count":12,"href":"https:\/\/www.missionsvalencia.eu\/cpivalencia\/wp-json\/wp\/v2\/pages\/2247\/revisions"}],"predecessor-version":[{"id":2558,"href":"https:\/\/www.missionsvalencia.eu\/cpivalencia\/wp-json\/wp\/v2\/pages\/2247\/revisions\/2558"}],"wp:attachment":[{"href":"https:\/\/www.missionsvalencia.eu\/cpivalencia\/wp-json\/wp\/v2\/media?parent=2247"}],"curies":[{"name":"wp","href":"https:\/\/api.w.org\/{rel}","templated":true}]}}