{"id":2031,"date":"2022-04-04T11:18:09","date_gmt":"2022-04-04T11:18:09","guid":{"rendered":"https:\/\/www.missionsvalencia.eu\/cpivalencia\/?page_id=2031"},"modified":"2023-04-20T11:28:46","modified_gmt":"2023-04-20T11:28:46","slug":"consulta-preliminar-al-mercado","status":"publish","type":"page","link":"https:\/\/www.missionsvalencia.eu\/cpivalencia\/consulta-preliminar-al-mercado\/","title":{"rendered":"Consulta Preliminar al Mercado"},"content":{"rendered":"<p>[et_pb_section fb_built=\u00bb1&#8243; _builder_version=\u00bb4.16&#8243; _module_preset=\u00bbdefault\u00bb custom_padding=\u00bb46px||14px|||\u00bb global_colors_info=\u00bb{}\u00bb][et_pb_row custom_padding_last_edited=\u00bbon|desktop\u00bb _builder_version=\u00bb4.17.4&#8243; _module_preset=\u00bbdefault\u00bb custom_padding=\u00bb8px||8px||true|false\u00bb custom_padding_tablet=\u00bb8px||8px||true|false\u00bb custom_padding_phone=\u00bb8px||8px||true|false\u00bb global_colors_info=\u00bb{}\u00bb][et_pb_column type=\u00bb4_4&#8243; _builder_version=\u00bb4.17.4&#8243; _module_preset=\u00bbdefault\u00bb global_colors_info=\u00bb{}\u00bb][et_pb_menu menu_id=\u00bb88&#8243; menu_style=\u00bbcentered\u00bb active_link_color=\u00bb#222222&#8243; disabled_on=\u00bbon|on|off\u00bb module_id=\u00bbmenu-cpm\u00bb _builder_version=\u00bb4.17.4&#8243; _module_preset=\u00bbdefault\u00bb menu_font=\u00bbSpace Grotesk|600|||||||\u00bb menu_text_color=\u00bb#222222&#8243; menu_font_size=\u00bb23px\u00bb custom_margin_tablet=\u00bb\u00bb custom_margin_phone=\u00bb\u00bb custom_margin_last_edited=\u00bbon|desktop\u00bb custom_padding=\u00bb||||true|false\u00bb custom_padding_tablet=\u00bb25px||25px||true|false\u00bb custom_padding_phone=\u00bb25px||25px||true|false\u00bb custom_padding_last_edited=\u00bbon|desktop\u00bb menu_font_size_tablet=\u00bb20px\u00bb menu_font_size_phone=\u00bb20px\u00bb menu_font_size_last_edited=\u00bbon|desktop\u00bb border_radii=\u00bbon|18px|18px|18px|18px\u00bb border_width_bottom=\u00bb2px\u00bb box_shadow_blur_tablet=\u00bb\u00bb box_shadow_blur_phone=\u00bb\u00bb box_shadow_blur_last_edited=\u00bbon|desktop\u00bb global_colors_info=\u00bb{}\u00bb menu_text_color__hover_enabled=\u00bbon|desktop\u00bb menu_text_color__hover=\u00bb#f04650&#8243;][\/et_pb_menu][\/et_pb_column][\/et_pb_row][et_pb_row _builder_version=\u00bb4.16&#8243; _module_preset=\u00bbdefault\u00bb custom_margin=\u00bb14px|auto||auto||\u00bb custom_padding=\u00bb58px||6px|||\u00bb global_colors_info=\u00bb{}\u00bb][et_pb_column type=\u00bb4_4&#8243; _builder_version=\u00bb4.16&#8243; _module_preset=\u00bbdefault\u00bb global_colors_info=\u00bb{}\u00bb][et_pb_text _builder_version=\u00bb4.16&#8243; _module_preset=\u00bbdefault\u00bb header_line_height=\u00bb1.3em\u00bb global_colors_info=\u00bb{}\u00bb]<\/p>\n<h1>Consulta Preliminar de Mercado (CPM)<br \/> orientada a la Misi\u00f3n Clim\u00e1tica Val\u00e8ncia 2030<\/h1>\n<p>[\/et_pb_text][\/et_pb_column][\/et_pb_row][et_pb_row column_structure=\u00bb1_2,1_2&#8243; _builder_version=\u00bb4.16&#8243; _module_preset=\u00bbdefault\u00bb custom_padding=\u00bb39px||36px|||\u00bb global_colors_info=\u00bb{}\u00bb][et_pb_column type=\u00bb1_2&#8243; _builder_version=\u00bb4.16&#8243; _module_preset=\u00bbdefault\u00bb global_colors_info=\u00bb{}\u00bb][et_pb_text _builder_version=\u00bb4.16&#8243; _module_preset=\u00bbdefault\u00bb text_line_height=\u00bb1.6em\u00bb text_orientation=\u00bbjustified\u00bb global_colors_info=\u00bb{}\u00bb]<\/p>\n<p>Tras la elaboraci\u00f3n y presentaci\u00f3n de nuestro <strong><a href=\"https:\/\/www.missionsvalencia.eu\/cpivalencia\/mapa-demanda-temprana-valencia-2030\/\" target=\"_blank\" rel=\"noopener noreferrer\">Mapa de Demanda Temprana<\/a><\/strong> en julio del a\u00f1o 2021, fruto del trabajo colaborativo de agentes de todas las h\u00e9lices de innovaci\u00f3n de la ciudad y el territorio, nos encontr\u00e1bamos ante un inmenso reto: \u00bfc\u00f3mo priorizar los <strong>54 retos y las 305 necesidades p\u00fablicas<\/strong> no cubiertas susceptibles de ser resueltas mediante procedimientos CPI que se incorporaron a dicho Mapa?<\/p>\n<p>Lo cierto es que la respuesta era compleja, pero obvia. <strong>Ligar los procesos de Compra P\u00fablica de Innovaci\u00f3n<\/strong> y, por tanto, este trabajo para abordar los retos de la ciudad con la primera Misi\u00f3n aprobada: la Misi\u00f3n Clim\u00e1tica Val\u00e8ncia 2030, la cual aspira a conseguir que <strong>Val\u00e8ncia sea un ciudad clim\u00e1ticamente neutra en 2030<\/strong>, y hacerlo por y para la ciudadan\u00eda, dentro del contexto de la misi\u00f3n europea de 100 ciudades europeas Smart y clim\u00e1ticamente neutras en 2030.<\/p>\n<p>[\/et_pb_text][\/et_pb_column][et_pb_column type=\u00bb1_2&#8243; _builder_version=\u00bb4.16&#8243; _module_preset=\u00bbdefault\u00bb global_colors_info=\u00bb{}\u00bb][et_pb_image src=\u00bbhttps:\/\/www.missionsvalencia.eu\/cpivalencia\/wp-content\/uploads\/2022\/06\/sebastian-klein-HHg8ZNVU2Lc-unsplash.jpg\u00bb title_text=\u00bbsebastian-klein-HHg8ZNVU2Lc-unsplash\u00bb _builder_version=\u00bb4.16&#8243; _module_preset=\u00bbdefault\u00bb custom_margin=\u00bb7px||||false|false\u00bb custom_margin_tablet=\u00bb\u00bb custom_margin_phone=\u00bb\u00bb custom_margin_last_edited=\u00bbon|desktop\u00bb global_colors_info=\u00bb{}\u00bb][\/et_pb_image][\/et_pb_column][\/et_pb_row][et_pb_row column_structure=\u00bb1_4,1_4,1_4,1_4&#8243; use_custom_gutter=\u00bbon\u00bb gutter_width=\u00bb2&#8243; custom_padding_last_edited=\u00bbon|desktop\u00bb _builder_version=\u00bb4.16&#8243; _module_preset=\u00bbdefault\u00bb custom_margin=\u00bb|||||true\u00bb custom_margin_tablet=\u00bb\u00bb custom_margin_phone=\u00bb\u00bb custom_margin_last_edited=\u00bbon|desktop\u00bb custom_padding=\u00bb15px|0px|54px|0px|false|true\u00bb custom_padding_tablet=\u00bb\u00bb custom_padding_phone=\u00bb\u00bb global_colors_info=\u00bb{}\u00bb][et_pb_column type=\u00bb1_4&#8243; _builder_version=\u00bb4.16&#8243; _module_preset=\u00bbdefault\u00bb global_colors_info=\u00bb{}\u00bb][et_pb_image src=\u00bbhttps:\/\/www.missionsvalencia.eu\/cpivalencia\/wp-content\/uploads\/2022\/06\/chris-holgersson-iQKoSI25Lws-unsplash.jpg\u00bb title_text=\u00bbchris-holgersson-iQKoSI25Lws-unsplash\u00bb _builder_version=\u00bb4.16&#8243; _module_preset=\u00bbdefault\u00bb global_colors_info=\u00bb{}\u00bb][\/et_pb_image][\/et_pb_column][et_pb_column type=\u00bb1_4&#8243; _builder_version=\u00bb4.16&#8243; _module_preset=\u00bbdefault\u00bb global_colors_info=\u00bb{}\u00bb][et_pb_image src=\u00bbhttps:\/\/www.missionsvalencia.eu\/cpivalencia\/wp-content\/uploads\/2022\/06\/william-carletti-bXOv1gh4eL8-unsplash.jpg\u00bb title_text=\u00bbwilliam-carletti-bXOv1gh4eL8-unsplash\u00bb _builder_version=\u00bb4.16&#8243; _module_preset=\u00bbdefault\u00bb custom_padding=\u00bb||2px|||\u00bb global_colors_info=\u00bb{}\u00bb][\/et_pb_image][\/et_pb_column][et_pb_column type=\u00bb1_4&#8243; _builder_version=\u00bb4.16&#8243; _module_preset=\u00bbdefault\u00bb global_colors_info=\u00bb{}\u00bb][et_pb_image src=\u00bbhttps:\/\/www.missionsvalencia.eu\/cpivalencia\/wp-content\/uploads\/2022\/06\/al-elmes-lAB14K1gEjw-unsplash.jpg\u00bb title_text=\u00bbal-elmes-lAB14K1gEjw-unsplash\u00bb _builder_version=\u00bb4.16&#8243; _module_preset=\u00bbdefault\u00bb global_colors_info=\u00bb{}\u00bb][\/et_pb_image][\/et_pb_column][et_pb_column type=\u00bb1_4&#8243; _builder_version=\u00bb4.16&#8243; _module_preset=\u00bbdefault\u00bb global_colors_info=\u00bb{}\u00bb][et_pb_image src=\u00bbhttps:\/\/www.missionsvalencia.eu\/cpivalencia\/wp-content\/uploads\/2022\/06\/jonny-james-GNSkNOjAdlg-unsplash.jpg\u00bb title_text=\u00bbjonny-james-GNSkNOjAdlg-unsplash\u00bb _builder_version=\u00bb4.16&#8243; _module_preset=\u00bbdefault\u00bb global_colors_info=\u00bb{}\u00bb][\/et_pb_image][\/et_pb_column][\/et_pb_row][et_pb_row _builder_version=\u00bb4.16&#8243; _module_preset=\u00bbdefault\u00bb custom_padding=\u00bb0px||48px|||\u00bb global_colors_info=\u00bb{}\u00bb][et_pb_column type=\u00bb4_4&#8243; _builder_version=\u00bb4.16&#8243; _module_preset=\u00bbdefault\u00bb global_colors_info=\u00bb{}\u00bb][et_pb_text _builder_version=\u00bb4.17.4&#8243; _module_preset=\u00bbdefault\u00bb text_line_height=\u00bb1.6em\u00bb text_orientation=\u00bbjustified\u00bb custom_margin=\u00bb-4px|||||\u00bb global_colors_info=\u00bb{}\u00bb]<\/p>\n<p>El <strong>Mapa de Demanda Temprana Val\u00e8ncia 2030<\/strong> guarda una fuerte relaci\u00f3n con los objetivos que persigue la Misi\u00f3n Clim\u00e1tica, ya que todas las Miradas sobre las que reflexiona el Mapa presentan retos y necesidades p\u00fablicas no cubiertas que podr\u00edan hacer avanzar a la ciudad en su meta de neutralidad clim\u00e1tica empleando la Compra P\u00fablica de Innovaci\u00f3n como herramienta. Esta vinculaci\u00f3n tan estrecha nos ha conducido a la decisi\u00f3n de emplear la Misi\u00f3n Clim\u00e1tica Val\u00e8ncia 2030 como elemento de priorizaci\u00f3n y gu\u00eda principal para transformar el Mapa de Demanda Temprana Val\u00e8ncia 2030 en los procesos de Consulta Preliminar de Mercado que se van a abrir.<\/p>\n<p>Los 8 procesos simult\u00e1neos de Consulta Preliminar de Mercado se abren el <strong>22 de junio de 2022<\/strong>\u00a0<strong>a las 10:00h<\/strong> a trav\u00e9s de un evento p\u00fablico en el <strong>Paraninfo de la UPV (Universitat Polit\u00e8cnica de Val\u00e8ncia)<\/strong>, con el objetivo de identificar l\u00edneas de trabajo innovadoras para alcanzar la neutralidad clim\u00e1tica en la ciudad para el a\u00f1o 2030. En el evento se detallar\u00e1 toda la informaci\u00f3n relacionada con cada uno de los retos, as\u00ed como los detalles operativos para participar en este proceso de Consulta Preliminar de Mercado.<\/p>\n<p>[\/et_pb_text][\/et_pb_column][\/et_pb_row][et_pb_row _builder_version=\u00bb4.17.4&#8243; _module_preset=\u00bbdefault\u00bb custom_padding=\u00bb8px||79px|||\u00bb global_colors_info=\u00bb{}\u00bb][et_pb_column type=\u00bb4_4&#8243; _builder_version=\u00bb4.17.4&#8243; _module_preset=\u00bbdefault\u00bb global_colors_info=\u00bb{}\u00bb][et_pb_video src=\u00bbhttps:\/\/www.youtube.com\/watch?v=NiV4cEtALig\u00bb _builder_version=\u00bb4.17.4&#8243; _module_preset=\u00bbdefault\u00bb width=\u00bb100%\u00bb width_tablet=\u00bb60%\u00bb width_phone=\u00bb60%\u00bb width_last_edited=\u00bbon|desktop\u00bb module_alignment=\u00bbcenter\u00bb module_alignment_tablet=\u00bbcenter\u00bb module_alignment_phone=\u00bbcenter\u00bb module_alignment_last_edited=\u00bbon|desktop\u00bb global_colors_info=\u00bb{}\u00bb][\/et_pb_video][\/et_pb_column][\/et_pb_row][et_pb_row custom_padding_last_edited=\u00bbon|desktop\u00bb _builder_version=\u00bb4.16&#8243; _module_preset=\u00bbdefault\u00bb custom_padding=\u00bb4px||4px||true|false\u00bb custom_padding_tablet=\u00bb\u00bb custom_padding_phone=\u00bb\u00bb global_colors_info=\u00bb{}\u00bb][et_pb_column type=\u00bb4_4&#8243; _builder_version=\u00bb4.16&#8243; _module_preset=\u00bbdefault\u00bb global_colors_info=\u00bb{}\u00bb][et_pb_button button_url=\u00bb#retos\u00bb button_text=\u00bb\u00a1Conoce los retos de la Misi\u00f3n Clim\u00e1tica Val\u00e8ncia 2030!\u00bb button_alignment=\u00bbcenter\u00bb disabled_on=\u00bboff|off|off\u00bb module_class=\u00bbopen-toggle\u00bb _builder_version=\u00bb4.16&#8243; _module_preset=\u00bbdefault\u00bb custom_button=\u00bbon\u00bb button_text_size=\u00bb30px\u00bb button_text_color=\u00bb#ffffff\u00bb button_bg_color=\u00bb#0ab446&#8243; button_text_size_tablet=\u00bb20px\u00bb button_text_size_phone=\u00bb21px\u00bb button_text_size_last_edited=\u00bbon|tablet\u00bb global_colors_info=\u00bb{}\u00bb button_bg_color__hover_enabled=\u00bbon|hover\u00bb button_bg_color__hover=\u00bb#f04650&#8243; button_bg_enable_color__hover=\u00bbon\u00bb button_text_color__hover_enabled=\u00bbon|desktop\u00bb button_text_color__hover=\u00bb#ffffff\u00bb button_border_color__hover_enabled=\u00bbon|desktop\u00bb button_border_color__hover=\u00bbrgba(0,0,0,0)\u00bb][\/et_pb_button][\/et_pb_column][\/et_pb_row][et_pb_row _builder_version=\u00bb4.16&#8243; _module_preset=\u00bbdefault\u00bb custom_padding=\u00bb||18px|||\u00bb global_colors_info=\u00bb{}\u00bb][et_pb_column type=\u00bb4_4&#8243; _builder_version=\u00bb4.16&#8243; _module_preset=\u00bbdefault\u00bb global_colors_info=\u00bb{}\u00bb][et_pb_text _builder_version=\u00bb4.17.4&#8243; _module_preset=\u00bbdefault\u00bb global_colors_info=\u00bb{}\u00bb]<\/p>\n<p style=\"text-align: justify;\">La informaci\u00f3n se actualizar\u00e1 en esta web a medida que se vaya avanzando en este procedimiento, amparado por el Art\u00edculo 115 de la Ley 9\/2017, de 8 de noviembre, de Contratos del Sector P\u00fablico. Para cualquier duda en relaci\u00f3n con el funcionamiento global de la Consulta Preliminar de Mercado o con alg\u00fan aspecto t\u00e9cnico de cualquiera de los retos, te invitamos a emplear el <b>formulario online de dudas <\/b>que hemos habilitado en esta misma p\u00e1gina web. Las respuestas a estas dudas se ir\u00e1n recogiendo en los <b>documentos de <\/b><b>FAQs<\/b> que tambi\u00e9n encontrar\u00e9is en esta misma web. Por \u00faltimo, tambi\u00e9n ponemos a vuestra disposici\u00f3n el correo <strong><a href=\"mailto:cpi@lasnaves.com\">cpi@lasnaves.com<\/a><\/strong> para el env\u00edo de cualquier consideraci\u00f3n adicional.<\/p>\n<p style=\"text-align: justify;\">Finalmente, recordad que cont\u00e1is con el <strong>Banco de Ideas Innovadoras<\/strong> para aportar vuestras propuestas innovadoras en caso de que no se vinculen con ninguno de los 8 retos lanzados en este primer procedimiento de Consulta Preliminar de Mercado.<\/p>\n<p>[\/et_pb_text][\/et_pb_column][\/et_pb_row][\/et_pb_section][et_pb_section fb_built=\u00bb1&#8243; module_id=\u00bbretos\u00bb _builder_version=\u00bb4.17.4&#8243; _module_preset=\u00bbdefault\u00bb custom_padding=\u00bb11px||66px||false|false\u00bb scroll_vertical_motion=\u00bb0|50|50|100|0.5|0|0&#8243; global_colors_info=\u00bb{}\u00bb][et_pb_row column_structure=\u00bb1_4,1_4,1_4,1_4&#8243; module_id=\u00bbretos\u00bb _builder_version=\u00bb4.17.4&#8243; _module_preset=\u00bbdefault\u00bb custom_padding=\u00bb||21px|||\u00bb scroll_vertical_motion_enable=\u00bbon\u00bb scroll_vertical_motion=\u00bb0|50|50|100|1|0|0&#8243; global_colors_info=\u00bb{}\u00bb][et_pb_column type=\u00bb1_4&#8243; _builder_version=\u00bb4.16&#8243; _module_preset=\u00bbdefault\u00bb global_colors_info=\u00bb{}\u00bb][et_pb_blurb title=\u00bbReto 1&#8243; url=\u00bbhttps:\/\/www.missionsvalencia.eu\/cpivalencia\/reto-1-movilidad-sostenible\/\u00bb url_new_window=\u00bbon\u00bb image=\u00bbhttps:\/\/www.missionsvalencia.eu\/cpivalencia\/wp-content\/uploads\/2022\/04\/movilidad-sostenible.png\u00bb image_icon_width=\u00bb75%\u00bb _builder_version=\u00bb4.17.4&#8243; _module_preset=\u00bbdefault\u00bb header_text_align=\u00bbcenter\u00bb header_text_color=\u00bb#4eaa4a\u00bb header_line_height=\u00bb1.3em\u00bb body_font_size=\u00bb14px\u00bb body_line_height=\u00bb1.4em\u00bb text_orientation=\u00bbcenter\u00bb custom_margin=\u00bb||32px|||\u00bb image_max_width=\u00bb75%\u00bb global_colors_info=\u00bb{}\u00bb border_radii_image__hover_enabled=\u00bboff|desktop\u00bb border_radii_image__hover=\u00bbon||||\u00bb]<\/p>\n<h5>Movilidad sostenible<\/h5>\n<p>[\/et_pb_blurb][et_pb_button button_url=\u00bbhttps:\/\/www.missionsvalencia.eu\/cpivalencia\/reto-1-movilidad-sostenible\/\u00bb url_new_window=\u00bbon\u00bb button_text=\u00bbM\u00e1s informaci\u00f3n\u00bb button_alignment=\u00bbcenter\u00bb _builder_version=\u00bb4.16&#8243; _module_preset=\u00bbdefault\u00bb custom_button=\u00bbon\u00bb button_text_size=\u00bb16px\u00bb button_bg_color=\u00bb#222222&#8243; button_border_width=\u00bb0px\u00bb custom_margin=\u00bb||19px|||\u00bb custom_padding=\u00bb|20px||20px|false|true\u00bb global_colors_info=\u00bb{}\u00bb button_bg_color__hover_enabled=\u00bbon|hover\u00bb button_bg_color__hover=\u00bb#0ab446&#8243; button_bg_enable_color__hover=\u00bbon\u00bb button_text_color__hover_enabled=\u00bbon|hover\u00bb button_text_color__hover=\u00bb#ffffff\u00bb][\/et_pb_button][\/et_pb_column][et_pb_column type=\u00bb1_4&#8243; _builder_version=\u00bb4.16&#8243; _module_preset=\u00bbdefault\u00bb global_colors_info=\u00bb{}\u00bb][et_pb_blurb title=\u00bbReto 2&#8243; url=\u00bbhttps:\/\/www.missionsvalencia.eu\/cpivalencia\/reto-2-modelo-energetico\/\u00bb url_new_window=\u00bbon\u00bb image=\u00bbhttps:\/\/www.missionsvalencia.eu\/cpivalencia\/wp-content\/uploads\/2022\/04\/modelo-energetico.png\u00bb image_icon_width=\u00bb75%\u00bb _builder_version=\u00bb4.16&#8243; _module_preset=\u00bbdefault\u00bb header_text_align=\u00bbcenter\u00bb header_text_color=\u00bb#4eaa4a\u00bb header_line_height=\u00bb1.3em\u00bb body_font_size=\u00bb14px\u00bb body_line_height=\u00bb1.4em\u00bb text_orientation=\u00bbcenter\u00bb custom_margin=\u00bb||32px|||\u00bb image_max_width=\u00bb75%\u00bb global_colors_info=\u00bb{}\u00bb border_radii_image__hover_enabled=\u00bboff|desktop\u00bb border_radii_image__hover=\u00bbon||||\u00bb]<\/p>\n<h5>Modelo energ\u00e9tico<\/h5>\n<p>[\/et_pb_blurb][et_pb_button button_url=\u00bbhttps:\/\/www.missionsvalencia.eu\/cpivalencia\/reto-2-modelo-energetico\/\u00bb url_new_window=\u00bbon\u00bb button_text=\u00bbM\u00e1s informaci\u00f3n\u00bb button_alignment=\u00bbcenter\u00bb _builder_version=\u00bb4.16&#8243; _module_preset=\u00bbdefault\u00bb custom_button=\u00bbon\u00bb button_text_size=\u00bb16px\u00bb button_border_width=\u00bb0px\u00bb custom_margin=\u00bb||19px|||\u00bb custom_padding=\u00bb|20px||20px|false|true\u00bb global_colors_info=\u00bb{}\u00bb button_bg_color__hover_enabled=\u00bbon|hover\u00bb button_bg_color__hover=\u00bb#0ab446&#8243; button_bg_enable_color__hover=\u00bbon\u00bb button_text_color__hover_enabled=\u00bbon|hover\u00bb button_text_color__hover=\u00bb#ffffff\u00bb][\/et_pb_button][\/et_pb_column][et_pb_column type=\u00bb1_4&#8243; _builder_version=\u00bb4.16&#8243; _module_preset=\u00bbdefault\u00bb global_colors_info=\u00bb{}\u00bb][et_pb_blurb title=\u00bbReto 3&#8243; url=\u00bbhttps:\/\/www.missionsvalencia.eu\/cpivalencia\/reto-3-urbanismo-y-habitat-sostenible\/\u00bb url_new_window=\u00bbon\u00bb image=\u00bbhttps:\/\/www.missionsvalencia.eu\/cpivalencia\/wp-content\/uploads\/2022\/04\/urbanismo-sostenible.png\u00bb image_icon_width=\u00bb75%\u00bb _builder_version=\u00bb4.16&#8243; _module_preset=\u00bbdefault\u00bb header_text_align=\u00bbcenter\u00bb header_text_color=\u00bb#4eaa4a\u00bb header_line_height=\u00bb1.3em\u00bb body_font_size=\u00bb14px\u00bb body_line_height=\u00bb1.4em\u00bb text_orientation=\u00bbcenter\u00bb custom_margin=\u00bb||-5px|||\u00bb image_max_width=\u00bb75%\u00bb global_colors_info=\u00bb{}\u00bb border_radii_image__hover_enabled=\u00bboff|desktop\u00bb border_radii_image__hover=\u00bbon||||\u00bb]<\/p>\n<h5>Urbanismo y h\u00e1bitat sostenible\u00a0<\/h5>\n<p>&nbsp;<\/p>\n<p>[\/et_pb_blurb][et_pb_button button_url=\u00bbhttps:\/\/www.missionsvalencia.eu\/cpivalencia\/reto-3-urbanismo-y-habitat-sostenible\/\u00bb url_new_window=\u00bbon\u00bb button_text=\u00bbM\u00e1s informaci\u00f3n\u00bb button_alignment=\u00bbcenter\u00bb _builder_version=\u00bb4.16&#8243; _module_preset=\u00bbdefault\u00bb custom_button=\u00bbon\u00bb button_text_size=\u00bb16px\u00bb button_border_width=\u00bb0px\u00bb custom_margin=\u00bb||19px|||\u00bb custom_margin_tablet=\u00bb17px||17px||false|false\u00bb custom_margin_phone=\u00bb\u00bb custom_margin_last_edited=\u00bbon|tablet\u00bb custom_padding=\u00bb|20px||20px|false|true\u00bb global_colors_info=\u00bb{}\u00bb button_text_color__hover_enabled=\u00bbon|hover\u00bb button_text_color__hover=\u00bb#ffffff\u00bb button_bg_color__hover_enabled=\u00bbon|hover\u00bb button_bg_color__hover=\u00bb#0ab446&#8243; button_bg_enable_color__hover=\u00bbon\u00bb][\/et_pb_button][\/et_pb_column][et_pb_column type=\u00bb1_4&#8243; _builder_version=\u00bb4.16&#8243; _module_preset=\u00bbdefault\u00bb global_colors_info=\u00bb{}\u00bb][et_pb_blurb title=\u00bbReto 4&#8243; url=\u00bbhttps:\/\/www.missionsvalencia.eu\/cpivalencia\/reto-4-economia-valenciana-circular-y-sostenible\/\u00bb url_new_window=\u00bbon\u00bb image=\u00bbhttps:\/\/www.missionsvalencia.eu\/cpivalencia\/wp-content\/uploads\/2022\/04\/economia-circular.png\u00bb image_icon_width=\u00bb75%\u00bb _builder_version=\u00bb4.16&#8243; _module_preset=\u00bbdefault\u00bb header_text_align=\u00bbcenter\u00bb header_text_color=\u00bb#4eaa4a\u00bb header_line_height=\u00bb1.3em\u00bb body_font_size=\u00bb14px\u00bb body_line_height=\u00bb1.4em\u00bb text_orientation=\u00bbcenter\u00bb custom_margin=\u00bb||16px|||\u00bb image_max_width=\u00bb75%\u00bb global_colors_info=\u00bb{}\u00bb border_radii_image__hover_enabled=\u00bboff|desktop\u00bb border_radii_image__hover=\u00bbon||||\u00bb]<\/p>\n<h5>Econom\u00eda valenciana circular y sostenible<\/h5>\n<p>[\/et_pb_blurb][et_pb_button button_url=\u00bbhttps:\/\/www.missionsvalencia.eu\/cpivalencia\/reto-4-economia-valenciana-circular-y-sostenible\/\u00bb url_new_window=\u00bbon\u00bb button_text=\u00bbM\u00e1s informaci\u00f3n\u00bb button_alignment=\u00bbcenter\u00bb _builder_version=\u00bb4.16&#8243; _module_preset=\u00bbdefault\u00bb custom_button=\u00bbon\u00bb button_text_size=\u00bb16px\u00bb button_border_width=\u00bb0px\u00bb custom_margin=\u00bb||19px|||\u00bb custom_padding=\u00bb|20px||20px|false|true\u00bb global_colors_info=\u00bb{}\u00bb button_text_color__hover_enabled=\u00bbon|hover\u00bb button_text_color__hover=\u00bb#ffffff\u00bb button_bg_color__hover_enabled=\u00bbon|hover\u00bb button_bg_color__hover=\u00bb#0ab446&#8243; button_bg_enable_color__hover=\u00bbon\u00bb][\/et_pb_button][\/et_pb_column][\/et_pb_row][et_pb_row column_structure=\u00bb1_4,1_4,1_4,1_4&#8243; custom_padding_last_edited=\u00bbon|phone\u00bb _builder_version=\u00bb4.16&#8243; _module_preset=\u00bbdefault\u00bb custom_padding=\u00bb||42px|||\u00bb custom_padding_tablet=\u00bb\u00bb custom_padding_phone=\u00bb||0px||false|false\u00bb scroll_vertical_motion_enable=\u00bbon\u00bb scroll_vertical_motion=\u00bb0|50|50|100|1|0|0&#8243; global_colors_info=\u00bb{}\u00bb][et_pb_column type=\u00bb1_4&#8243; _builder_version=\u00bb4.16&#8243; _module_preset=\u00bbdefault\u00bb global_colors_info=\u00bb{}\u00bb][et_pb_blurb title=\u00bbReto 5&#8243; url=\u00bbhttps:\/\/www.missionsvalencia.eu\/cpivalencia\/reto-5-renaturalizacion\/\u00bb url_new_window=\u00bbon\u00bb image=\u00bbhttps:\/\/www.missionsvalencia.eu\/cpivalencia\/wp-content\/uploads\/2022\/04\/Imagen-cpivlc5.png\u00bb image_icon_width=\u00bb75%\u00bb _builder_version=\u00bb4.16&#8243; _module_preset=\u00bbdefault\u00bb header_text_align=\u00bbcenter\u00bb header_text_color=\u00bb#4eaa4a\u00bb header_line_height=\u00bb1.3em\u00bb body_font_size=\u00bb14px\u00bb body_line_height=\u00bb1.4em\u00bb text_orientation=\u00bbcenter\u00bb custom_margin=\u00bb||32px|||\u00bb image_max_width=\u00bb75%\u00bb global_colors_info=\u00bb{}\u00bb border_radii_image__hover_enabled=\u00bboff|desktop\u00bb border_radii_image__hover=\u00bbon||||\u00bb]<\/p>\n<h5>Renaturalizaci\u00f3n<\/h5>\n<p>[\/et_pb_blurb][et_pb_button button_url=\u00bbhttps:\/\/www.missionsvalencia.eu\/cpivalencia\/reto-5-renaturalizacion\/\u00bb url_new_window=\u00bbon\u00bb button_text=\u00bbM\u00e1s informaci\u00f3n\u00bb button_alignment=\u00bbcenter\u00bb _builder_version=\u00bb4.16&#8243; _module_preset=\u00bbdefault\u00bb custom_button=\u00bbon\u00bb button_text_size=\u00bb16px\u00bb button_border_width=\u00bb0px\u00bb custom_margin=\u00bb||19px|||\u00bb custom_padding=\u00bb|20px||20px|false|true\u00bb global_colors_info=\u00bb{}\u00bb button_bg_color__hover_enabled=\u00bbon|hover\u00bb button_bg_color__hover=\u00bb#0ab446&#8243; button_bg_enable_color__hover=\u00bbon\u00bb button_text_color__hover_enabled=\u00bbon|hover\u00bb button_text_color__hover=\u00bb#ffffff\u00bb][\/et_pb_button][\/et_pb_column][et_pb_column type=\u00bb1_4&#8243; _builder_version=\u00bb4.16&#8243; _module_preset=\u00bbdefault\u00bb global_colors_info=\u00bb{}\u00bb][et_pb_blurb title=\u00bbReto 6&#8243; url=\u00bbhttps:\/\/www.missionsvalencia.eu\/cpivalencia\/reto-6-resiliencia-y-adaptacion\/\u00bb url_new_window=\u00bbon\u00bb image=\u00bbhttps:\/\/www.missionsvalencia.eu\/cpivalencia\/wp-content\/uploads\/2022\/04\/Imagen-cpivlc6.png\u00bb image_icon_width=\u00bb75%\u00bb _builder_version=\u00bb4.16&#8243; _module_preset=\u00bbdefault\u00bb header_text_align=\u00bbcenter\u00bb header_text_color=\u00bb#4eaa4a\u00bb header_line_height=\u00bb1.3em\u00bb body_font_size=\u00bb14px\u00bb body_line_height=\u00bb1.4em\u00bb text_orientation=\u00bbcenter\u00bb custom_margin=\u00bb||32px|||\u00bb image_max_width=\u00bb75%\u00bb global_colors_info=\u00bb{}\u00bb border_radii_image__hover_enabled=\u00bboff|desktop\u00bb border_radii_image__hover=\u00bbon||||\u00bb]<\/p>\n<h5>Resiliencia y adaptaci\u00f3n<\/h5>\n<p>[\/et_pb_blurb][et_pb_button button_url=\u00bbhttps:\/\/www.missionsvalencia.eu\/cpivalencia\/reto-6-resiliencia-y-adaptacion\/\u00bb url_new_window=\u00bbon\u00bb button_text=\u00bbM\u00e1s informaci\u00f3n\u00bb button_alignment=\u00bbcenter\u00bb _builder_version=\u00bb4.16&#8243; _module_preset=\u00bbdefault\u00bb custom_button=\u00bbon\u00bb button_text_size=\u00bb16px\u00bb button_border_width=\u00bb0px\u00bb custom_margin=\u00bb||19px|||\u00bb custom_padding=\u00bb|20px||20px|false|true\u00bb global_colors_info=\u00bb{}\u00bb button_text_color__hover_enabled=\u00bbon|hover\u00bb button_text_color__hover=\u00bb#ffffff\u00bb button_bg_color__hover_enabled=\u00bbon|hover\u00bb button_bg_color__hover=\u00bb#0ab446&#8243; button_bg_enable_color__hover=\u00bbon\u00bb][\/et_pb_button][\/et_pb_column][et_pb_column type=\u00bb1_4&#8243; _builder_version=\u00bb4.16&#8243; _module_preset=\u00bbdefault\u00bb global_colors_info=\u00bb{}\u00bb][et_pb_blurb title=\u00bbReto 7&#8243; url=\u00bbhttps:\/\/www.missionsvalencia.eu\/cpivalencia\/reto-7-gobernanza-inteligente\/\u00bb url_new_window=\u00bbon\u00bb image=\u00bbhttps:\/\/www.missionsvalencia.eu\/cpivalencia\/wp-content\/uploads\/2022\/04\/Imagen-cpivlc7.png\u00bb image_icon_width=\u00bb75%\u00bb _builder_version=\u00bb4.16&#8243; _module_preset=\u00bbdefault\u00bb header_text_align=\u00bbcenter\u00bb header_text_color=\u00bb#4eaa4a\u00bb header_line_height=\u00bb1.3em\u00bb body_font_size=\u00bb14px\u00bb body_line_height=\u00bb1.4em\u00bb text_orientation=\u00bbcenter\u00bb custom_margin=\u00bb||32px|||\u00bb image_max_width=\u00bb75%\u00bb global_colors_info=\u00bb{}\u00bb border_radii_image__hover_enabled=\u00bboff|desktop\u00bb border_radii_image__hover=\u00bbon||||\u00bb]<\/p>\n<h5>Gobernanza inteligente<\/h5>\n<p>[\/et_pb_blurb][et_pb_button button_url=\u00bbhttps:\/\/www.missionsvalencia.eu\/cpivalencia\/reto-7-gobernanza-inteligente\/\u00bb url_new_window=\u00bbon\u00bb button_text=\u00bbM\u00e1s informaci\u00f3n\u00bb button_alignment=\u00bbcenter\u00bb _builder_version=\u00bb4.16&#8243; _module_preset=\u00bbdefault\u00bb custom_button=\u00bbon\u00bb button_text_size=\u00bb16px\u00bb button_border_width=\u00bb0px\u00bb custom_margin=\u00bb||19px|||\u00bb custom_padding=\u00bb|20px||20px|false|true\u00bb global_colors_info=\u00bb{}\u00bb button_bg_color__hover_enabled=\u00bbon|hover\u00bb button_bg_color__hover=\u00bb#0ab446&#8243; button_bg_enable_color__hover=\u00bbon\u00bb button_text_color__hover_enabled=\u00bbon|hover\u00bb button_text_color__hover=\u00bb#ffffff\u00bb][\/et_pb_button][\/et_pb_column][et_pb_column type=\u00bb1_4&#8243; _builder_version=\u00bb4.16&#8243; _module_preset=\u00bbdefault\u00bb global_colors_info=\u00bb{}\u00bb][et_pb_blurb title=\u00bbReto 8&#8243; url=\u00bbhttps:\/\/www.missionsvalencia.eu\/cpivalencia\/reto-8-implicacion-social\/\u00bb url_new_window=\u00bbon\u00bb image=\u00bbhttps:\/\/www.missionsvalencia.eu\/cpivalencia\/wp-content\/uploads\/2022\/04\/Imagen-cpivlc8.png\u00bb image_icon_width=\u00bb75%\u00bb _builder_version=\u00bb4.16&#8243; _module_preset=\u00bbdefault\u00bb header_text_align=\u00bbcenter\u00bb header_text_color=\u00bb#4eaa4a\u00bb header_line_height=\u00bb1.3em\u00bb body_font_size=\u00bb14px\u00bb body_line_height=\u00bb1.4em\u00bb text_orientation=\u00bbcenter\u00bb custom_margin=\u00bb||32px|||\u00bb image_max_width=\u00bb75%\u00bb global_colors_info=\u00bb{}\u00bb border_radii_image__hover_enabled=\u00bboff|desktop\u00bb border_radii_image__hover=\u00bbon||||\u00bb]<\/p>\n<h5>Implicaci\u00f3n social<\/h5>\n<p>[\/et_pb_blurb][et_pb_button button_url=\u00bbhttps:\/\/www.missionsvalencia.eu\/cpivalencia\/reto-8-implicacion-social\/\u00bb url_new_window=\u00bbon\u00bb button_text=\u00bbM\u00e1s informaci\u00f3n\u00bb button_alignment=\u00bbcenter\u00bb _builder_version=\u00bb4.16&#8243; _module_preset=\u00bbdefault\u00bb custom_button=\u00bbon\u00bb button_text_size=\u00bb16px\u00bb button_border_width=\u00bb0px\u00bb custom_margin=\u00bb||19px|||\u00bb custom_padding=\u00bb|20px||20px|false|true\u00bb global_colors_info=\u00bb{}\u00bb button_text_color__hover_enabled=\u00bbon|hover\u00bb button_text_color__hover=\u00bb#ffffff\u00bb button_bg_color__hover_enabled=\u00bbon|hover\u00bb button_bg_color__hover=\u00bb#0ab446&#8243; button_bg_enable_color__hover=\u00bbon\u00bb][\/et_pb_button][\/et_pb_column][\/et_pb_row][et_pb_row column_structure=\u00bb1_3,1_3,1_3&#8243; _builder_version=\u00bb4.17.4&#8243; _module_preset=\u00bbdefault\u00bb global_colors_info=\u00bb{}\u00bb][et_pb_column type=\u00bb1_3&#8243; _builder_version=\u00bb4.16&#8243; _module_preset=\u00bbdefault\u00bb global_colors_info=\u00bb{}\u00bb][et_pb_button button_url=\u00bbhttps:\/\/www.missionsvalencia.eu\/cpivalencia\/formulario-de-resolucion-de-dudas-cpm\/\u00bb url_new_window=\u00bbon\u00bb button_text=\u00bbResoluci\u00f3n de dudas\u00bb button_alignment=\u00bbcenter\u00bb button_alignment_tablet=\u00bb\u00bb button_alignment_phone=\u00bb\u00bb button_alignment_last_edited=\u00bbon|phone\u00bb _builder_version=\u00bb4.17.4&#8243; _module_preset=\u00bbdefault\u00bb custom_button=\u00bbon\u00bb button_text_size=\u00bb18px\u00bb button_text_color=\u00bb#ffffff\u00bb button_bg_color=\u00bb#3c6ee6&#8243; button_border_width=\u00bb0px\u00bb button_use_icon=\u00bboff\u00bb custom_margin=\u00bb|59px|||false|false\u00bb custom_margin_tablet=\u00bb|0px|||false|false\u00bb custom_margin_phone=\u00bb|-4px|||false|false\u00bb custom_margin_last_edited=\u00bbon|desktop\u00bb custom_padding=\u00bb21px|42px|21px|42px|true|true\u00bb custom_padding_tablet=\u00bb|74px||74px|false|true\u00bb custom_padding_phone=\u00bb|74px||74px|false|true\u00bb custom_padding_last_edited=\u00bbon|desktop\u00bb button_text_size_tablet=\u00bb\u00bb button_text_size_phone=\u00bb25px\u00bb button_text_size_last_edited=\u00bbon|desktop\u00bb global_colors_info=\u00bb{}\u00bb button_bg_color__hover_enabled=\u00bbon|hover\u00bb button_bg_color__hover=\u00bb#4e7be5&#8243; button_bg_enable_color__hover=\u00bbon\u00bb button_letter_spacing__hover_enabled=\u00bbon|hover\u00bb button_letter_spacing__hover=\u00bb0px\u00bb button_text_size__hover_enabled=\u00bbon|hover\u00bb button_text_size__hover=\u00bb18px\u00bb button_text__hover_enabled=\u00bbon|hover\u00bb custom_margin__hover_enabled=\u00bboff|desktop\u00bb custom_padding__hover_enabled=\u00bboff|desktop\u00bb button_text__hover=\u00bbResoluci\u00f3n de dudas\u00bb][\/et_pb_button][\/et_pb_column][et_pb_column type=\u00bb1_3&#8243; _builder_version=\u00bb4.16&#8243; _module_preset=\u00bbdefault\u00bb global_colors_info=\u00bb{}\u00bb][et_pb_button button_url=\u00bbhttps:\/\/www.missionsvalencia.eu\/cpivalencia\/wp-content\/uploads\/2022\/06\/DOCUMENTO-PREGUNTAS-FRECUENTES-FAQS-VALENCIA-1.pdf\u00bb url_new_window=\u00bbon\u00bb button_text=\u00bbFAQs\u00bb button_alignment=\u00bbcenter\u00bb button_alignment_tablet=\u00bbcenter\u00bb button_alignment_phone=\u00bbcenter\u00bb button_alignment_last_edited=\u00bbon|phone\u00bb _builder_version=\u00bb4.17.4&#8243; _module_preset=\u00bbdefault\u00bb custom_button=\u00bbon\u00bb button_text_size=\u00bb30px\u00bb button_text_color=\u00bb#ffffff\u00bb button_bg_color=\u00bb#f04650&#8243; button_border_width=\u00bb0px\u00bb button_use_icon=\u00bboff\u00bb custom_margin=\u00bb|||-143px|false|false\u00bb custom_margin_tablet=\u00bb|||0px|false|false\u00bb custom_margin_phone=\u00bb|||0px|false|false\u00bb custom_margin_last_edited=\u00bbon|desktop\u00bb custom_padding=\u00bb11px|137px|11px|137px|true|true\u00bb custom_padding_tablet=\u00bb|149px||149px|false|true\u00bb custom_padding_phone=\u00bb\u00bb custom_padding_last_edited=\u00bbon|tablet\u00bb button_text_size_tablet=\u00bb\u00bb button_text_size_phone=\u00bb25px\u00bb button_text_size_last_edited=\u00bbon|phone\u00bb global_colors_info=\u00bb{}\u00bb button_bg_color__hover_enabled=\u00bbon|hover\u00bb button_bg_color__hover=\u00bb#ef5d67&#8243; button_bg_enable_color__hover=\u00bbon\u00bb button_letter_spacing__hover_enabled=\u00bbon|hover\u00bb button_letter_spacing__hover=\u00bb0px\u00bb][\/et_pb_button][\/et_pb_column][et_pb_column type=\u00bb1_3&#8243; _builder_version=\u00bb4.16&#8243; _module_preset=\u00bbdefault\u00bb global_colors_info=\u00bb{}\u00bb][et_pb_button button_url=\u00bbhttps:\/\/www.missionsvalencia.eu\/cpivalencia\/wp-content\/uploads\/2022\/07\/CPM-VLC_PreguntasRespuestas_220728.pdf\u00bb url_new_window=\u00bbon\u00bb button_text=\u00bbPreguntas y respuestas\u00bb button_alignment=\u00bbcenter\u00bb button_alignment_tablet=\u00bbcenter\u00bb button_alignment_phone=\u00bbcenter\u00bb button_alignment_last_edited=\u00bbon|phone\u00bb _builder_version=\u00bb4.17.4&#8243; _module_preset=\u00bbdefault\u00bb custom_button=\u00bbon\u00bb button_text_size=\u00bb23px\u00bb button_text_color=\u00bb#ffffff\u00bb button_bg_color=\u00bb#0ab446&#8243; button_border_width=\u00bb0px\u00bb button_use_icon=\u00bboff\u00bb custom_margin=\u00bb|||-103px|false|false\u00bb custom_margin_tablet=\u00bb|||0px|false|false\u00bb custom_margin_phone=\u00bb|||0px|false|false\u00bb custom_margin_last_edited=\u00bbon|desktop\u00bb custom_padding=\u00bb17px|75px|17px|75px|true|true\u00bb custom_padding_tablet=\u00bb|149px||149px|false|true\u00bb custom_padding_phone=\u00bb\u00bb custom_padding_last_edited=\u00bbon|tablet\u00bb button_text_size_tablet=\u00bb\u00bb button_text_size_phone=\u00bb25px\u00bb button_text_size_last_edited=\u00bbon|phone\u00bb global_colors_info=\u00bb{}\u00bb button_bg_color__hover_enabled=\u00bbon|hover\u00bb button_bg_color__hover=\u00bb#4ab56f\u00bb button_bg_enable_color__hover=\u00bbon\u00bb button_letter_spacing__hover_enabled=\u00bbon|hover\u00bb button_letter_spacing__hover=\u00bb0px\u00bb][\/et_pb_button][\/et_pb_column][\/et_pb_row][et_pb_row module_id=\u00bbjornada\u00bb _builder_version=\u00bb4.17.4&#8243; _module_preset=\u00bbdefault\u00bb global_colors_info=\u00bb{}\u00bb][et_pb_column type=\u00bb4_4&#8243; _builder_version=\u00bb4.17.4&#8243; _module_preset=\u00bbdefault\u00bb global_colors_info=\u00bb{}\u00bb][et_pb_text _builder_version=\u00bb4.17.4&#8243; _module_preset=\u00bbdefault\u00bb header_font_size=\u00bb25px\u00bb header_line_height=\u00bb1.3em\u00bb header_font_size_tablet=\u00bb25px\u00bb header_font_size_phone=\u00bb25px\u00bb header_font_size_last_edited=\u00bbon|desktop\u00bb global_colors_info=\u00bb{}\u00bb]<\/p>\n<h2>Jornada de presentaci\u00f3n de los retos de transformaci\u00f3n urbana del Ajuntament de Val\u00e8ncia<\/h2>\n<p>[\/et_pb_text][et_pb_video src=\u00bbhttps:\/\/www.youtube.com\/watch?v=TdJn8UApmJw\u00bb _builder_version=\u00bb4.17.4&#8243; _module_preset=\u00bbdefault\u00bb custom_margin=\u00bb-21px|||||\u00bb global_colors_info=\u00bb{}\u00bb][\/et_pb_video][\/et_pb_column][\/et_pb_row][et_pb_row _builder_version=\u00bb4.17.4&#8243; _module_preset=\u00bbdefault\u00bb global_colors_info=\u00bb{}\u00bb][et_pb_column type=\u00bb4_4&#8243; _builder_version=\u00bb4.17.4&#8243; _module_preset=\u00bbdefault\u00bb global_colors_info=\u00bb{}\u00bb][et_pb_text _builder_version=\u00bb4.17.4&#8243; _module_preset=\u00bbdefault\u00bb text_font_size=\u00bb23px\u00bb custom_margin=\u00bb||5px|||\u00bb text_font_size_tablet=\u00bb23px\u00bb text_font_size_phone=\u00bb23px\u00bb text_font_size_last_edited=\u00bbon|desktop\u00bb global_colors_info=\u00bb{}\u00bb]<\/p>\n<p>Clipping de difusi\u00f3n de la jornada<\/p>\n<p>[\/et_pb_text][\/et_pb_column][\/et_pb_row][et_pb_row column_structure=\u00bb1_2,1_2&#8243; _builder_version=\u00bb4.17.4&#8243; _module_preset=\u00bbdefault\u00bb custom_padding=\u00bb4px|||||\u00bb global_colors_info=\u00bb{}\u00bb][et_pb_column type=\u00bb1_2&#8243; _builder_version=\u00bb4.17.4&#8243; _module_preset=\u00bbdefault\u00bb global_colors_info=\u00bb{}\u00bb][et_pb_text _builder_version=\u00bb4.17.4&#8243; _module_preset=\u00bbdefault\u00bb global_colors_info=\u00bb{}\u00bb]<\/p>\n<p>\u00b7 <a href=\"https:\/\/eur02.safelinks.protection.outlook.com\/?url=https%3A%2F%2Fvalenciaplaza.com%2Fvalencia-destinara-12-millones-compra-publica-innovacion-orientada-mision-climatica&amp;data=05%7C01%7Calejandra.garcia%40idom.com%7Cc06968a9e4114a62eb5708da5a8326ad%7Cb853f9774183428f855cffe7328b6f13%7C0%7C0%7C637921816607200895%7CUnknown%7CTWFpbGZsb3d8eyJWIjoiMC4wLjAwMDAiLCJQIjoiV2luMzIiLCJBTiI6Ik1haWwiLCJXVCI6Mn0%3D%7C3000%7C%7C%7C&amp;sdata=jEHez1lqLj3pWbtTUSX56s%2Bl7%2FDGrwY5oKOdwpeJRNU%3D&amp;reserved=0\">Valencia destinar\u00e1 12 millones en Compra P\u00fablica de Innovaci\u00f3n orientada a la Misi\u00f3n Clim\u00e1tica<\/a> (Valencia Plaza)<\/p>\n<p>\u00b7 <a href=\"https:\/\/eur02.safelinks.protection.outlook.com\/?url=https%3A%2F%2Fwww.valenciaextra.com%2Finnovacio%2Fvalencia-destinara-12-milions-euros-en-compra-publica-innovacio-orientada-missio-climatica_512240_102.html&amp;data=05%7C01%7Calejandra.garcia%40idom.com%7Cc06968a9e4114a62eb5708da5a8326ad%7Cb853f9774183428f855cffe7328b6f13%7C0%7C0%7C637921816607200895%7CUnknown%7CTWFpbGZsb3d8eyJWIjoiMC4wLjAwMDAiLCJQIjoiV2luMzIiLCJBTiI6Ik1haWwiLCJXVCI6Mn0%3D%7C3000%7C%7C%7C&amp;sdata=aMGHJeB24QEV1mKOFCzUZ0Vn4QDyJw1d3vp93UQzLiE%3D&amp;reserved=0\">Val\u00e8ncia destinar\u00e0 12 milions d&#8217;euros fins a 2026 en projectes de Compra P\u00fablica d&#8217;Innovaci\u00f3 orientats a la Missi\u00f3 Clim\u00e0tica Val\u00e8ncia 2030<\/a> (Val\u00e8ncia Extra)<\/p>\n<p>\u00b7 <a href=\"https:\/\/eur02.safelinks.protection.outlook.com\/?url=https%3A%2F%2Fwww.valenciaextra.com%2Fes%2Finnovacion%2Fvalencia-destinara-12-millones-euros-en-compra-publica-innovacion-orientada-mision-climatica_512240_102.html&amp;data=05%7C01%7Calejandra.garcia%40idom.com%7Cc06968a9e4114a62eb5708da5a8326ad%7Cb853f9774183428f855cffe7328b6f13%7C0%7C0%7C637921816607357129%7CUnknown%7CTWFpbGZsb3d8eyJWIjoiMC4wLjAwMDAiLCJQIjoiV2luMzIiLCJBTiI6Ik1haWwiLCJXVCI6Mn0%3D%7C3000%7C%7C%7C&amp;sdata=YWMfim08ljEZ2opmrCss5f6yxUgDA5baSyV0ao0ip%2F0%3D&amp;reserved=0\">Val\u00e8ncia destinar\u00e1 12 millones de euros hasta 2026 en proyectos de Compra P\u00fablica de Innovaci\u00f3n orientados a la Misi\u00f3n Clim\u00e1tica Val\u00e8ncia 2030<\/a> (Val\u00e8ncia Extra)<\/p>\n<p>\u00b7 <a href=\"https:\/\/eur02.safelinks.protection.outlook.com\/?url=https%3A%2F%2Fwww.elperiodic.com%2Fvalencia%2Fvalencia-destinara-millones-euros-compra-publica-innovacion-orientada-mision-climatica_833113&amp;data=05%7C01%7Calejandra.garcia%40idom.com%7Cc06968a9e4114a62eb5708da5a8326ad%7Cb853f9774183428f855cffe7328b6f13%7C0%7C0%7C637921816607357129%7CUnknown%7CTWFpbGZsb3d8eyJWIjoiMC4wLjAwMDAiLCJQIjoiV2luMzIiLCJBTiI6Ik1haWwiLCJXVCI6Mn0%3D%7C3000%7C%7C%7C&amp;sdata=QqWO1Nc%2B06TJyYCxZY3BDxyVzBLqkX2iUpZ3XPXGgBE%3D&amp;reserved=0\">Valencia destinar\u00e1 12 millones de euros en Compra P\u00fablica de Innovaci\u00f3n orientada a la Misi\u00f3n Clim\u00e1tica<\/a> (El Peri\u00f2dic)<\/p>\n<p>[\/et_pb_text][\/et_pb_column][et_pb_column type=\u00bb1_2&#8243; _builder_version=\u00bb4.17.4&#8243; _module_preset=\u00bbdefault\u00bb global_colors_info=\u00bb{}\u00bb][et_pb_text _builder_version=\u00bb4.17.4&#8243; _module_preset=\u00bbdefault\u00bb global_colors_info=\u00bb{}\u00bb]<\/p>\n<p>\u00b7 <a href=\"https:\/\/eur02.safelinks.protection.outlook.com\/?url=https%3A%2F%2Finnovacion.upv.es%2Fes%2Fla-upv-comprometida-con-la-compra-publica-de-innovacion-orientada-a-la-mision-climatica-valencia-2030%2F&amp;data=05%7C01%7Calejandra.garcia%40idom.com%7Cc06968a9e4114a62eb5708da5a8326ad%7Cb853f9774183428f855cffe7328b6f13%7C0%7C0%7C637921816607357129%7CUnknown%7CTWFpbGZsb3d8eyJWIjoiMC4wLjAwMDAiLCJQIjoiV2luMzIiLCJBTiI6Ik1haWwiLCJXVCI6Mn0%3D%7C3000%7C%7C%7C&amp;sdata=gytdA87n1Cm90UOd0Ts%2BFpuX1tvC2xRuiKoZK%2BoApgk%3D&amp;reserved=0\">La UPV comprometida con la Compra P\u00fablica de Innovaci\u00f3n orientada a la Misi\u00f3n Clim\u00e1tica Val\u00e8ncia 2030<\/a> (UPV)<\/p>\n<p>\u00b7 <a href=\"https:\/\/eur02.safelinks.protection.outlook.com\/?url=https%3A%2F%2Fwww.eysmunicipales.es%2Factualidad%2Fvalencia-destinara-12-millones-en-los-proximos-4-anos-a-proyectos-de-compra-publica-de-innovacion&amp;data=05%7C01%7Calejandra.garcia%40idom.com%7Cc06968a9e4114a62eb5708da5a8326ad%7Cb853f9774183428f855cffe7328b6f13%7C0%7C0%7C637921816607357129%7CUnknown%7CTWFpbGZsb3d8eyJWIjoiMC4wLjAwMDAiLCJQIjoiV2luMzIiLCJBTiI6Ik1haWwiLCJXVCI6Mn0%3D%7C3000%7C%7C%7C&amp;sdata=ASmrp4A%2FGSDYrm4h6oiAzvy%2F24jF6JUxYX42MN5cMLA%3D&amp;reserved=0\">Val\u00e8ncia destinar\u00e1 12 millones en los pr\u00f3ximos 4 a\u00f1os a proyectos de Compra P\u00fablica de Innovaci\u00f3n<\/a> (EyS Municipales)<\/p>\n<p>\u00b7 <a href=\"https:\/\/eur02.safelinks.protection.outlook.com\/?url=https%3A%2F%2Fceeivalencia.emprenemjunts.es%2F%3Fop%3D8%26n%3D28013&amp;data=05%7C01%7Calejandra.garcia%40idom.com%7Cc06968a9e4114a62eb5708da5a8326ad%7Cb853f9774183428f855cffe7328b6f13%7C0%7C0%7C637921816607357129%7CUnknown%7CTWFpbGZsb3d8eyJWIjoiMC4wLjAwMDAiLCJQIjoiV2luMzIiLCJBTiI6Ik1haWwiLCJXVCI6Mn0%3D%7C3000%7C%7C%7C&amp;sdata=SULLT%2BbF%2F%2BHPw7tS6S%2Fkqn9M05UofrAJA9CFri7OdEM%3D&amp;reserved=0\">Valencia destinar\u00e1 12 millones de euros en Compra P\u00fablica de Innovaci\u00f3n orientada a la Misi\u00f3n Clim\u00e1tica<\/a> (CEEI Valencia)<\/p>\n<p>\u00b7 <a href=\"https:\/\/eur02.safelinks.protection.outlook.com\/?url=http%3A%2F%2Fwww.upv.es%2Fnoticias-upv%2Fnoticia-13655-la-upv-comprom-es.html&amp;data=05%7C01%7Calejandra.garcia%40idom.com%7Cc06968a9e4114a62eb5708da5a8326ad%7Cb853f9774183428f855cffe7328b6f13%7C0%7C0%7C637921816607357129%7CUnknown%7CTWFpbGZsb3d8eyJWIjoiMC4wLjAwMDAiLCJQIjoiV2luMzIiLCJBTiI6Ik1haWwiLCJXVCI6Mn0%3D%7C3000%7C%7C%7C&amp;sdata=UyVTIttFr382TDjw25wrx39gVZWQ6XZMrlPEe%2FWdxjQ%3D&amp;reserved=0\">Misi\u00f3n Clim\u00e1tica Val\u00e8ncia 2030<\/a> (UPV)<\/p>\n<p>[\/et_pb_text][\/et_pb_column][\/et_pb_row][\/et_pb_section][et_pb_section fb_built=\u00bb1&#8243; disabled_on=\u00bbon|on|off\u00bb _builder_version=\u00bb4.17.4&#8243; _module_preset=\u00bbdefault\u00bb custom_padding=\u00bb27px||0px|||\u00bb top_divider_style=\u00bbcurve\u00bb top_divider_color=\u00bb#222222&#8243; top_divider_flip=\u00bbvertical|horizontal\u00bb global_colors_info=\u00bb{}\u00bb][\/et_pb_section][et_pb_section fb_built=\u00bb1&#8243; disabled_on=\u00bboff|off|off\u00bb module_id=\u00bbresultados\u00bb _builder_version=\u00bb4.17.4&#8243; _module_preset=\u00bbdefault\u00bb custom_padding=\u00bb0px||64px|||\u00bb global_colors_info=\u00bb{}\u00bb][et_pb_row _builder_version=\u00bb4.16&#8243; _module_preset=\u00bbdefault\u00bb custom_padding=\u00bb||6px|||\u00bb global_colors_info=\u00bb{}\u00bb][et_pb_column type=\u00bb4_4&#8243; _builder_version=\u00bb4.16&#8243; _module_preset=\u00bbdefault\u00bb global_colors_info=\u00bb{}\u00bb][et_pb_text _builder_version=\u00bb4.17.4&#8243; _module_preset=\u00bbdefault\u00bb header_line_height=\u00bb1.3em\u00bb global_colors_info=\u00bb{}\u00bb]<\/p>\n<h1><strong>Resultados de la Consulta Preliminar al Mercado orientada a la Misi\u00f3n Clim\u00e1tica Val\u00e8ncia 2030<\/strong><\/h1>\n<p>[\/et_pb_text][\/et_pb_column][\/et_pb_row][et_pb_row column_structure=\u00bb1_2,1_2&#8243; _builder_version=\u00bb4.16&#8243; _module_preset=\u00bbdefault\u00bb custom_padding=\u00bb39px||36px|||\u00bb global_colors_info=\u00bb{}\u00bb][et_pb_column type=\u00bb1_2&#8243; _builder_version=\u00bb4.16&#8243; _module_preset=\u00bbdefault\u00bb global_colors_info=\u00bb{}\u00bb][et_pb_text _builder_version=\u00bb4.17.4&#8243; _module_preset=\u00bbdefault\u00bb text_line_height=\u00bb1.6em\u00bb text_orientation=\u00bbjustified\u00bb global_colors_info=\u00bb{}\u00bb]<\/p>\n<p>Tras la apertura en junio de 2022 de los 8 procesos simult\u00e1neos de Consulta Preliminar de Mercado orientados a la Misi\u00f3n Clim\u00e1tica Val\u00e8ncia 2030, durante m\u00e1s de 6 meses el Ayuntamiento de Val\u00e8ncia, a partir del trabajo realizado por diez \u00c1reas\/Delegaciones y ocho entidades p\u00fablicas, ha desplegado un proceso de evaluaci\u00f3n de las 155 ideas y soluciones aportadas por parte de agentes innovadores de todo el Estado, aunque con una especial participaci\u00f3n por parte del ecosistema innovador valenciano.<\/p>\n<p>Los resultados de todo este proceso finalmente han sido hechos p\u00fablicos en la <strong>\u201cJornada de comunicaci\u00f3n al ecosistema innovador de los resultados de las consultas preliminares al mercado de los 8 retos orientados a la Misi\u00f3n Clim\u00e1tica Val\u00e8ncia 2030\u201d<\/strong>, celebrada el 27 de enero de 2023 en el centro de innovaci\u00f3n Las Naves.<\/p>\n<p>[\/et_pb_text][\/et_pb_column][et_pb_column type=\u00bb1_2&#8243; _builder_version=\u00bb4.16&#8243; _module_preset=\u00bbdefault\u00bb global_colors_info=\u00bb{}\u00bb][et_pb_image src=\u00bbhttps:\/\/www.missionsvalencia.eu\/cpivalencia\/wp-content\/uploads\/2023\/02\/52664578389_5a12080f99_k.jpg\u00bb title_text=\u00bb52664578389_5a12080f99_k\u00bb _builder_version=\u00bb4.17.4&#8243; _module_preset=\u00bbdefault\u00bb custom_margin=\u00bb7px||||false|false\u00bb custom_margin_tablet=\u00bb\u00bb custom_margin_phone=\u00bb\u00bb custom_margin_last_edited=\u00bbon|desktop\u00bb global_colors_info=\u00bb{}\u00bb][\/et_pb_image][\/et_pb_column][\/et_pb_row][et_pb_row column_structure=\u00bb1_4,1_4,1_4,1_4&#8243; use_custom_gutter=\u00bbon\u00bb gutter_width=\u00bb2&#8243; custom_padding_last_edited=\u00bbon|desktop\u00bb _builder_version=\u00bb4.16&#8243; _module_preset=\u00bbdefault\u00bb custom_margin=\u00bb|||||true\u00bb custom_margin_tablet=\u00bb\u00bb custom_margin_phone=\u00bb\u00bb custom_margin_last_edited=\u00bbon|desktop\u00bb custom_padding=\u00bb15px|0px|54px|0px|false|true\u00bb custom_padding_tablet=\u00bb\u00bb custom_padding_phone=\u00bb\u00bb global_colors_info=\u00bb{}\u00bb][et_pb_column type=\u00bb1_4&#8243; _builder_version=\u00bb4.16&#8243; _module_preset=\u00bbdefault\u00bb global_colors_info=\u00bb{}\u00bb][et_pb_image src=\u00bbhttps:\/\/www.missionsvalencia.eu\/cpivalencia\/wp-content\/uploads\/2023\/02\/52664728950_d98febe393_k.jpg\u00bb title_text=\u00bb52664728950_d98febe393_k\u00bb _builder_version=\u00bb4.17.4&#8243; _module_preset=\u00bbdefault\u00bb global_colors_info=\u00bb{}\u00bb][\/et_pb_image][\/et_pb_column][et_pb_column type=\u00bb1_4&#8243; _builder_version=\u00bb4.16&#8243; _module_preset=\u00bbdefault\u00bb global_colors_info=\u00bb{}\u00bb][et_pb_image src=\u00bbhttps:\/\/www.missionsvalencia.eu\/cpivalencia\/wp-content\/uploads\/2023\/02\/52664785943_c1470e41a5_k.jpg\u00bb title_text=\u00bb52664785943_c1470e41a5_k\u00bb _builder_version=\u00bb4.17.4&#8243; _module_preset=\u00bbdefault\u00bb custom_padding=\u00bb||2px|||\u00bb global_colors_info=\u00bb{}\u00bb][\/et_pb_image][\/et_pb_column][et_pb_column type=\u00bb1_4&#8243; _builder_version=\u00bb4.16&#8243; _module_preset=\u00bbdefault\u00bb global_colors_info=\u00bb{}\u00bb][et_pb_image src=\u00bbhttps:\/\/www.missionsvalencia.eu\/cpivalencia\/wp-content\/uploads\/2023\/02\/52664786253_8ca82a918c_k.jpg\u00bb title_text=\u00bb52664786253_8ca82a918c_k\u00bb _builder_version=\u00bb4.17.4&#8243; _module_preset=\u00bbdefault\u00bb global_colors_info=\u00bb{}\u00bb][\/et_pb_image][\/et_pb_column][et_pb_column type=\u00bb1_4&#8243; _builder_version=\u00bb4.16&#8243; _module_preset=\u00bbdefault\u00bb global_colors_info=\u00bb{}\u00bb][et_pb_image src=\u00bbhttps:\/\/www.missionsvalencia.eu\/cpivalencia\/wp-content\/uploads\/2023\/02\/52664582824_46fe1e7e73_k.jpg\u00bb title_text=\u00bb52664582824_46fe1e7e73_k\u00bb _builder_version=\u00bb4.17.4&#8243; _module_preset=\u00bbdefault\u00bb global_colors_info=\u00bb{}\u00bb][\/et_pb_image][\/et_pb_column][\/et_pb_row][et_pb_row _builder_version=\u00bb4.17.4&#8243; _module_preset=\u00bbdefault\u00bb custom_padding=\u00bb||69px|||\u00bb global_colors_info=\u00bb{}\u00bb][et_pb_column type=\u00bb4_4&#8243; _builder_version=\u00bb4.17.4&#8243; _module_preset=\u00bbdefault\u00bb global_colors_info=\u00bb{}\u00bb][et_pb_video src=\u00bbhttps:\/\/www.youtube.com\/watch?v=O1fNUezJRW4&#8243; _builder_version=\u00bb4.17.4&#8243; _module_preset=\u00bbdefault\u00bb global_colors_info=\u00bb{}\u00bb][\/et_pb_video][\/et_pb_column][\/et_pb_row][et_pb_row _builder_version=\u00bb4.17.4&#8243; _module_preset=\u00bbdefault\u00bb global_colors_info=\u00bb{}\u00bb][et_pb_column type=\u00bb4_4&#8243; _builder_version=\u00bb4.17.4&#8243; _module_preset=\u00bbdefault\u00bb global_colors_info=\u00bb{}\u00bb][et_pb_text _builder_version=\u00bb4.17.4&#8243; _module_preset=\u00bbdefault\u00bb global_colors_info=\u00bb{}\u00bb]<\/p>\n<p><span>Cumpliendo con lo establecido por el Art\u00edculo 115 de la Ley 9\/2017, de 8 de noviembre, de Contratos del Sector P\u00fablico, los resultados detallados de este proceso se recogen en el siguiente Informe de Conclusiones de la Consulta Preliminar de Mercado:<\/span><\/p>\n<p>[\/et_pb_text][\/et_pb_column][\/et_pb_row][et_pb_row _builder_version=\u00bb4.17.4&#8243; _module_preset=\u00bbdefault\u00bb custom_padding=\u00bb17px||17px||true|\u00bb global_colors_info=\u00bb{}\u00bb][et_pb_column type=\u00bb4_4&#8243; _builder_version=\u00bb4.17.4&#8243; _module_preset=\u00bbdefault\u00bb global_colors_info=\u00bb{}\u00bb][et_pb_text _builder_version=\u00bb4.17.4&#8243; _module_preset=\u00bbdefault\u00bb text_text_color=\u00bb#FFFFFF\u00bb text_font_size=\u00bb27px\u00bb background_color=\u00bb#f04650&#8243; text_orientation=\u00bbcenter\u00bb custom_margin=\u00bb|310px||310px|false|true\u00bb custom_margin_tablet=\u00bb|244px||244px|false|true\u00bb custom_margin_phone=\u00bb|244px||244px|false|true\u00bb custom_margin_last_edited=\u00bbon|desktop\u00bb custom_padding=\u00bb37px||37px||true|true\u00bb custom_padding_tablet=\u00bb45px||45px||true|true\u00bb custom_padding_phone=\u00bb45px||45px||true|true\u00bb custom_padding_last_edited=\u00bbon|desktop\u00bb link_option_url=\u00bbhttps:\/\/www.missionsvalencia.eu\/wp-content\/uploads\/2023\/04\/CPM2022VLC_InformeCierre_2023_Marzo.pdf\u00bb link_option_url_new_window=\u00bbon\u00bb hover_enabled=\u00bb0&#8243; text_font_size_tablet=\u00bb27px\u00bb text_font_size_phone=\u00bb27px\u00bb text_font_size_last_edited=\u00bbon|desktop\u00bb border_radii=\u00bbon|20px|20px|20px|20px\u00bb box_shadow_style=\u00bbpreset3&#8243; global_colors_info=\u00bb{}\u00bb custom_margin__hover_enabled=\u00bbon|hover\u00bb custom_margin__hover=\u00bb|302px||302px|false|true\u00bb custom_padding__hover_enabled=\u00bbon|hover\u00bb custom_padding__hover=\u00bb41px||41px||true|true\u00bb sticky_enabled=\u00bb0&#8243;]<\/p>\n<p>Informe de conclusiones<\/p>\n<p>[\/et_pb_text][\/et_pb_column][\/et_pb_row][et_pb_row column_structure=\u00bb1_2,1_2&#8243; _builder_version=\u00bb4.17.4&#8243; _module_preset=\u00bbdefault\u00bb custom_padding=\u00bb76px||82px|||\u00bb global_colors_info=\u00bb{}\u00bb][et_pb_column type=\u00bb1_2&#8243; _builder_version=\u00bb4.17.4&#8243; _module_preset=\u00bbdefault\u00bb global_colors_info=\u00bb{}\u00bb][dsm_perspective_image src=\u00bbhttps:\/\/www.missionsvalencia.eu\/cpivalencia\/wp-content\/uploads\/2023\/02\/Slide-mapa-imagen-scaled.jpg\u00bb title_text=\u00bbSlide mapa (imagen)\u00bb show_in_lightbox=\u00bbon\u00bb _builder_version=\u00bb4.17.4&#8243; _module_preset=\u00bbdefault\u00bb box_shadow_style=\u00bbpreset3&#8243; global_colors_info=\u00bb{}\u00bb][\/dsm_perspective_image][\/et_pb_column][et_pb_column type=\u00bb1_2&#8243; _builder_version=\u00bb4.17.4&#8243; _module_preset=\u00bbdefault\u00bb global_colors_info=\u00bb{}\u00bb][dsm_perspective_image src=\u00bbhttps:\/\/www.missionsvalencia.eu\/cpivalencia\/wp-content\/uploads\/2023\/02\/Imagen2.jpg\u00bb title_text=\u00bbImagen2&#8243; show_in_lightbox=\u00bbon\u00bb _builder_version=\u00bb4.17.4&#8243; _module_preset=\u00bbdefault\u00bb box_shadow_style=\u00bbpreset3&#8243; global_colors_info=\u00bb{}\u00bb][\/dsm_perspective_image][\/et_pb_column][\/et_pb_row][et_pb_row _builder_version=\u00bb4.17.4&#8243; _module_preset=\u00bbdefault\u00bb custom_padding=\u00bb||3px|||\u00bb global_colors_info=\u00bb{}\u00bb][et_pb_column type=\u00bb4_4&#8243; _builder_version=\u00bb4.17.4&#8243; _module_preset=\u00bbdefault\u00bb global_colors_info=\u00bb{}\u00bb][et_pb_text _builder_version=\u00bb4.17.4&#8243; _module_preset=\u00bbdefault\u00bb text_text_color=\u00bb#FFFFFF\u00bb text_font_size=\u00bb36px\u00bb background_color=\u00bb#0ab446&#8243; text_orientation=\u00bbcenter\u00bb custom_margin=\u00bb|0px||0px|false|true\u00bb custom_margin_tablet=\u00bb|203px||203px|false|true\u00bb custom_margin_phone=\u00bb|203px||203px|false|true\u00bb custom_margin_last_edited=\u00bbon|desktop\u00bb custom_padding=\u00bb31px||31px||true|false\u00bb custom_padding_tablet=\u00bb46px||46px||true|false\u00bb custom_padding_phone=\u00bb46px||46px||true|false\u00bb custom_padding_last_edited=\u00bbon|desktop\u00bb hover_enabled=\u00bb0&#8243; text_font_size_tablet=\u00bb36px\u00bb text_font_size_phone=\u00bb36px\u00bb text_font_size_last_edited=\u00bbon|desktop\u00bb text_orientation_tablet=\u00bbcenter\u00bb text_orientation_phone=\u00bbcenter\u00bb text_orientation_last_edited=\u00bbon|desktop\u00bb border_radii=\u00bbon|38px|38px|38px|38px\u00bb global_colors_info=\u00bb{}\u00bb sticky_enabled=\u00bb0&#8243;]<\/p>\n<p>\u00a1Conoce los resultados por reto!<\/p>\n<p>[\/et_pb_text][\/et_pb_column][\/et_pb_row][et_pb_row column_structure=\u00bb1_4,1_4,1_4,1_4&#8243; module_id=\u00bbretos\u00bb _builder_version=\u00bb4.17.4&#8243; _module_preset=\u00bbdefault\u00bb custom_padding=\u00bb70px||21px|||\u00bb scroll_vertical_motion_enable=\u00bbon\u00bb scroll_vertical_motion=\u00bb0|50|50|100|1|0|0&#8243; global_colors_info=\u00bb{}\u00bb][et_pb_column type=\u00bb1_4&#8243; _builder_version=\u00bb4.16&#8243; _module_preset=\u00bbdefault\u00bb global_colors_info=\u00bb{}\u00bb][et_pb_blurb title=\u00bbReto 1&#8243; url=\u00bbhttps:\/\/www.missionsvalencia.eu\/cpivalencia\/reto-1-movilidad-sostenible\/\u00bb url_new_window=\u00bbon\u00bb image=\u00bbhttps:\/\/www.missionsvalencia.eu\/cpivalencia\/wp-content\/uploads\/2022\/04\/movilidad-sostenible.png\u00bb image_icon_width=\u00bb75%\u00bb _builder_version=\u00bb4.17.4&#8243; _module_preset=\u00bbdefault\u00bb header_text_align=\u00bbcenter\u00bb header_text_color=\u00bb#4eaa4a\u00bb header_line_height=\u00bb1.3em\u00bb body_font_size=\u00bb14px\u00bb body_line_height=\u00bb1.4em\u00bb text_orientation=\u00bbcenter\u00bb custom_margin=\u00bb||32px|||\u00bb image_max_width=\u00bb75%\u00bb global_colors_info=\u00bb{}\u00bb border_radii_image__hover_enabled=\u00bboff|desktop\u00bb border_radii_image__hover=\u00bbon||||\u00bb]<\/p>\n<h5>Movilidad sostenible<\/h5>\n<p>[\/et_pb_blurb][dsm_button button_one_text=\u00bbResultados CPM\u00bb button_one_image_popup=\u00bbon\u00bb button_one_image_src=\u00bbhttps:\/\/www.missionsvalencia.eu\/cpivalencia\/wp-content\/uploads\/2023\/02\/Analisis-Reto-1-scaled.jpg\u00bb button_alignment=\u00bbcenter\u00bb separator_gap_tablet=\u00bb\u00bb separator_gap_phone=\u00bb\u00bb separator_gap_last_edited=\u00bbon|desktop\u00bb _builder_version=\u00bb4.17.4&#8243; _module_preset=\u00bbdefault\u00bb separator_text_font_size=\u00bb10px\u00bb custom_button_one=\u00bbon\u00bb button_one_text_size=\u00bb16px\u00bb separator_text_font_size_tablet=\u00bb10px\u00bb separator_text_font_size_phone=\u00bb10px\u00bb separator_text_font_size_last_edited=\u00bbon|desktop\u00bb button_one_text_size_tablet=\u00bb16px\u00bb button_one_text_size_phone=\u00bb16px\u00bb button_one_text_size_last_edited=\u00bbon|desktop\u00bb global_colors_info=\u00bb{}\u00bb][\/dsm_button][\/et_pb_column][et_pb_column type=\u00bb1_4&#8243; _builder_version=\u00bb4.16&#8243; _module_preset=\u00bbdefault\u00bb global_colors_info=\u00bb{}\u00bb][et_pb_blurb title=\u00bbReto 2&#8243; url=\u00bbhttps:\/\/www.missionsvalencia.eu\/cpivalencia\/reto-2-modelo-energetico\/\u00bb url_new_window=\u00bbon\u00bb image=\u00bbhttps:\/\/www.missionsvalencia.eu\/cpivalencia\/wp-content\/uploads\/2022\/04\/modelo-energetico.png\u00bb image_icon_width=\u00bb75%\u00bb _builder_version=\u00bb4.16&#8243; _module_preset=\u00bbdefault\u00bb header_text_align=\u00bbcenter\u00bb header_text_color=\u00bb#4eaa4a\u00bb header_line_height=\u00bb1.3em\u00bb body_font_size=\u00bb14px\u00bb body_line_height=\u00bb1.4em\u00bb text_orientation=\u00bbcenter\u00bb custom_margin=\u00bb||32px|||\u00bb image_max_width=\u00bb75%\u00bb global_colors_info=\u00bb{}\u00bb border_radii_image__hover_enabled=\u00bboff|desktop\u00bb border_radii_image__hover=\u00bbon||||\u00bb]<\/p>\n<h5>Modelo energ\u00e9tico<\/h5>\n<p>[\/et_pb_blurb][dsm_button button_one_text=\u00bbResultados CPM\u00bb button_one_image_popup=\u00bbon\u00bb button_one_image_src=\u00bbhttps:\/\/www.missionsvalencia.eu\/cpivalencia\/wp-content\/uploads\/2023\/02\/Analisis-Reto-2-scaled.jpg\u00bb button_alignment=\u00bbcenter\u00bb separator_gap_tablet=\u00bb\u00bb separator_gap_phone=\u00bb\u00bb separator_gap_last_edited=\u00bbon|desktop\u00bb _builder_version=\u00bb4.17.4&#8243; _module_preset=\u00bbdefault\u00bb separator_text_font_size=\u00bb10px\u00bb custom_button_one=\u00bbon\u00bb button_one_text_size=\u00bb16px\u00bb separator_text_font_size_tablet=\u00bb10px\u00bb separator_text_font_size_phone=\u00bb10px\u00bb separator_text_font_size_last_edited=\u00bbon|desktop\u00bb button_one_text_size_tablet=\u00bb16px\u00bb button_one_text_size_phone=\u00bb16px\u00bb button_one_text_size_last_edited=\u00bbon|desktop\u00bb global_colors_info=\u00bb{}\u00bb][\/dsm_button][\/et_pb_column][et_pb_column type=\u00bb1_4&#8243; _builder_version=\u00bb4.16&#8243; _module_preset=\u00bbdefault\u00bb global_colors_info=\u00bb{}\u00bb][et_pb_blurb title=\u00bbReto 3&#8243; url=\u00bbhttps:\/\/www.missionsvalencia.eu\/cpivalencia\/reto-3-urbanismo-y-habitat-sostenible\/\u00bb url_new_window=\u00bbon\u00bb image=\u00bbhttps:\/\/www.missionsvalencia.eu\/cpivalencia\/wp-content\/uploads\/2022\/04\/urbanismo-sostenible.png\u00bb image_icon_width=\u00bb75%\u00bb _builder_version=\u00bb4.16&#8243; _module_preset=\u00bbdefault\u00bb header_text_align=\u00bbcenter\u00bb header_text_color=\u00bb#4eaa4a\u00bb header_line_height=\u00bb1.3em\u00bb body_font_size=\u00bb14px\u00bb body_line_height=\u00bb1.4em\u00bb text_orientation=\u00bbcenter\u00bb custom_margin=\u00bb||-5px|||\u00bb image_max_width=\u00bb75%\u00bb global_colors_info=\u00bb{}\u00bb border_radii_image__hover_enabled=\u00bboff|desktop\u00bb border_radii_image__hover=\u00bbon||||\u00bb]<\/p>\n<h5>Urbanismo y h\u00e1bitat sostenible\u00a0<\/h5>\n<p>&nbsp;<\/p>\n<p>[\/et_pb_blurb][dsm_button button_one_text=\u00bbResultados CPM\u00bb button_one_image_popup=\u00bbon\u00bb button_one_image_src=\u00bbhttps:\/\/www.missionsvalencia.eu\/cpivalencia\/wp-content\/uploads\/2023\/02\/Analisis-Reto-3-scaled.jpg\u00bb button_alignment=\u00bbcenter\u00bb separator_gap_tablet=\u00bb\u00bb separator_gap_phone=\u00bb\u00bb separator_gap_last_edited=\u00bbon|desktop\u00bb _builder_version=\u00bb4.17.4&#8243; _module_preset=\u00bbdefault\u00bb separator_text_font_size=\u00bb10px\u00bb custom_button_one=\u00bbon\u00bb button_one_text_size=\u00bb16px\u00bb separator_text_font_size_tablet=\u00bb10px\u00bb separator_text_font_size_phone=\u00bb10px\u00bb separator_text_font_size_last_edited=\u00bbon|desktop\u00bb button_one_text_size_tablet=\u00bb16px\u00bb button_one_text_size_phone=\u00bb16px\u00bb button_one_text_size_last_edited=\u00bbon|desktop\u00bb global_colors_info=\u00bb{}\u00bb][\/dsm_button][\/et_pb_column][et_pb_column type=\u00bb1_4&#8243; _builder_version=\u00bb4.16&#8243; _module_preset=\u00bbdefault\u00bb global_colors_info=\u00bb{}\u00bb][et_pb_blurb title=\u00bbReto 4&#8243; url=\u00bbhttps:\/\/www.missionsvalencia.eu\/cpivalencia\/reto-4-economia-valenciana-circular-y-sostenible\/\u00bb url_new_window=\u00bbon\u00bb image=\u00bbhttps:\/\/www.missionsvalencia.eu\/cpivalencia\/wp-content\/uploads\/2022\/04\/economia-circular.png\u00bb image_icon_width=\u00bb75%\u00bb _builder_version=\u00bb4.16&#8243; _module_preset=\u00bbdefault\u00bb header_text_align=\u00bbcenter\u00bb header_text_color=\u00bb#4eaa4a\u00bb header_line_height=\u00bb1.3em\u00bb body_font_size=\u00bb14px\u00bb body_line_height=\u00bb1.4em\u00bb text_orientation=\u00bbcenter\u00bb custom_margin=\u00bb||16px|||\u00bb image_max_width=\u00bb75%\u00bb global_colors_info=\u00bb{}\u00bb border_radii_image__hover_enabled=\u00bboff|desktop\u00bb border_radii_image__hover=\u00bbon||||\u00bb]<\/p>\n<h5>Econom\u00eda valenciana circular y sostenible<\/h5>\n<p>[\/et_pb_blurb][dsm_button button_one_text=\u00bbResultados CPM\u00bb button_one_image_popup=\u00bbon\u00bb button_one_image_src=\u00bbhttps:\/\/www.missionsvalencia.eu\/cpivalencia\/wp-content\/uploads\/2023\/02\/Analisis-Reto-4-scaled.jpg\u00bb button_alignment=\u00bbcenter\u00bb separator_gap_tablet=\u00bb\u00bb separator_gap_phone=\u00bb\u00bb separator_gap_last_edited=\u00bbon|desktop\u00bb _builder_version=\u00bb4.17.4&#8243; _module_preset=\u00bbdefault\u00bb separator_text_font_size=\u00bb10px\u00bb custom_button_one=\u00bbon\u00bb button_one_text_size=\u00bb16px\u00bb separator_text_font_size_tablet=\u00bb10px\u00bb separator_text_font_size_phone=\u00bb10px\u00bb separator_text_font_size_last_edited=\u00bbon|desktop\u00bb button_one_text_size_tablet=\u00bb16px\u00bb button_one_text_size_phone=\u00bb16px\u00bb button_one_text_size_last_edited=\u00bbon|desktop\u00bb global_colors_info=\u00bb{}\u00bb][\/dsm_button][\/et_pb_column][\/et_pb_row][et_pb_row column_structure=\u00bb1_4,1_4,1_4,1_4&#8243; custom_padding_last_edited=\u00bbon|phone\u00bb _builder_version=\u00bb4.16&#8243; _module_preset=\u00bbdefault\u00bb custom_padding=\u00bb||42px|||\u00bb custom_padding_tablet=\u00bb\u00bb custom_padding_phone=\u00bb||0px||false|false\u00bb scroll_vertical_motion_enable=\u00bbon\u00bb scroll_vertical_motion=\u00bb0|50|50|100|1|0|0&#8243; global_colors_info=\u00bb{}\u00bb][et_pb_column type=\u00bb1_4&#8243; _builder_version=\u00bb4.16&#8243; _module_preset=\u00bbdefault\u00bb global_colors_info=\u00bb{}\u00bb][et_pb_blurb title=\u00bbReto 5&#8243; url=\u00bbhttps:\/\/www.missionsvalencia.eu\/cpivalencia\/reto-5-renaturalizacion\/\u00bb url_new_window=\u00bbon\u00bb image=\u00bbhttps:\/\/www.missionsvalencia.eu\/cpivalencia\/wp-content\/uploads\/2022\/04\/Imagen-cpivlc5.png\u00bb image_icon_width=\u00bb75%\u00bb _builder_version=\u00bb4.16&#8243; _module_preset=\u00bbdefault\u00bb header_text_align=\u00bbcenter\u00bb header_text_color=\u00bb#4eaa4a\u00bb header_line_height=\u00bb1.3em\u00bb body_font_size=\u00bb14px\u00bb body_line_height=\u00bb1.4em\u00bb text_orientation=\u00bbcenter\u00bb custom_margin=\u00bb||32px|||\u00bb image_max_width=\u00bb75%\u00bb global_colors_info=\u00bb{}\u00bb border_radii_image__hover_enabled=\u00bboff|desktop\u00bb border_radii_image__hover=\u00bbon||||\u00bb]<\/p>\n<h5>Renaturalizaci\u00f3n<\/h5>\n<p>[\/et_pb_blurb][dsm_button button_one_text=\u00bbResultados CPM\u00bb button_one_image_popup=\u00bbon\u00bb button_one_image_src=\u00bbhttps:\/\/www.missionsvalencia.eu\/cpivalencia\/wp-content\/uploads\/2023\/02\/Analisis-Reto-5-scaled.jpg\u00bb button_alignment=\u00bbcenter\u00bb separator_gap_tablet=\u00bb\u00bb separator_gap_phone=\u00bb\u00bb separator_gap_last_edited=\u00bbon|desktop\u00bb _builder_version=\u00bb4.17.4&#8243; _module_preset=\u00bbdefault\u00bb separator_text_font_size=\u00bb10px\u00bb custom_button_one=\u00bbon\u00bb button_one_text_size=\u00bb16px\u00bb separator_text_font_size_tablet=\u00bb10px\u00bb separator_text_font_size_phone=\u00bb10px\u00bb separator_text_font_size_last_edited=\u00bbon|desktop\u00bb button_one_text_size_tablet=\u00bb16px\u00bb button_one_text_size_phone=\u00bb16px\u00bb button_one_text_size_last_edited=\u00bbon|desktop\u00bb global_colors_info=\u00bb{}\u00bb][\/dsm_button][\/et_pb_column][et_pb_column type=\u00bb1_4&#8243; _builder_version=\u00bb4.16&#8243; _module_preset=\u00bbdefault\u00bb global_colors_info=\u00bb{}\u00bb][et_pb_blurb title=\u00bbReto 6&#8243; url=\u00bbhttps:\/\/www.missionsvalencia.eu\/cpivalencia\/reto-6-resiliencia-y-adaptacion\/\u00bb url_new_window=\u00bbon\u00bb image=\u00bbhttps:\/\/www.missionsvalencia.eu\/cpivalencia\/wp-content\/uploads\/2022\/04\/Imagen-cpivlc6.png\u00bb image_icon_width=\u00bb75%\u00bb _builder_version=\u00bb4.16&#8243; _module_preset=\u00bbdefault\u00bb header_text_align=\u00bbcenter\u00bb header_text_color=\u00bb#4eaa4a\u00bb header_line_height=\u00bb1.3em\u00bb body_font_size=\u00bb14px\u00bb body_line_height=\u00bb1.4em\u00bb text_orientation=\u00bbcenter\u00bb custom_margin=\u00bb||32px|||\u00bb image_max_width=\u00bb75%\u00bb global_colors_info=\u00bb{}\u00bb border_radii_image__hover_enabled=\u00bboff|desktop\u00bb border_radii_image__hover=\u00bbon||||\u00bb]<\/p>\n<h5>Resiliencia y adaptaci\u00f3n<\/h5>\n<p>[\/et_pb_blurb][dsm_button button_one_text=\u00bbResultados CPM\u00bb button_one_image_popup=\u00bbon\u00bb button_one_image_src=\u00bbhttps:\/\/www.missionsvalencia.eu\/cpivalencia\/wp-content\/uploads\/2023\/02\/Analisis-Reto-6-scaled.jpg\u00bb button_alignment=\u00bbcenter\u00bb separator_gap_tablet=\u00bb\u00bb separator_gap_phone=\u00bb\u00bb separator_gap_last_edited=\u00bbon|desktop\u00bb _builder_version=\u00bb4.17.4&#8243; _module_preset=\u00bbdefault\u00bb separator_text_font_size=\u00bb10px\u00bb custom_button_one=\u00bbon\u00bb button_one_text_size=\u00bb16px\u00bb separator_text_font_size_tablet=\u00bb10px\u00bb separator_text_font_size_phone=\u00bb10px\u00bb separator_text_font_size_last_edited=\u00bbon|desktop\u00bb button_one_text_size_tablet=\u00bb16px\u00bb button_one_text_size_phone=\u00bb16px\u00bb button_one_text_size_last_edited=\u00bbon|desktop\u00bb global_colors_info=\u00bb{}\u00bb][\/dsm_button][\/et_pb_column][et_pb_column type=\u00bb1_4&#8243; _builder_version=\u00bb4.16&#8243; _module_preset=\u00bbdefault\u00bb global_colors_info=\u00bb{}\u00bb][et_pb_blurb title=\u00bbReto 7&#8243; url=\u00bbhttps:\/\/www.missionsvalencia.eu\/cpivalencia\/reto-7-gobernanza-inteligente\/\u00bb url_new_window=\u00bbon\u00bb image=\u00bbhttps:\/\/www.missionsvalencia.eu\/cpivalencia\/wp-content\/uploads\/2022\/04\/Imagen-cpivlc7.png\u00bb image_icon_width=\u00bb75%\u00bb _builder_version=\u00bb4.16&#8243; _module_preset=\u00bbdefault\u00bb header_text_align=\u00bbcenter\u00bb header_text_color=\u00bb#4eaa4a\u00bb header_line_height=\u00bb1.3em\u00bb body_font_size=\u00bb14px\u00bb body_line_height=\u00bb1.4em\u00bb text_orientation=\u00bbcenter\u00bb custom_margin=\u00bb||32px|||\u00bb image_max_width=\u00bb75%\u00bb global_colors_info=\u00bb{}\u00bb border_radii_image__hover_enabled=\u00bboff|desktop\u00bb border_radii_image__hover=\u00bbon||||\u00bb]<\/p>\n<h5>Gobernanza inteligente<\/h5>\n<p>[\/et_pb_blurb][dsm_button button_one_text=\u00bbResultados CPM\u00bb button_one_image_popup=\u00bbon\u00bb button_one_image_src=\u00bbhttps:\/\/www.missionsvalencia.eu\/cpivalencia\/wp-content\/uploads\/2023\/02\/Analisis-Reto-7-scaled.jpg\u00bb button_alignment=\u00bbcenter\u00bb separator_gap_tablet=\u00bb\u00bb separator_gap_phone=\u00bb\u00bb separator_gap_last_edited=\u00bbon|desktop\u00bb _builder_version=\u00bb4.17.4&#8243; _module_preset=\u00bbdefault\u00bb separator_text_font_size=\u00bb10px\u00bb custom_button_one=\u00bbon\u00bb button_one_text_size=\u00bb16px\u00bb separator_text_font_size_tablet=\u00bb10px\u00bb separator_text_font_size_phone=\u00bb10px\u00bb separator_text_font_size_last_edited=\u00bbon|desktop\u00bb button_one_text_size_tablet=\u00bb16px\u00bb button_one_text_size_phone=\u00bb16px\u00bb button_one_text_size_last_edited=\u00bbon|desktop\u00bb global_colors_info=\u00bb{}\u00bb][\/dsm_button][\/et_pb_column][et_pb_column type=\u00bb1_4&#8243; _builder_version=\u00bb4.16&#8243; _module_preset=\u00bbdefault\u00bb global_colors_info=\u00bb{}\u00bb][et_pb_blurb title=\u00bbReto 8&#8243; url=\u00bbhttps:\/\/www.missionsvalencia.eu\/cpivalencia\/reto-8-implicacion-social\/\u00bb url_new_window=\u00bbon\u00bb image=\u00bbhttps:\/\/www.missionsvalencia.eu\/cpivalencia\/wp-content\/uploads\/2022\/04\/Imagen-cpivlc8.png\u00bb image_icon_width=\u00bb75%\u00bb _builder_version=\u00bb4.16&#8243; _module_preset=\u00bbdefault\u00bb header_text_align=\u00bbcenter\u00bb header_text_color=\u00bb#4eaa4a\u00bb header_line_height=\u00bb1.3em\u00bb body_font_size=\u00bb14px\u00bb body_line_height=\u00bb1.4em\u00bb text_orientation=\u00bbcenter\u00bb custom_margin=\u00bb||32px|||\u00bb image_max_width=\u00bb75%\u00bb global_colors_info=\u00bb{}\u00bb border_radii_image__hover_enabled=\u00bboff|desktop\u00bb border_radii_image__hover=\u00bbon||||\u00bb]<\/p>\n<h5>Implicaci\u00f3n social<\/h5>\n<p>[\/et_pb_blurb][dsm_button button_one_text=\u00bbResultados CPM\u00bb button_one_image_popup=\u00bbon\u00bb button_one_image_src=\u00bbhttps:\/\/www.missionsvalencia.eu\/cpivalencia\/wp-content\/uploads\/2023\/02\/Analisis-Reto-8-scaled.jpg\u00bb button_alignment=\u00bbcenter\u00bb separator_gap_tablet=\u00bb\u00bb separator_gap_phone=\u00bb\u00bb separator_gap_last_edited=\u00bbon|desktop\u00bb _builder_version=\u00bb4.17.4&#8243; _module_preset=\u00bbdefault\u00bb separator_text_font_size=\u00bb10px\u00bb custom_button_one=\u00bbon\u00bb button_one_text_size=\u00bb16px\u00bb separator_text_font_size_tablet=\u00bb10px\u00bb separator_text_font_size_phone=\u00bb10px\u00bb separator_text_font_size_last_edited=\u00bbon|desktop\u00bb button_one_text_size_tablet=\u00bb16px\u00bb button_one_text_size_phone=\u00bb16px\u00bb button_one_text_size_last_edited=\u00bbon|desktop\u00bb global_colors_info=\u00bb{}\u00bb][\/dsm_button][\/et_pb_column][\/et_pb_row][et_pb_row _builder_version=\u00bb4.17.4&#8243; _module_preset=\u00bbdefault\u00bb custom_padding=\u00bb64px|||||\u00bb global_colors_info=\u00bb{}\u00bb][et_pb_column type=\u00bb4_4&#8243; _builder_version=\u00bb4.17.4&#8243; _module_preset=\u00bbdefault\u00bb global_colors_info=\u00bb{}\u00bb][et_pb_text _builder_version=\u00bb4.17.4&#8243; _module_preset=\u00bbdefault\u00bb global_colors_info=\u00bb{}\u00bb]<\/p>\n<h2>Clipping de la jornada<\/h2>\n<p>[\/et_pb_text][dsm_icon_list list_space_between=\u00bb15px\u00bb list_space_between_tablet=\u00bb15px\u00bb list_space_between_phone=\u00bb15px\u00bb list_space_between_last_edited=\u00bbon|desktop\u00bb _builder_version=\u00bb4.17.4&#8243; _module_preset=\u00bbdefault\u00bb text_font_size=\u00bb16px\u00bb text_font_size_tablet=\u00bb16px\u00bb text_font_size_phone=\u00bb16px\u00bb text_font_size_last_edited=\u00bbon|desktop\u00bb global_colors_info=\u00bb{}\u00bb icon_background_color__hover_enabled=\u00bbon|desktop\u00bb][dsm_icon_list_child text=\u00bbPresentaci\u00f3n Resultados Consulta Preliminar de Compra P\u00fablica de Innovaci\u00f3n (Las Naves)\u00bb font_icon=\u00bb&#xe02b;||divi||400&#8243; icon_color=\u00bb#ffffff\u00bb icon_background_color=\u00bb#222222&#8243; icon_padding=\u00bb8px\u00bb icon_font_size=\u00bb19px\u00bb url=\u00bbhttps:\/\/innovacion.upv.es\/es\/presentacion-resultados-consulta-preliminar-de-compra-publica-de-innovacion\/\u00bb url_new_window=\u00bbon\u00bb text_indent=\u00bb11px\u00bb icon_padding_tablet=\u00bb8px\u00bb icon_padding_phone=\u00bb8px\u00bb icon_padding_last_edited=\u00bbon|desktop\u00bb icon_font_size_tablet=\u00bb19px\u00bb icon_font_size_phone=\u00bb19px\u00bb icon_font_size_last_edited=\u00bbon|desktop\u00bb text_indent_tablet=\u00bb11px\u00bb text_indent_phone=\u00bb11px\u00bb text_indent_last_edited=\u00bbon|desktop\u00bb _builder_version=\u00bb4.17.4&#8243; _module_preset=\u00bbdefault\u00bb background_enable_color=\u00bboff\u00bb custom_margin=\u00bb||||false|false\u00bb custom_margin_tablet=\u00bb||||false|false\u00bb custom_margin_phone=\u00bb||||false|false\u00bb custom_margin_last_edited=\u00bbon|desktop\u00bb custom_padding=\u00bb||||false|false\u00bb custom_padding_tablet=\u00bb||||false|false\u00bb custom_padding_phone=\u00bb||||false|false\u00bb custom_padding_last_edited=\u00bbon|desktop\u00bb border_radii_icon=\u00bbon|194px|194px|194px|194px\u00bb box_shadow_style_icon=\u00bbpreset3&#8243; box_shadow_vertical_icon=\u00bb8px\u00bb box_shadow_blur_icon=\u00bb9px\u00bb box_shadow_spread_icon=\u00bb-4px\u00bb box_shadow_vertical_icon_tablet=\u00bb8px\u00bb box_shadow_vertical_icon_phone=\u00bb8px\u00bb box_shadow_vertical_icon_last_edited=\u00bbon|desktop\u00bb global_colors_info=\u00bb{}\u00bb icon_background_color__hover_enabled=\u00bbon|hover\u00bb icon_background_color__hover=\u00bb#353535&#8243;][\/dsm_icon_list_child][dsm_icon_list_child text=\u00bbVal\u00e8ncia presenta los resultados de la CPM y adelanta los 6 \u00e1mbitos de inter\u00e9s de los futuros procesos de licitaci\u00f3n de Compra P\u00fablica de innovaci\u00f3n (UPV Innovaci\u00f3n) \u00bb font_icon=\u00bb&#xe02b;||divi||400&#8243; icon_color=\u00bb#ffffff\u00bb icon_background_color=\u00bb#222222&#8243; icon_padding=\u00bb8px\u00bb icon_font_size=\u00bb19px\u00bb url=\u00bbhttps:\/\/www.lasnaves.com\/valencia-presenta-los-resultados-de-la-cpm-y-adelanta-los-6-ambitos-de-interes-de-los-futuros-procesos-de-licitacion-de-compra-publica-de-innovacion\/?lang=es\u00bb url_new_window=\u00bbon\u00bb text_indent=\u00bb11px\u00bb icon_padding_tablet=\u00bb8px\u00bb icon_padding_phone=\u00bb8px\u00bb icon_padding_last_edited=\u00bbon|desktop\u00bb icon_font_size_tablet=\u00bb19px\u00bb icon_font_size_phone=\u00bb19px\u00bb icon_font_size_last_edited=\u00bbon|desktop\u00bb text_indent_tablet=\u00bb11px\u00bb text_indent_phone=\u00bb11px\u00bb text_indent_last_edited=\u00bbon|desktop\u00bb _builder_version=\u00bb4.17.4&#8243; _module_preset=\u00bbdefault\u00bb background_enable_color=\u00bboff\u00bb custom_margin=\u00bb||||false|false\u00bb custom_margin_tablet=\u00bb||||false|false\u00bb custom_margin_phone=\u00bb||||false|false\u00bb custom_margin_last_edited=\u00bbon|desktop\u00bb custom_padding=\u00bb||||false|false\u00bb custom_padding_tablet=\u00bb||||false|false\u00bb custom_padding_phone=\u00bb||||false|false\u00bb custom_padding_last_edited=\u00bbon|desktop\u00bb border_radii_icon=\u00bbon|194px|194px|194px|194px\u00bb box_shadow_style_icon=\u00bbpreset3&#8243; box_shadow_vertical_icon=\u00bb8px\u00bb box_shadow_blur_icon=\u00bb9px\u00bb box_shadow_spread_icon=\u00bb-4px\u00bb box_shadow_vertical_icon_tablet=\u00bb8px\u00bb box_shadow_vertical_icon_phone=\u00bb8px\u00bb box_shadow_vertical_icon_last_edited=\u00bbon|desktop\u00bb global_colors_info=\u00bb{}\u00bb icon_background_color__hover_enabled=\u00bbon|hover\u00bb icon_background_color__hover=\u00bb#353535&#8243;][\/dsm_icon_list_child][\/dsm_icon_list][\/et_pb_column][\/et_pb_row][\/et_pb_section][et_pb_section fb_built=\u00bb1&#8243; _builder_version=\u00bb4.17.4&#8243; _module_preset=\u00bbdefault\u00bb background_color_gradient_direction=\u00bb113deg\u00bb background_image=\u00bbhttps:\/\/www.missionsvalencia.eu\/cpivalencia\/wp-content\/uploads\/2022\/04\/VLC-Fondo-1.svg\u00bb parallax=\u00bbon\u00bb parallax_method=\u00bboff\u00bb module_alignment=\u00bbcenter\u00bb custom_padding=\u00bb65px||65px||true|\u00bb background_last_edited=\u00bbon|phone\u00bb global_colors_info=\u00bb{}\u00bb][et_pb_row _builder_version=\u00bb4.16&#8243; _module_preset=\u00bbdefault\u00bb global_colors_info=\u00bb{}\u00bb][et_pb_column type=\u00bb4_4&#8243; _builder_version=\u00bb4.16&#8243; _module_preset=\u00bbdefault\u00bb global_colors_info=\u00bb{}\u00bb][et_pb_text _builder_version=\u00bb4.17.4&#8243; _module_preset=\u00bbdefault\u00bb header_text_align=\u00bbcenter\u00bb header_text_color=\u00bb#f2f2f2&#8243; header_font_size=\u00bb40px\u00bb text_font_size_tablet=\u00bb\u00bb text_font_size_phone=\u00bb17px\u00bb text_font_size_last_edited=\u00bbon|phone\u00bb header_font_size_tablet=\u00bb\u00bb header_font_size_phone=\u00bb29px\u00bb header_font_size_last_edited=\u00bbon|phone\u00bb global_colors_info=\u00bb{}\u00bb]<\/p>\n<h2 style=\"text-align: center; color: #f2f2f2; font-size: 40px;\">\u00bfQu\u00e9 son las Consultas Preliminares de Mercado?<\/h2>\n<p>[\/et_pb_text][et_pb_text _builder_version=\u00bb4.16&#8243; _module_preset=\u00bbdefault\u00bb text_text_color=\u00bb#f2f2f2&#8243; text_orientation=\u00bbcenter\u00bb text_font_size_tablet=\u00bb\u00bb text_font_size_phone=\u00bb16px\u00bb text_font_size_last_edited=\u00bbon|phone\u00bb global_colors_info=\u00bb{}\u00bb]<\/p>\n<p>Son consultas p\u00fablicas dirigidas a los operadores econ\u00f3micos, tejido acad\u00e9mico, investigador o cualquier otro agente interesado a fin de recopilar informaci\u00f3n sobre c\u00f3mo poder abordar los retos planteados en el marco de los procesos de Compra P\u00fablica de Innovaci\u00f3n con el objetivo de conocer el grado de madurez de las soluciones y lograr, as\u00ed, preparar correctamente las posibles licitaciones CPI que se deriven de este proceso.<\/p>\n<p>Se trata de un procedimiento abierto y transparente cuya participaci\u00f3n no impide la posterior intervenci\u00f3n en los procedimientos de contrataci\u00f3n que puedan acontecer.<\/p>\n<p>[\/et_pb_text][\/et_pb_column][\/et_pb_row][\/et_pb_section]<\/p>\n","protected":false},"excerpt":{"rendered":"<p>Consulta Preliminar de Mercado (CPM) orientada a la Misi\u00f3n Clim\u00e1tica Val\u00e8ncia 2030Tras la elaboraci\u00f3n y presentaci\u00f3n de nuestro Mapa de Demanda Temprana en julio del a\u00f1o 2021, fruto del trabajo colaborativo de agentes de todas las h\u00e9lices de innovaci\u00f3n de la ciudad y el territorio, nos encontr\u00e1bamos ante un inmenso reto: \u00bfc\u00f3mo priorizar los 54 [&hellip;]<\/p>\n","protected":false},"author":1,"featured_media":0,"parent":0,"menu_order":0,"comment_status":"closed","ping_status":"closed","template":"","meta":{"_et_pb_use_builder":"on","_et_pb_old_content":"","_et_gb_content_width":"","inline_featured_image":false},"yoast_head":"<!-- This site is optimized with the Yoast SEO plugin v19.3 - https:\/\/yoast.com\/wordpress\/plugins\/seo\/ -->\n<title>Consulta Preliminar al Mercado - CPI Val&egrave;ncia<\/title>\n<meta name=\"robots\" content=\"index, follow, max-snippet:-1, max-image-preview:large, max-video-preview:-1\" \/>\n<link rel=\"canonical\" href=\"https:\/\/www.missionsvalencia.eu\/cpivalencia\/consulta-preliminar-al-mercado\/\" \/>\n<meta property=\"og:locale\" content=\"es_ES\" \/>\n<meta property=\"og:type\" content=\"article\" \/>\n<meta property=\"og:title\" content=\"Consulta Preliminar al Mercado - CPI Val&egrave;ncia\" \/>\n<meta property=\"og:description\" content=\"Consulta Preliminar de Mercado (CPM) orientada a la Misi\u00f3n Clim\u00e1tica Val\u00e8ncia 2030Tras la elaboraci\u00f3n y presentaci\u00f3n de nuestro Mapa de Demanda Temprana en julio del a\u00f1o 2021, fruto del trabajo colaborativo de agentes de todas las h\u00e9lices de innovaci\u00f3n de la ciudad y el territorio, nos encontr\u00e1bamos ante un inmenso reto: \u00bfc\u00f3mo priorizar los 54 [&hellip;]\" \/>\n<meta property=\"og:url\" content=\"https:\/\/www.missionsvalencia.eu\/cpivalencia\/consulta-preliminar-al-mercado\/\" \/>\n<meta property=\"og:site_name\" content=\"CPI Val&egrave;ncia\" \/>\n<meta property=\"article:publisher\" content=\"https:\/\/www.facebook.com\/LasNavesINN\" \/>\n<meta property=\"article:modified_time\" content=\"2023-04-20T11:28:46+00:00\" \/>\n<meta property=\"og:image\" content=\"https:\/\/www.missionsvalencia.eu\/cpivalencia\/wp-content\/uploads\/2021\/08\/CPI_vlc_logo_color.png\" \/>\n\t<meta property=\"og:image:width\" content=\"842\" \/>\n\t<meta property=\"og:image:height\" content=\"596\" \/>\n\t<meta property=\"og:image:type\" content=\"image\/png\" \/>\n<meta name=\"twitter:card\" content=\"summary_large_image\" \/>\n<meta name=\"twitter:site\" content=\"@lasnavesINN\" \/>\n<script type=\"application\/ld+json\" class=\"yoast-schema-graph\">{\"@context\":\"https:\/\/schema.org\",\"@graph\":[{\"@type\":\"Organization\",\"@id\":\"https:\/\/www.missionsvalencia.eu\/cpivalencia\/#organization\",\"name\":\"COMPRA P\u00daBLICA DE INNOVACI\u00d3N - CPI Val\u00e8ncia\",\"url\":\"https:\/\/www.missionsvalencia.eu\/cpivalencia\/\",\"sameAs\":[\"https:\/\/www.instagram.com\/LASNAVES\/\",\"https:\/\/www.facebook.com\/LasNavesINN\",\"https:\/\/twitter.com\/lasnavesINN\"],\"logo\":{\"@type\":\"ImageObject\",\"inLanguage\":\"es\",\"@id\":\"https:\/\/www.missionsvalencia.eu\/cpivalencia\/#\/schema\/logo\/image\/\",\"url\":\"https:\/\/www.missionsvalencia.eu\/cpivalencia\/wp-content\/uploads\/2021\/07\/CPI_vlc_logo_color.png\",\"contentUrl\":\"https:\/\/www.missionsvalencia.eu\/cpivalencia\/wp-content\/uploads\/2021\/07\/CPI_vlc_logo_color.png\",\"width\":842,\"height\":596,\"caption\":\"COMPRA P\u00daBLICA DE INNOVACI\u00d3N - CPI Val\u00e8ncia\"},\"image\":{\"@id\":\"https:\/\/www.missionsvalencia.eu\/cpivalencia\/#\/schema\/logo\/image\/\"}},{\"@type\":\"WebSite\",\"@id\":\"https:\/\/www.missionsvalencia.eu\/cpivalencia\/#website\",\"url\":\"https:\/\/www.missionsvalencia.eu\/cpivalencia\/\",\"name\":\"CPI Val&egrave;ncia\",\"description\":\"Compra P&uacute;blica de Innovaci&oacute;n dirigida a Val&egrave;ncia, una herramienta de innovaci&oacute;n.\",\"publisher\":{\"@id\":\"https:\/\/www.missionsvalencia.eu\/cpivalencia\/#organization\"},\"potentialAction\":[{\"@type\":\"SearchAction\",\"target\":{\"@type\":\"EntryPoint\",\"urlTemplate\":\"https:\/\/www.missionsvalencia.eu\/cpivalencia\/?s={search_term_string}\"},\"query-input\":\"required name=search_term_string\"}],\"inLanguage\":\"es\"},{\"@type\":\"WebPage\",\"@id\":\"https:\/\/www.missionsvalencia.eu\/cpivalencia\/consulta-preliminar-al-mercado\/\",\"url\":\"https:\/\/www.missionsvalencia.eu\/cpivalencia\/consulta-preliminar-al-mercado\/\",\"name\":\"Consulta Preliminar al Mercado - CPI Val&egrave;ncia\",\"isPartOf\":{\"@id\":\"https:\/\/www.missionsvalencia.eu\/cpivalencia\/#website\"},\"datePublished\":\"2022-04-04T11:18:09+00:00\",\"dateModified\":\"2023-04-20T11:28:46+00:00\",\"breadcrumb\":{\"@id\":\"https:\/\/www.missionsvalencia.eu\/cpivalencia\/consulta-preliminar-al-mercado\/#breadcrumb\"},\"inLanguage\":\"es\",\"potentialAction\":[{\"@type\":\"ReadAction\",\"target\":[\"https:\/\/www.missionsvalencia.eu\/cpivalencia\/consulta-preliminar-al-mercado\/\"]}]},{\"@type\":\"BreadcrumbList\",\"@id\":\"https:\/\/www.missionsvalencia.eu\/cpivalencia\/consulta-preliminar-al-mercado\/#breadcrumb\",\"itemListElement\":[{\"@type\":\"ListItem\",\"position\":1,\"name\":\"Portada\",\"item\":\"https:\/\/www.missionsvalencia.eu\/cpivalencia\/\"},{\"@type\":\"ListItem\",\"position\":2,\"name\":\"Consulta Preliminar al Mercado\"}]}]}<\/script>\n<!-- \/ Yoast SEO plugin. -->","yoast_head_json":{"title":"Consulta Preliminar al Mercado - CPI Val&egrave;ncia","robots":{"index":"index","follow":"follow","max-snippet":"max-snippet:-1","max-image-preview":"max-image-preview:large","max-video-preview":"max-video-preview:-1"},"canonical":"https:\/\/www.missionsvalencia.eu\/cpivalencia\/consulta-preliminar-al-mercado\/","og_locale":"es_ES","og_type":"article","og_title":"Consulta Preliminar al Mercado - CPI Val&egrave;ncia","og_description":"Consulta Preliminar de Mercado (CPM) orientada a la Misi\u00f3n Clim\u00e1tica Val\u00e8ncia 2030Tras la elaboraci\u00f3n y presentaci\u00f3n de nuestro Mapa de Demanda Temprana en julio del a\u00f1o 2021, fruto del trabajo colaborativo de agentes de todas las h\u00e9lices de innovaci\u00f3n de la ciudad y el territorio, nos encontr\u00e1bamos ante un inmenso reto: \u00bfc\u00f3mo priorizar los 54 [&hellip;]","og_url":"https:\/\/www.missionsvalencia.eu\/cpivalencia\/consulta-preliminar-al-mercado\/","og_site_name":"CPI Val&egrave;ncia","article_publisher":"https:\/\/www.facebook.com\/LasNavesINN","article_modified_time":"2023-04-20T11:28:46+00:00","og_image":[{"width":842,"height":596,"url":"https:\/\/www.missionsvalencia.eu\/cpivalencia\/wp-content\/uploads\/2021\/08\/CPI_vlc_logo_color.png","type":"image\/png"}],"twitter_card":"summary_large_image","twitter_site":"@lasnavesINN","schema":{"@context":"https:\/\/schema.org","@graph":[{"@type":"Organization","@id":"https:\/\/www.missionsvalencia.eu\/cpivalencia\/#organization","name":"COMPRA P\u00daBLICA DE INNOVACI\u00d3N - CPI Val\u00e8ncia","url":"https:\/\/www.missionsvalencia.eu\/cpivalencia\/","sameAs":["https:\/\/www.instagram.com\/LASNAVES\/","https:\/\/www.facebook.com\/LasNavesINN","https:\/\/twitter.com\/lasnavesINN"],"logo":{"@type":"ImageObject","inLanguage":"es","@id":"https:\/\/www.missionsvalencia.eu\/cpivalencia\/#\/schema\/logo\/image\/","url":"https:\/\/www.missionsvalencia.eu\/cpivalencia\/wp-content\/uploads\/2021\/07\/CPI_vlc_logo_color.png","contentUrl":"https:\/\/www.missionsvalencia.eu\/cpivalencia\/wp-content\/uploads\/2021\/07\/CPI_vlc_logo_color.png","width":842,"height":596,"caption":"COMPRA P\u00daBLICA DE INNOVACI\u00d3N - CPI Val\u00e8ncia"},"image":{"@id":"https:\/\/www.missionsvalencia.eu\/cpivalencia\/#\/schema\/logo\/image\/"}},{"@type":"WebSite","@id":"https:\/\/www.missionsvalencia.eu\/cpivalencia\/#website","url":"https:\/\/www.missionsvalencia.eu\/cpivalencia\/","name":"CPI Val&egrave;ncia","description":"Compra P&uacute;blica de Innovaci&oacute;n dirigida a Val&egrave;ncia, una herramienta de innovaci&oacute;n.","publisher":{"@id":"https:\/\/www.missionsvalencia.eu\/cpivalencia\/#organization"},"potentialAction":[{"@type":"SearchAction","target":{"@type":"EntryPoint","urlTemplate":"https:\/\/www.missionsvalencia.eu\/cpivalencia\/?s={search_term_string}"},"query-input":"required name=search_term_string"}],"inLanguage":"es"},{"@type":"WebPage","@id":"https:\/\/www.missionsvalencia.eu\/cpivalencia\/consulta-preliminar-al-mercado\/","url":"https:\/\/www.missionsvalencia.eu\/cpivalencia\/consulta-preliminar-al-mercado\/","name":"Consulta Preliminar al Mercado - CPI Val&egrave;ncia","isPartOf":{"@id":"https:\/\/www.missionsvalencia.eu\/cpivalencia\/#website"},"datePublished":"2022-04-04T11:18:09+00:00","dateModified":"2023-04-20T11:28:46+00:00","breadcrumb":{"@id":"https:\/\/www.missionsvalencia.eu\/cpivalencia\/consulta-preliminar-al-mercado\/#breadcrumb"},"inLanguage":"es","potentialAction":[{"@type":"ReadAction","target":["https:\/\/www.missionsvalencia.eu\/cpivalencia\/consulta-preliminar-al-mercado\/"]}]},{"@type":"BreadcrumbList","@id":"https:\/\/www.missionsvalencia.eu\/cpivalencia\/consulta-preliminar-al-mercado\/#breadcrumb","itemListElement":[{"@type":"ListItem","position":1,"name":"Portada","item":"https:\/\/www.missionsvalencia.eu\/cpivalencia\/"},{"@type":"ListItem","position":2,"name":"Consulta Preliminar al Mercado"}]}]}},"_links":{"self":[{"href":"https:\/\/www.missionsvalencia.eu\/cpivalencia\/wp-json\/wp\/v2\/pages\/2031"}],"collection":[{"href":"https:\/\/www.missionsvalencia.eu\/cpivalencia\/wp-json\/wp\/v2\/pages"}],"about":[{"href":"https:\/\/www.missionsvalencia.eu\/cpivalencia\/wp-json\/wp\/v2\/types\/page"}],"author":[{"embeddable":true,"href":"https:\/\/www.missionsvalencia.eu\/cpivalencia\/wp-json\/wp\/v2\/users\/1"}],"replies":[{"embeddable":true,"href":"https:\/\/www.missionsvalencia.eu\/cpivalencia\/wp-json\/wp\/v2\/comments?post=2031"}],"version-history":[{"count":93,"href":"https:\/\/www.missionsvalencia.eu\/cpivalencia\/wp-json\/wp\/v2\/pages\/2031\/revisions"}],"predecessor-version":[{"id":2737,"href":"https:\/\/www.missionsvalencia.eu\/cpivalencia\/wp-json\/wp\/v2\/pages\/2031\/revisions\/2737"}],"wp:attachment":[{"href":"https:\/\/www.missionsvalencia.eu\/cpivalencia\/wp-json\/wp\/v2\/media?parent=2031"}],"curies":[{"name":"wp","href":"https:\/\/api.w.org\/{rel}","templated":true}]}}